{"id":14636,"date":"2025-02-25T20:21:22","date_gmt":"2025-02-25T19:21:22","guid":{"rendered":"https:\/\/www.ebp.be\/?post_type=speakers&#038;p=14636"},"modified":"2026-04-20T12:57:50","modified_gmt":"2026-04-20T11:57:50","slug":"jerome-aass","status":"publish","type":"speakers","link":"https:\/\/www.ebp.be\/fr\/speakers\/jerome-aass\/","title":{"rendered":"J\u00e9r\u00f4me Aass"},"content":{"rendered":"\t\t<div data-elementor-type=\"wp-post\" data-elementor-id=\"14636\" class=\"elementor elementor-14636\" data-elementor-post-type=\"speakers\">\n\t\t\t\t<div class=\"elementor-element elementor-element-5570ad1f e-flex e-con-boxed e-con e-parent\" data-id=\"5570ad1f\" data-element_type=\"container\" data-e-type=\"container\">\n\t\t\t\t\t<div class=\"e-con-inner\">\n\t\t\t\t<div class=\"elementor-element elementor-element-19cb92c5 elementor-widget elementor-widget-text-editor\" data-id=\"19cb92c5\" data-element_type=\"widget\" data-e-type=\"widget\" data-widget_type=\"text-editor.default\">\n\t\t\t\t<div class=\"elementor-widget-container\">\n\t\t\t\t\t\t\t\t\t<p>La Chambre des repr\u00e9sentants (Belgique) a nomm\u00e9 J\u00e9r\u00f4me Aass M\u00e9diateur f\u00e9d\u00e9ral francophone au sein du Coll\u00e8ge des M\u00e9diateurs f\u00e9d\u00e9raux le 14 janvier 2021. Il a pr\u00eat\u00e9 serment et est donc entr\u00e9 officiellement en fonctions le 1er mars 2021.<\/p><p>J\u00e9r\u00f4me Aass est juriste de formation. Il est titulaire d\u2019une Licence en droit de l\u2019UCLouvain (option \u00e9conomique et sociale) et d\u2019un Certificat de droit international de l\u2019Universit\u00e9 de Leyde (Rijksuniversiteit te Leiden, Pays-Bas). Il allait entamer la seconde ann\u00e9e du Dipl\u00f4me d\u2019\u00e9tudes sp\u00e9cialis\u00e9es en droit \u00e9conomique \u00e0 l\u2019Universit\u00e9 Libre de Bruxelles lorsqu\u2019il a rejoint les m\u00e9diateurs f\u00e9d\u00e9raux en 1997. Il a \u00e9galement suivi des formations en m\u00e9diation.<\/p><p>Il a d\u00e9but\u00e9 sa carri\u00e8re comme avocat, aux barreaux de Luxembourg puis de Bruxelles de 1993 \u00e0 1997.<\/p><p>Convaincu de l\u2019utilit\u00e9 et de l\u2019efficacit\u00e9 de la m\u00e9diation institutionnelle, il a assist\u00e9 les m\u00e9diateurs f\u00e9d\u00e9raux successifs dans l\u2019accomplissement de leurs missions. Il a notamment d\u00e9velopp\u00e9 une expertise dans diff\u00e9rentes mati\u00e8res (fiscale, \u00e9conomique, s\u00e9curit\u00e9 sociale, transports et mobilit\u00e9 et fonctionnaires).<\/p><p>Il a une exp\u00e9rience de coach dans des formations \u00e0 la m\u00e9diation en mati\u00e8re civile et commerciale.<\/p><p>Il a \u00e9t\u00e9 actif au sein de diverses associations (responsable de mouvements de jeunesse, \u00e9cole, asbl. de r\u00e9insertion sociale de personnes handicap\u00e9es).<\/p>\t\t\t\t\t\t\t\t<\/div>\n\t\t\t\t<\/div>\n\t\t\t\t\t<\/div>\n\t\t\t\t<\/div>\n\t\t\t\t<\/div>\n\t\t","protected":false},"excerpt":{"rendered":"<p>Le M\u00e9diateur F\u00e9d\u00e9ral<\/p>\n","protected":false},"featured_media":14638,"template":"","categories":[173,141],"tags":[],"class_list":["post-14636","speakers","type-speakers","status-publish","has-post-thumbnail","hentry","category-2023-cfp-fr","category-orateurs"],"acf":[],"yoast_head":"<!-- This site is optimized with the Yoast SEO plugin v27.4 - https:\/\/yoast.com\/product\/yoast-seo-wordpress\/ -->\n<title>J\u00e9r\u00f4me Aass - EBP Website<\/title>\n<meta name=\"robots\" content=\"index, follow, max-snippet:-1, max-image-preview:large, max-video-preview:-1\" \/>\n<link rel=\"canonical\" href=\"https:\/\/www.ebp.be\/fr\/speakers\/jerome-aass\/\" \/>\n<meta property=\"og:locale\" content=\"fr_FR\" \/>\n<meta property=\"og:type\" content=\"article\" \/>\n<meta property=\"og:title\" content=\"J\u00e9r\u00f4me Aass - EBP Website\" \/>\n<meta property=\"og:description\" content=\"Le M\u00e9diateur F\u00e9d\u00e9ral\" \/>\n<meta property=\"og:url\" content=\"https:\/\/www.ebp.be\/fr\/speakers\/jerome-aass\/\" \/>\n<meta property=\"og:site_name\" content=\"EBP Website\" \/>\n<meta property=\"article:modified_time\" content=\"2026-04-20T11:57:50+00:00\" \/>\n<meta property=\"og:image\" content=\"https:\/\/www.ebp.be\/wp-content\/uploads\/2025\/02\/Jerome_Aass_round.png\" \/>\n\t<meta property=\"og:image:width\" content=\"250\" \/>\n\t<meta property=\"og:image:height\" content=\"250\" \/>\n\t<meta property=\"og:image:type\" content=\"image\/png\" \/>\n<meta name=\"twitter:card\" content=\"summary_large_image\" \/>\n<meta name=\"twitter:label1\" content=\"Dur\u00e9e de lecture estim\u00e9e\" \/>\n\t<meta name=\"twitter:data1\" content=\"2 minutes\" \/>\n<script type=\"application\/ld+json\" class=\"yoast-schema-graph\">{\"@context\":\"https:\\\/\\\/schema.org\",\"@graph\":[{\"@type\":\"WebPage\",\"@id\":\"https:\\\/\\\/www.ebp.be\\\/fr\\\/speakers\\\/jerome-aass\\\/\",\"url\":\"https:\\\/\\\/www.ebp.be\\\/fr\\\/speakers\\\/jerome-aass\\\/\",\"name\":\"J\u00e9r\u00f4me Aass - EBP Website\",\"isPartOf\":{\"@id\":\"https:\\\/\\\/www.ebp.be\\\/fr\\\/#website\"},\"primaryImageOfPage\":{\"@id\":\"https:\\\/\\\/www.ebp.be\\\/fr\\\/speakers\\\/jerome-aass\\\/#primaryimage\"},\"image\":{\"@id\":\"https:\\\/\\\/www.ebp.be\\\/fr\\\/speakers\\\/jerome-aass\\\/#primaryimage\"},\"thumbnailUrl\":\"https:\\\/\\\/www.ebp.be\\\/wp-content\\\/uploads\\\/2025\\\/02\\\/Jerome_Aass_round.png\",\"datePublished\":\"2025-02-25T19:21:22+00:00\",\"dateModified\":\"2026-04-20T11:57:50+00:00\",\"breadcrumb\":{\"@id\":\"https:\\\/\\\/www.ebp.be\\\/fr\\\/speakers\\\/jerome-aass\\\/#breadcrumb\"},\"inLanguage\":\"fr-FR\",\"potentialAction\":[{\"@type\":\"ReadAction\",\"target\":[\"https:\\\/\\\/www.ebp.be\\\/fr\\\/speakers\\\/jerome-aass\\\/\"]}]},{\"@type\":\"ImageObject\",\"inLanguage\":\"fr-FR\",\"@id\":\"https:\\\/\\\/www.ebp.be\\\/fr\\\/speakers\\\/jerome-aass\\\/#primaryimage\",\"url\":\"https:\\\/\\\/www.ebp.be\\\/wp-content\\\/uploads\\\/2025\\\/02\\\/Jerome_Aass_round.png\",\"contentUrl\":\"https:\\\/\\\/www.ebp.be\\\/wp-content\\\/uploads\\\/2025\\\/02\\\/Jerome_Aass_round.png\",\"width\":250,\"height\":250},{\"@type\":\"BreadcrumbList\",\"@id\":\"https:\\\/\\\/www.ebp.be\\\/fr\\\/speakers\\\/jerome-aass\\\/#breadcrumb\",\"itemListElement\":[{\"@type\":\"ListItem\",\"position\":1,\"name\":\"Home\",\"item\":\"https:\\\/\\\/www.ebp.be\\\/fr\\\/\"},{\"@type\":\"ListItem\",\"position\":2,\"name\":\"J\u00e9r\u00f4me Aass\"}]},{\"@type\":\"WebSite\",\"@id\":\"https:\\\/\\\/www.ebp.be\\\/fr\\\/#website\",\"url\":\"https:\\\/\\\/www.ebp.be\\\/fr\\\/\",\"name\":\"EBP Website\",\"description\":\"\",\"publisher\":{\"@id\":\"https:\\\/\\\/www.ebp.be\\\/fr\\\/#organization\"},\"potentialAction\":[{\"@type\":\"SearchAction\",\"target\":{\"@type\":\"EntryPoint\",\"urlTemplate\":\"https:\\\/\\\/www.ebp.be\\\/fr\\\/?s={search_term_string}\"},\"query-input\":{\"@type\":\"PropertyValueSpecification\",\"valueRequired\":true,\"valueName\":\"search_term_string\"}}],\"inLanguage\":\"fr-FR\"},{\"@type\":\"Organization\",\"@id\":\"https:\\\/\\\/www.ebp.be\\\/fr\\\/#organization\",\"name\":\"EBP Website\",\"url\":\"https:\\\/\\\/www.ebp.be\\\/fr\\\/\",\"logo\":{\"@type\":\"ImageObject\",\"inLanguage\":\"fr-FR\",\"@id\":\"https:\\\/\\\/www.ebp.be\\\/fr\\\/#\\\/schema\\\/logo\\\/image\\\/\",\"url\":\"https:\\\/\\\/www.ebp.be\\\/wp-content\\\/uploads\\\/2025\\\/02\\\/EBP_2024_CMYK_500x500.png\",\"contentUrl\":\"https:\\\/\\\/www.ebp.be\\\/wp-content\\\/uploads\\\/2025\\\/02\\\/EBP_2024_CMYK_500x500.png\",\"width\":500,\"height\":500,\"caption\":\"EBP Website\"},\"image\":{\"@id\":\"https:\\\/\\\/www.ebp.be\\\/fr\\\/#\\\/schema\\\/logo\\\/image\\\/\"}}]}<\/script>\n<!-- \/ Yoast SEO plugin. -->","yoast_head_json":{"title":"J\u00e9r\u00f4me Aass - EBP Website","robots":{"index":"index","follow":"follow","max-snippet":"max-snippet:-1","max-image-preview":"max-image-preview:large","max-video-preview":"max-video-preview:-1"},"canonical":"https:\/\/www.ebp.be\/fr\/speakers\/jerome-aass\/","og_locale":"fr_FR","og_type":"article","og_title":"J\u00e9r\u00f4me Aass - EBP Website","og_description":"Le M\u00e9diateur F\u00e9d\u00e9ral","og_url":"https:\/\/www.ebp.be\/fr\/speakers\/jerome-aass\/","og_site_name":"EBP Website","article_modified_time":"2026-04-20T11:57:50+00:00","og_image":[{"width":250,"height":250,"url":"https:\/\/www.ebp.be\/wp-content\/uploads\/2025\/02\/Jerome_Aass_round.png","type":"image\/png"}],"twitter_card":"summary_large_image","twitter_misc":{"Dur\u00e9e de lecture estim\u00e9e":"2 minutes"},"schema":{"@context":"https:\/\/schema.org","@graph":[{"@type":"WebPage","@id":"https:\/\/www.ebp.be\/fr\/speakers\/jerome-aass\/","url":"https:\/\/www.ebp.be\/fr\/speakers\/jerome-aass\/","name":"J\u00e9r\u00f4me Aass - EBP Website","isPartOf":{"@id":"https:\/\/www.ebp.be\/fr\/#website"},"primaryImageOfPage":{"@id":"https:\/\/www.ebp.be\/fr\/speakers\/jerome-aass\/#primaryimage"},"image":{"@id":"https:\/\/www.ebp.be\/fr\/speakers\/jerome-aass\/#primaryimage"},"thumbnailUrl":"https:\/\/www.ebp.be\/wp-content\/uploads\/2025\/02\/Jerome_Aass_round.png","datePublished":"2025-02-25T19:21:22+00:00","dateModified":"2026-04-20T11:57:50+00:00","breadcrumb":{"@id":"https:\/\/www.ebp.be\/fr\/speakers\/jerome-aass\/#breadcrumb"},"inLanguage":"fr-FR","potentialAction":[{"@type":"ReadAction","target":["https:\/\/www.ebp.be\/fr\/speakers\/jerome-aass\/"]}]},{"@type":"ImageObject","inLanguage":"fr-FR","@id":"https:\/\/www.ebp.be\/fr\/speakers\/jerome-aass\/#primaryimage","url":"https:\/\/www.ebp.be\/wp-content\/uploads\/2025\/02\/Jerome_Aass_round.png","contentUrl":"https:\/\/www.ebp.be\/wp-content\/uploads\/2025\/02\/Jerome_Aass_round.png","width":250,"height":250},{"@type":"BreadcrumbList","@id":"https:\/\/www.ebp.be\/fr\/speakers\/jerome-aass\/#breadcrumb","itemListElement":[{"@type":"ListItem","position":1,"name":"Home","item":"https:\/\/www.ebp.be\/fr\/"},{"@type":"ListItem","position":2,"name":"J\u00e9r\u00f4me Aass"}]},{"@type":"WebSite","@id":"https:\/\/www.ebp.be\/fr\/#website","url":"https:\/\/www.ebp.be\/fr\/","name":"EBP Website","description":"","publisher":{"@id":"https:\/\/www.ebp.be\/fr\/#organization"},"potentialAction":[{"@type":"SearchAction","target":{"@type":"EntryPoint","urlTemplate":"https:\/\/www.ebp.be\/fr\/?s={search_term_string}"},"query-input":{"@type":"PropertyValueSpecification","valueRequired":true,"valueName":"search_term_string"}}],"inLanguage":"fr-FR"},{"@type":"Organization","@id":"https:\/\/www.ebp.be\/fr\/#organization","name":"EBP Website","url":"https:\/\/www.ebp.be\/fr\/","logo":{"@type":"ImageObject","inLanguage":"fr-FR","@id":"https:\/\/www.ebp.be\/fr\/#\/schema\/logo\/image\/","url":"https:\/\/www.ebp.be\/wp-content\/uploads\/2025\/02\/EBP_2024_CMYK_500x500.png","contentUrl":"https:\/\/www.ebp.be\/wp-content\/uploads\/2025\/02\/EBP_2024_CMYK_500x500.png","width":500,"height":500,"caption":"EBP Website"},"image":{"@id":"https:\/\/www.ebp.be\/fr\/#\/schema\/logo\/image\/"}}]}},"_links":{"self":[{"href":"https:\/\/www.ebp.be\/fr\/wp-json\/wp\/v2\/speakers\/14636","targetHints":{"allow":["GET"]}}],"collection":[{"href":"https:\/\/www.ebp.be\/fr\/wp-json\/wp\/v2\/speakers"}],"about":[{"href":"https:\/\/www.ebp.be\/fr\/wp-json\/wp\/v2\/types\/speakers"}],"version-history":[{"count":3,"href":"https:\/\/www.ebp.be\/fr\/wp-json\/wp\/v2\/speakers\/14636\/revisions"}],"predecessor-version":[{"id":33986,"href":"https:\/\/www.ebp.be\/fr\/wp-json\/wp\/v2\/speakers\/14636\/revisions\/33986"}],"wp:featuredmedia":[{"embeddable":true,"href":"https:\/\/www.ebp.be\/fr\/wp-json\/wp\/v2\/media\/14638"}],"wp:attachment":[{"href":"https:\/\/www.ebp.be\/fr\/wp-json\/wp\/v2\/media?parent=14636"}],"wp:term":[{"taxonomy":"category","embeddable":true,"href":"https:\/\/www.ebp.be\/fr\/wp-json\/wp\/v2\/categories?post=14636"},{"taxonomy":"post_tag","embeddable":true,"href":"https:\/\/www.ebp.be\/fr\/wp-json\/wp\/v2\/tags?post=14636"}],"curies":[{"name":"wp","href":"https:\/\/api.w.org\/{rel}","templated":true}]}}