{"id":23826,"date":"2025-10-07T12:25:45","date_gmt":"2025-10-07T11:25:45","guid":{"rendered":"https:\/\/www.ebp.be\/?post_type=speakers&#038;p=23826"},"modified":"2026-04-17T13:42:52","modified_gmt":"2026-04-17T12:42:52","slug":"francois-grisay","status":"publish","type":"speakers","link":"https:\/\/www.ebp.be\/fr\/speakers\/francois-grisay\/","title":{"rendered":"Fran\u00e7ois Grisay"},"content":{"rendered":"\t\t<div data-elementor-type=\"wp-post\" data-elementor-id=\"23826\" class=\"elementor elementor-23826\" data-elementor-post-type=\"speakers\">\n\t\t\t\t<div class=\"elementor-element elementor-element-5570ad1f e-flex e-con-boxed e-con e-parent\" data-id=\"5570ad1f\" data-element_type=\"container\" data-e-type=\"container\">\n\t\t\t\t\t<div class=\"e-con-inner\">\n\t\t\t\t<div class=\"elementor-element elementor-element-19cb92c5 elementor-widget elementor-widget-text-editor\" data-id=\"19cb92c5\" data-element_type=\"widget\" data-e-type=\"widget\" data-widget_type=\"text-editor.default\">\n\t\t\t\t<div class=\"elementor-widget-container\">\n\t\t\t\t\t\t\t\t\t<p>Fran\u00e7ois\u00a0est Managing Partner chez\u00a0Solvint, o\u00f9 il accompagne les entreprises dans la\u00a0transformation durable de leurs cha\u00eenes d\u2019approvisionnement.<br \/><br \/>Fort de plus de dix ans d\u2019exp\u00e9rience en\u00a0Strategy &amp; Operations chez PwC Belgique\u00a0et d\u2019un parcours industriel chez\u00a0Nestl\u00e9\u00a0et\u00a0Spadel, il a dirig\u00e9 de nombreux projets en\u00a0planification int\u00e9gr\u00e9e,\u00a0optimisation des stocks,\u00a0digitalisation\u00a0et\u00a0S&amp;OP durable.<\/p><p>Professeur \u00e0 l\u2019ICHEC, il enseigne le\u00a0Supply Chain Management\u00a0et les\u00a0Sustainable Supply Chains.<\/p><p>Dipl\u00f4m\u00e9 en ing\u00e9nierie de gestion et form\u00e9 au\u00a0Big Data &amp; Analytics\u00a0\u00e0 la\u00a0KU Leuven, il allie rigueur analytique et engagement pour une performance \u00e9conomique et environnementale durable.<\/p>\t\t\t\t\t\t\t\t<\/div>\n\t\t\t\t<\/div>\n\t\t\t\t\t<\/div>\n\t\t\t\t<\/div>\n\t\t\t\t<\/div>\n\t\t","protected":false},"excerpt":{"rendered":"<p>Professeur de Supply Chain Durable \u00e0 l\u2019ICHEC et partner chez SOLVINT<\/p>\n","protected":false},"featured_media":23912,"template":"","categories":[298,141],"tags":[],"class_list":["post-23826","speakers","type-speakers","status-publish","has-post-thumbnail","hentry","category-2025-std-fr","category-orateurs"],"acf":[],"yoast_head":"<!-- This site is optimized with the Yoast SEO plugin v27.4 - https:\/\/yoast.com\/product\/yoast-seo-wordpress\/ -->\n<title>Fran\u00e7ois Grisay - EBP Website<\/title>\n<meta name=\"robots\" content=\"index, follow, max-snippet:-1, max-image-preview:large, max-video-preview:-1\" \/>\n<link rel=\"canonical\" href=\"https:\/\/www.ebp.be\/fr\/speakers\/francois-grisay\/\" \/>\n<meta property=\"og:locale\" content=\"fr_FR\" \/>\n<meta property=\"og:type\" content=\"article\" \/>\n<meta property=\"og:title\" content=\"Fran\u00e7ois Grisay - EBP Website\" \/>\n<meta property=\"og:description\" content=\"Professeur de Supply Chain Durable \u00e0 l\u2019ICHEC et partner chez SOLVINT\" \/>\n<meta property=\"og:url\" content=\"https:\/\/www.ebp.be\/fr\/speakers\/francois-grisay\/\" \/>\n<meta property=\"og:site_name\" content=\"EBP Website\" \/>\n<meta property=\"article:modified_time\" content=\"2026-04-17T12:42:52+00:00\" \/>\n<meta property=\"og:image\" content=\"https:\/\/www.ebp.be\/wp-content\/uploads\/2025\/10\/Francois-Grisay.png\" \/>\n\t<meta property=\"og:image:width\" content=\"169\" \/>\n\t<meta property=\"og:image:height\" content=\"174\" \/>\n\t<meta property=\"og:image:type\" content=\"image\/png\" \/>\n<meta name=\"twitter:card\" content=\"summary_large_image\" \/>\n<meta name=\"twitter:label1\" content=\"Dur\u00e9e de lecture estim\u00e9e\" \/>\n\t<meta name=\"twitter:data1\" content=\"1 minute\" \/>\n<script type=\"application\/ld+json\" class=\"yoast-schema-graph\">{\"@context\":\"https:\\\/\\\/schema.org\",\"@graph\":[{\"@type\":\"WebPage\",\"@id\":\"https:\\\/\\\/www.ebp.be\\\/fr\\\/speakers\\\/francois-grisay\\\/\",\"url\":\"https:\\\/\\\/www.ebp.be\\\/fr\\\/speakers\\\/francois-grisay\\\/\",\"name\":\"Fran\u00e7ois Grisay - EBP Website\",\"isPartOf\":{\"@id\":\"https:\\\/\\\/www.ebp.be\\\/fr\\\/#website\"},\"primaryImageOfPage\":{\"@id\":\"https:\\\/\\\/www.ebp.be\\\/fr\\\/speakers\\\/francois-grisay\\\/#primaryimage\"},\"image\":{\"@id\":\"https:\\\/\\\/www.ebp.be\\\/fr\\\/speakers\\\/francois-grisay\\\/#primaryimage\"},\"thumbnailUrl\":\"https:\\\/\\\/www.ebp.be\\\/wp-content\\\/uploads\\\/2025\\\/10\\\/Francois-Grisay.png\",\"datePublished\":\"2025-10-07T11:25:45+00:00\",\"dateModified\":\"2026-04-17T12:42:52+00:00\",\"breadcrumb\":{\"@id\":\"https:\\\/\\\/www.ebp.be\\\/fr\\\/speakers\\\/francois-grisay\\\/#breadcrumb\"},\"inLanguage\":\"fr-FR\",\"potentialAction\":[{\"@type\":\"ReadAction\",\"target\":[\"https:\\\/\\\/www.ebp.be\\\/fr\\\/speakers\\\/francois-grisay\\\/\"]}]},{\"@type\":\"ImageObject\",\"inLanguage\":\"fr-FR\",\"@id\":\"https:\\\/\\\/www.ebp.be\\\/fr\\\/speakers\\\/francois-grisay\\\/#primaryimage\",\"url\":\"https:\\\/\\\/www.ebp.be\\\/wp-content\\\/uploads\\\/2025\\\/10\\\/Francois-Grisay.png\",\"contentUrl\":\"https:\\\/\\\/www.ebp.be\\\/wp-content\\\/uploads\\\/2025\\\/10\\\/Francois-Grisay.png\",\"width\":169,\"height\":174},{\"@type\":\"BreadcrumbList\",\"@id\":\"https:\\\/\\\/www.ebp.be\\\/fr\\\/speakers\\\/francois-grisay\\\/#breadcrumb\",\"itemListElement\":[{\"@type\":\"ListItem\",\"position\":1,\"name\":\"Home\",\"item\":\"https:\\\/\\\/www.ebp.be\\\/fr\\\/\"},{\"@type\":\"ListItem\",\"position\":2,\"name\":\"Fran\u00e7ois Grisay\"}]},{\"@type\":\"WebSite\",\"@id\":\"https:\\\/\\\/www.ebp.be\\\/fr\\\/#website\",\"url\":\"https:\\\/\\\/www.ebp.be\\\/fr\\\/\",\"name\":\"EBP Website\",\"description\":\"\",\"publisher\":{\"@id\":\"https:\\\/\\\/www.ebp.be\\\/fr\\\/#organization\"},\"potentialAction\":[{\"@type\":\"SearchAction\",\"target\":{\"@type\":\"EntryPoint\",\"urlTemplate\":\"https:\\\/\\\/www.ebp.be\\\/fr\\\/?s={search_term_string}\"},\"query-input\":{\"@type\":\"PropertyValueSpecification\",\"valueRequired\":true,\"valueName\":\"search_term_string\"}}],\"inLanguage\":\"fr-FR\"},{\"@type\":\"Organization\",\"@id\":\"https:\\\/\\\/www.ebp.be\\\/fr\\\/#organization\",\"name\":\"EBP Website\",\"url\":\"https:\\\/\\\/www.ebp.be\\\/fr\\\/\",\"logo\":{\"@type\":\"ImageObject\",\"inLanguage\":\"fr-FR\",\"@id\":\"https:\\\/\\\/www.ebp.be\\\/fr\\\/#\\\/schema\\\/logo\\\/image\\\/\",\"url\":\"https:\\\/\\\/www.ebp.be\\\/wp-content\\\/uploads\\\/2025\\\/02\\\/EBP_2024_CMYK_500x500.png\",\"contentUrl\":\"https:\\\/\\\/www.ebp.be\\\/wp-content\\\/uploads\\\/2025\\\/02\\\/EBP_2024_CMYK_500x500.png\",\"width\":500,\"height\":500,\"caption\":\"EBP Website\"},\"image\":{\"@id\":\"https:\\\/\\\/www.ebp.be\\\/fr\\\/#\\\/schema\\\/logo\\\/image\\\/\"}}]}<\/script>\n<!-- \/ Yoast SEO plugin. -->","yoast_head_json":{"title":"Fran\u00e7ois Grisay - EBP Website","robots":{"index":"index","follow":"follow","max-snippet":"max-snippet:-1","max-image-preview":"max-image-preview:large","max-video-preview":"max-video-preview:-1"},"canonical":"https:\/\/www.ebp.be\/fr\/speakers\/francois-grisay\/","og_locale":"fr_FR","og_type":"article","og_title":"Fran\u00e7ois Grisay - EBP Website","og_description":"Professeur de Supply Chain Durable \u00e0 l\u2019ICHEC et partner chez SOLVINT","og_url":"https:\/\/www.ebp.be\/fr\/speakers\/francois-grisay\/","og_site_name":"EBP Website","article_modified_time":"2026-04-17T12:42:52+00:00","og_image":[{"width":169,"height":174,"url":"https:\/\/www.ebp.be\/wp-content\/uploads\/2025\/10\/Francois-Grisay.png","type":"image\/png"}],"twitter_card":"summary_large_image","twitter_misc":{"Dur\u00e9e de lecture estim\u00e9e":"1 minute"},"schema":{"@context":"https:\/\/schema.org","@graph":[{"@type":"WebPage","@id":"https:\/\/www.ebp.be\/fr\/speakers\/francois-grisay\/","url":"https:\/\/www.ebp.be\/fr\/speakers\/francois-grisay\/","name":"Fran\u00e7ois Grisay - EBP Website","isPartOf":{"@id":"https:\/\/www.ebp.be\/fr\/#website"},"primaryImageOfPage":{"@id":"https:\/\/www.ebp.be\/fr\/speakers\/francois-grisay\/#primaryimage"},"image":{"@id":"https:\/\/www.ebp.be\/fr\/speakers\/francois-grisay\/#primaryimage"},"thumbnailUrl":"https:\/\/www.ebp.be\/wp-content\/uploads\/2025\/10\/Francois-Grisay.png","datePublished":"2025-10-07T11:25:45+00:00","dateModified":"2026-04-17T12:42:52+00:00","breadcrumb":{"@id":"https:\/\/www.ebp.be\/fr\/speakers\/francois-grisay\/#breadcrumb"},"inLanguage":"fr-FR","potentialAction":[{"@type":"ReadAction","target":["https:\/\/www.ebp.be\/fr\/speakers\/francois-grisay\/"]}]},{"@type":"ImageObject","inLanguage":"fr-FR","@id":"https:\/\/www.ebp.be\/fr\/speakers\/francois-grisay\/#primaryimage","url":"https:\/\/www.ebp.be\/wp-content\/uploads\/2025\/10\/Francois-Grisay.png","contentUrl":"https:\/\/www.ebp.be\/wp-content\/uploads\/2025\/10\/Francois-Grisay.png","width":169,"height":174},{"@type":"BreadcrumbList","@id":"https:\/\/www.ebp.be\/fr\/speakers\/francois-grisay\/#breadcrumb","itemListElement":[{"@type":"ListItem","position":1,"name":"Home","item":"https:\/\/www.ebp.be\/fr\/"},{"@type":"ListItem","position":2,"name":"Fran\u00e7ois Grisay"}]},{"@type":"WebSite","@id":"https:\/\/www.ebp.be\/fr\/#website","url":"https:\/\/www.ebp.be\/fr\/","name":"EBP Website","description":"","publisher":{"@id":"https:\/\/www.ebp.be\/fr\/#organization"},"potentialAction":[{"@type":"SearchAction","target":{"@type":"EntryPoint","urlTemplate":"https:\/\/www.ebp.be\/fr\/?s={search_term_string}"},"query-input":{"@type":"PropertyValueSpecification","valueRequired":true,"valueName":"search_term_string"}}],"inLanguage":"fr-FR"},{"@type":"Organization","@id":"https:\/\/www.ebp.be\/fr\/#organization","name":"EBP Website","url":"https:\/\/www.ebp.be\/fr\/","logo":{"@type":"ImageObject","inLanguage":"fr-FR","@id":"https:\/\/www.ebp.be\/fr\/#\/schema\/logo\/image\/","url":"https:\/\/www.ebp.be\/wp-content\/uploads\/2025\/02\/EBP_2024_CMYK_500x500.png","contentUrl":"https:\/\/www.ebp.be\/wp-content\/uploads\/2025\/02\/EBP_2024_CMYK_500x500.png","width":500,"height":500,"caption":"EBP Website"},"image":{"@id":"https:\/\/www.ebp.be\/fr\/#\/schema\/logo\/image\/"}}]}},"_links":{"self":[{"href":"https:\/\/www.ebp.be\/fr\/wp-json\/wp\/v2\/speakers\/23826","targetHints":{"allow":["GET"]}}],"collection":[{"href":"https:\/\/www.ebp.be\/fr\/wp-json\/wp\/v2\/speakers"}],"about":[{"href":"https:\/\/www.ebp.be\/fr\/wp-json\/wp\/v2\/types\/speakers"}],"version-history":[{"count":3,"href":"https:\/\/www.ebp.be\/fr\/wp-json\/wp\/v2\/speakers\/23826\/revisions"}],"predecessor-version":[{"id":33778,"href":"https:\/\/www.ebp.be\/fr\/wp-json\/wp\/v2\/speakers\/23826\/revisions\/33778"}],"wp:featuredmedia":[{"embeddable":true,"href":"https:\/\/www.ebp.be\/fr\/wp-json\/wp\/v2\/media\/23912"}],"wp:attachment":[{"href":"https:\/\/www.ebp.be\/fr\/wp-json\/wp\/v2\/media?parent=23826"}],"wp:term":[{"taxonomy":"category","embeddable":true,"href":"https:\/\/www.ebp.be\/fr\/wp-json\/wp\/v2\/categories?post=23826"},{"taxonomy":"post_tag","embeddable":true,"href":"https:\/\/www.ebp.be\/fr\/wp-json\/wp\/v2\/tags?post=23826"}],"curies":[{"name":"wp","href":"https:\/\/api.w.org\/{rel}","templated":true}]}}