{"id":15799,"date":"2025-02-28T16:07:32","date_gmt":"2025-02-28T15:07:32","guid":{"rendered":"https:\/\/www.ebp.be\/?post_type=verklarende_woordenl&#038;p=15799"},"modified":"2025-12-22T16:19:48","modified_gmt":"2025-12-22T15:19:48","slug":"accord-cadre-contrat-cadre","status":"publish","type":"verklarende_woorden","link":"https:\/\/www.ebp.be\/fr\/verklarende_woorden\/accord-cadre-contrat-cadre\/","title":{"rendered":"Accord-cadre\/contrat-cadre"},"content":{"rendered":"\n<p>Il arrive r\u00e9guli\u00e8rement qu\u2019un service adjudicateur veuille passer plusieurs march\u00e9s publics aux m\u00eames conditions ou \u00e0 des conditions comparables. Dans ce cas, un accord-cadre peut \u00eatre conclu avec un ou plusieurs adjudicataires afin de fixer, durant une certaine p\u00e9riode, les conditions des march\u00e9s publics \u00e0 passer. Cela permet de passer des march\u00e9s individuels aux conditions qui ont \u00e9t\u00e9 fix\u00e9es dans l\u2019accord-cadre.<\/p>\n\n\n\n<p><strong>Vous souhaitez en savoir plus sur les accords-cadres en mati\u00e8re de march\u00e9s publics&nbsp;? Suivez notre formation :&nbsp;<\/strong><a href=\"https:\/\/www.ebp.be\/fr\/cours-du-secteur-public\/\">https:\/\/www.ebp.be\/fr\/cours-du-secteur-public\/<\/a><\/p>\n","protected":false},"excerpt":{"rendered":"<p>Il arrive r\u00e9guli\u00e8rement qu\u2019un service adjudicateur veuille passer plusieurs march\u00e9s publics aux m\u00eames conditions ou \u00e0 des conditions comparables. Dans ce cas, un accord-cadre peut \u00eatre conclu avec un ou plusieurs adjudicataires afin de fixer, durant une certaine p\u00e9riode, les conditions des march\u00e9s publics \u00e0 passer. Cela permet de passer des march\u00e9s individuels aux conditions &#8230; <a title=\"Accord-cadre\/contrat-cadre\" class=\"read-more\" href=\"https:\/\/www.ebp.be\/fr\/verklarende_woorden\/accord-cadre-contrat-cadre\/\" aria-label=\"En savoir plus sur Accord-cadre\/contrat-cadre\">Lire la suite<\/a><\/p>\n","protected":false},"featured_media":0,"template":"","letters":[264],"class_list":["post-15799","verklarende_woorden","type-verklarende_woorden","status-publish","hentry","letters-a"],"acf":[],"yoast_head":"<!-- This site is optimized with the Yoast SEO plugin v27.4 - https:\/\/yoast.com\/product\/yoast-seo-wordpress\/ -->\n<title>Accord-cadre\/contrat-cadre - EBP Website<\/title>\n<meta name=\"robots\" content=\"index, follow, max-snippet:-1, max-image-preview:large, max-video-preview:-1\" \/>\n<link rel=\"canonical\" href=\"https:\/\/www.ebp.be\/fr\/verklarende_woorden\/accord-cadre-contrat-cadre\/\" \/>\n<meta property=\"og:locale\" content=\"fr_FR\" \/>\n<meta property=\"og:type\" content=\"article\" \/>\n<meta property=\"og:title\" content=\"Accord-cadre\/contrat-cadre - EBP Website\" \/>\n<meta property=\"og:description\" content=\"Il arrive r\u00e9guli\u00e8rement qu\u2019un service adjudicateur veuille passer plusieurs march\u00e9s publics aux m\u00eames conditions ou \u00e0 des conditions comparables. Dans ce cas, un accord-cadre peut \u00eatre conclu avec un ou plusieurs adjudicataires afin de fixer, durant une certaine p\u00e9riode, les conditions des march\u00e9s publics \u00e0 passer. Cela permet de passer des march\u00e9s individuels aux conditions ... Lire la suite\" \/>\n<meta property=\"og:url\" content=\"https:\/\/www.ebp.be\/fr\/verklarende_woorden\/accord-cadre-contrat-cadre\/\" \/>\n<meta property=\"og:site_name\" content=\"EBP Website\" \/>\n<meta property=\"article:modified_time\" content=\"2025-12-22T15:19:48+00:00\" \/>\n<meta name=\"twitter:card\" content=\"summary_large_image\" \/>\n<meta name=\"twitter:label1\" content=\"Dur\u00e9e de lecture estim\u00e9e\" \/>\n\t<meta name=\"twitter:data1\" content=\"1 minute\" \/>\n<script type=\"application\/ld+json\" class=\"yoast-schema-graph\">{\"@context\":\"https:\\\/\\\/schema.org\",\"@graph\":[{\"@type\":\"WebPage\",\"@id\":\"https:\\\/\\\/www.ebp.be\\\/fr\\\/verklarende_woorden\\\/accord-cadre-contrat-cadre\\\/\",\"url\":\"https:\\\/\\\/www.ebp.be\\\/fr\\\/verklarende_woorden\\\/accord-cadre-contrat-cadre\\\/\",\"name\":\"Accord-cadre\\\/contrat-cadre - EBP Website\",\"isPartOf\":{\"@id\":\"https:\\\/\\\/www.ebp.be\\\/fr\\\/#website\"},\"datePublished\":\"2025-02-28T15:07:32+00:00\",\"dateModified\":\"2025-12-22T15:19:48+00:00\",\"breadcrumb\":{\"@id\":\"https:\\\/\\\/www.ebp.be\\\/fr\\\/verklarende_woorden\\\/accord-cadre-contrat-cadre\\\/#breadcrumb\"},\"inLanguage\":\"fr-FR\",\"potentialAction\":[{\"@type\":\"ReadAction\",\"target\":[\"https:\\\/\\\/www.ebp.be\\\/fr\\\/verklarende_woorden\\\/accord-cadre-contrat-cadre\\\/\"]}]},{\"@type\":\"BreadcrumbList\",\"@id\":\"https:\\\/\\\/www.ebp.be\\\/fr\\\/verklarende_woorden\\\/accord-cadre-contrat-cadre\\\/#breadcrumb\",\"itemListElement\":[{\"@type\":\"ListItem\",\"position\":1,\"name\":\"Home\",\"item\":\"https:\\\/\\\/www.ebp.be\\\/fr\\\/\"},{\"@type\":\"ListItem\",\"position\":2,\"name\":\"Accord-cadre\\\/contrat-cadre\"}]},{\"@type\":\"WebSite\",\"@id\":\"https:\\\/\\\/www.ebp.be\\\/fr\\\/#website\",\"url\":\"https:\\\/\\\/www.ebp.be\\\/fr\\\/\",\"name\":\"EBP Website\",\"description\":\"\",\"publisher\":{\"@id\":\"https:\\\/\\\/www.ebp.be\\\/fr\\\/#organization\"},\"potentialAction\":[{\"@type\":\"SearchAction\",\"target\":{\"@type\":\"EntryPoint\",\"urlTemplate\":\"https:\\\/\\\/www.ebp.be\\\/fr\\\/?s={search_term_string}\"},\"query-input\":{\"@type\":\"PropertyValueSpecification\",\"valueRequired\":true,\"valueName\":\"search_term_string\"}}],\"inLanguage\":\"fr-FR\"},{\"@type\":\"Organization\",\"@id\":\"https:\\\/\\\/www.ebp.be\\\/fr\\\/#organization\",\"name\":\"EBP Website\",\"url\":\"https:\\\/\\\/www.ebp.be\\\/fr\\\/\",\"logo\":{\"@type\":\"ImageObject\",\"inLanguage\":\"fr-FR\",\"@id\":\"https:\\\/\\\/www.ebp.be\\\/fr\\\/#\\\/schema\\\/logo\\\/image\\\/\",\"url\":\"https:\\\/\\\/www.ebp.be\\\/wp-content\\\/uploads\\\/2025\\\/02\\\/EBP_2024_CMYK_500x500.png\",\"contentUrl\":\"https:\\\/\\\/www.ebp.be\\\/wp-content\\\/uploads\\\/2025\\\/02\\\/EBP_2024_CMYK_500x500.png\",\"width\":500,\"height\":500,\"caption\":\"EBP Website\"},\"image\":{\"@id\":\"https:\\\/\\\/www.ebp.be\\\/fr\\\/#\\\/schema\\\/logo\\\/image\\\/\"}}]}<\/script>\n<!-- \/ Yoast SEO plugin. -->","yoast_head_json":{"title":"Accord-cadre\/contrat-cadre - EBP Website","robots":{"index":"index","follow":"follow","max-snippet":"max-snippet:-1","max-image-preview":"max-image-preview:large","max-video-preview":"max-video-preview:-1"},"canonical":"https:\/\/www.ebp.be\/fr\/verklarende_woorden\/accord-cadre-contrat-cadre\/","og_locale":"fr_FR","og_type":"article","og_title":"Accord-cadre\/contrat-cadre - EBP Website","og_description":"Il arrive r\u00e9guli\u00e8rement qu\u2019un service adjudicateur veuille passer plusieurs march\u00e9s publics aux m\u00eames conditions ou \u00e0 des conditions comparables. Dans ce cas, un accord-cadre peut \u00eatre conclu avec un ou plusieurs adjudicataires afin de fixer, durant une certaine p\u00e9riode, les conditions des march\u00e9s publics \u00e0 passer. Cela permet de passer des march\u00e9s individuels aux conditions ... Lire la suite","og_url":"https:\/\/www.ebp.be\/fr\/verklarende_woorden\/accord-cadre-contrat-cadre\/","og_site_name":"EBP Website","article_modified_time":"2025-12-22T15:19:48+00:00","twitter_card":"summary_large_image","twitter_misc":{"Dur\u00e9e de lecture estim\u00e9e":"1 minute"},"schema":{"@context":"https:\/\/schema.org","@graph":[{"@type":"WebPage","@id":"https:\/\/www.ebp.be\/fr\/verklarende_woorden\/accord-cadre-contrat-cadre\/","url":"https:\/\/www.ebp.be\/fr\/verklarende_woorden\/accord-cadre-contrat-cadre\/","name":"Accord-cadre\/contrat-cadre - EBP Website","isPartOf":{"@id":"https:\/\/www.ebp.be\/fr\/#website"},"datePublished":"2025-02-28T15:07:32+00:00","dateModified":"2025-12-22T15:19:48+00:00","breadcrumb":{"@id":"https:\/\/www.ebp.be\/fr\/verklarende_woorden\/accord-cadre-contrat-cadre\/#breadcrumb"},"inLanguage":"fr-FR","potentialAction":[{"@type":"ReadAction","target":["https:\/\/www.ebp.be\/fr\/verklarende_woorden\/accord-cadre-contrat-cadre\/"]}]},{"@type":"BreadcrumbList","@id":"https:\/\/www.ebp.be\/fr\/verklarende_woorden\/accord-cadre-contrat-cadre\/#breadcrumb","itemListElement":[{"@type":"ListItem","position":1,"name":"Home","item":"https:\/\/www.ebp.be\/fr\/"},{"@type":"ListItem","position":2,"name":"Accord-cadre\/contrat-cadre"}]},{"@type":"WebSite","@id":"https:\/\/www.ebp.be\/fr\/#website","url":"https:\/\/www.ebp.be\/fr\/","name":"EBP Website","description":"","publisher":{"@id":"https:\/\/www.ebp.be\/fr\/#organization"},"potentialAction":[{"@type":"SearchAction","target":{"@type":"EntryPoint","urlTemplate":"https:\/\/www.ebp.be\/fr\/?s={search_term_string}"},"query-input":{"@type":"PropertyValueSpecification","valueRequired":true,"valueName":"search_term_string"}}],"inLanguage":"fr-FR"},{"@type":"Organization","@id":"https:\/\/www.ebp.be\/fr\/#organization","name":"EBP Website","url":"https:\/\/www.ebp.be\/fr\/","logo":{"@type":"ImageObject","inLanguage":"fr-FR","@id":"https:\/\/www.ebp.be\/fr\/#\/schema\/logo\/image\/","url":"https:\/\/www.ebp.be\/wp-content\/uploads\/2025\/02\/EBP_2024_CMYK_500x500.png","contentUrl":"https:\/\/www.ebp.be\/wp-content\/uploads\/2025\/02\/EBP_2024_CMYK_500x500.png","width":500,"height":500,"caption":"EBP Website"},"image":{"@id":"https:\/\/www.ebp.be\/fr\/#\/schema\/logo\/image\/"}}]}},"_links":{"self":[{"href":"https:\/\/www.ebp.be\/fr\/wp-json\/wp\/v2\/verklarende_woorden\/15799","targetHints":{"allow":["GET"]}}],"collection":[{"href":"https:\/\/www.ebp.be\/fr\/wp-json\/wp\/v2\/verklarende_woorden"}],"about":[{"href":"https:\/\/www.ebp.be\/fr\/wp-json\/wp\/v2\/types\/verklarende_woorden"}],"wp:attachment":[{"href":"https:\/\/www.ebp.be\/fr\/wp-json\/wp\/v2\/media?parent=15799"}],"wp:term":[{"taxonomy":"letters","embeddable":true,"href":"https:\/\/www.ebp.be\/fr\/wp-json\/wp\/v2\/letters?post=15799"}],"curies":[{"name":"wp","href":"https:\/\/api.w.org\/{rel}","templated":true}]}}