{"id":16425,"date":"2025-03-05T15:15:54","date_gmt":"2025-03-05T14:15:54","guid":{"rendered":"https:\/\/www.ebp.be\/?post_type=verklarende_woordenl&#038;p=16425"},"modified":"2025-12-22T16:19:48","modified_gmt":"2025-12-22T15:19:48","slug":"corrigendum-pour-lannulation-davis-de-marche","status":"publish","type":"verklarende_woorden","link":"https:\/\/www.ebp.be\/fr\/verklarende_woorden\/corrigendum-pour-lannulation-davis-de-marche\/","title":{"rendered":"Corrigendum pour l\u2019annulation d\u2019avis de march\u00e9"},"content":{"rendered":"\n<p>Si un march\u00e9 public se situe au-del\u00e0 du seuil europ\u00e9en, sa publication est obligatoire. Si des modifications sont n\u00e9cessaires, il est encore possible de les introduire moyennant la publication d\u2019un corrigendum. Ce formulaire n\u00b0 14 \u00ab\u00a0Rectificatif\u00a0\u00bb permet de corriger les dispositions du march\u00e9.<\/p>\n\n\n\n<p><\/p>\n","protected":false},"excerpt":{"rendered":"<p>Si un march\u00e9 public se situe au-del\u00e0 du seuil europ\u00e9en, sa publication est obligatoire. Si des modifications sont n\u00e9cessaires, il est encore possible de les introduire moyennant la publication d\u2019un corrigendum. Ce formulaire n\u00b0 14 \u00ab\u00a0Rectificatif\u00a0\u00bb permet de corriger les dispositions du march\u00e9.<\/p>\n","protected":false},"featured_media":0,"template":"","letters":[266],"class_list":["post-16425","verklarende_woorden","type-verklarende_woorden","status-publish","hentry","letters-c"],"acf":[],"yoast_head":"<!-- This site is optimized with the Yoast SEO plugin v27.4 - https:\/\/yoast.com\/product\/yoast-seo-wordpress\/ -->\n<title>Corrigendum pour l\u2019annulation d\u2019avis de march\u00e9 - EBP Website<\/title>\n<meta name=\"robots\" content=\"index, follow, max-snippet:-1, max-image-preview:large, max-video-preview:-1\" \/>\n<link rel=\"canonical\" href=\"https:\/\/www.ebp.be\/fr\/verklarende_woorden\/corrigendum-pour-lannulation-davis-de-marche\/\" \/>\n<meta property=\"og:locale\" content=\"fr_FR\" \/>\n<meta property=\"og:type\" content=\"article\" \/>\n<meta property=\"og:title\" content=\"Corrigendum pour l\u2019annulation d\u2019avis de march\u00e9 - EBP Website\" \/>\n<meta property=\"og:description\" content=\"Si un march\u00e9 public se situe au-del\u00e0 du seuil europ\u00e9en, sa publication est obligatoire. Si des modifications sont n\u00e9cessaires, il est encore possible de les introduire moyennant la publication d\u2019un corrigendum. Ce formulaire n\u00b0 14 \u00ab\u00a0Rectificatif\u00a0\u00bb permet de corriger les dispositions du march\u00e9.\" \/>\n<meta property=\"og:url\" content=\"https:\/\/www.ebp.be\/fr\/verklarende_woorden\/corrigendum-pour-lannulation-davis-de-marche\/\" \/>\n<meta property=\"og:site_name\" content=\"EBP Website\" \/>\n<meta property=\"article:modified_time\" content=\"2025-12-22T15:19:48+00:00\" \/>\n<meta name=\"twitter:card\" content=\"summary_large_image\" \/>\n<meta name=\"twitter:label1\" content=\"Dur\u00e9e de lecture estim\u00e9e\" \/>\n\t<meta name=\"twitter:data1\" content=\"1 minute\" \/>\n<script type=\"application\/ld+json\" class=\"yoast-schema-graph\">{\"@context\":\"https:\\\/\\\/schema.org\",\"@graph\":[{\"@type\":\"WebPage\",\"@id\":\"https:\\\/\\\/www.ebp.be\\\/fr\\\/verklarende_woorden\\\/corrigendum-pour-lannulation-davis-de-marche\\\/\",\"url\":\"https:\\\/\\\/www.ebp.be\\\/fr\\\/verklarende_woorden\\\/corrigendum-pour-lannulation-davis-de-marche\\\/\",\"name\":\"Corrigendum pour l\u2019annulation d\u2019avis de march\u00e9 - EBP Website\",\"isPartOf\":{\"@id\":\"https:\\\/\\\/www.ebp.be\\\/fr\\\/#website\"},\"datePublished\":\"2025-03-05T14:15:54+00:00\",\"dateModified\":\"2025-12-22T15:19:48+00:00\",\"breadcrumb\":{\"@id\":\"https:\\\/\\\/www.ebp.be\\\/fr\\\/verklarende_woorden\\\/corrigendum-pour-lannulation-davis-de-marche\\\/#breadcrumb\"},\"inLanguage\":\"fr-FR\",\"potentialAction\":[{\"@type\":\"ReadAction\",\"target\":[\"https:\\\/\\\/www.ebp.be\\\/fr\\\/verklarende_woorden\\\/corrigendum-pour-lannulation-davis-de-marche\\\/\"]}]},{\"@type\":\"BreadcrumbList\",\"@id\":\"https:\\\/\\\/www.ebp.be\\\/fr\\\/verklarende_woorden\\\/corrigendum-pour-lannulation-davis-de-marche\\\/#breadcrumb\",\"itemListElement\":[{\"@type\":\"ListItem\",\"position\":1,\"name\":\"Home\",\"item\":\"https:\\\/\\\/www.ebp.be\\\/fr\\\/\"},{\"@type\":\"ListItem\",\"position\":2,\"name\":\"Corrigendum pour l\u2019annulation d\u2019avis de march\u00e9\"}]},{\"@type\":\"WebSite\",\"@id\":\"https:\\\/\\\/www.ebp.be\\\/fr\\\/#website\",\"url\":\"https:\\\/\\\/www.ebp.be\\\/fr\\\/\",\"name\":\"EBP Website\",\"description\":\"\",\"publisher\":{\"@id\":\"https:\\\/\\\/www.ebp.be\\\/fr\\\/#organization\"},\"potentialAction\":[{\"@type\":\"SearchAction\",\"target\":{\"@type\":\"EntryPoint\",\"urlTemplate\":\"https:\\\/\\\/www.ebp.be\\\/fr\\\/?s={search_term_string}\"},\"query-input\":{\"@type\":\"PropertyValueSpecification\",\"valueRequired\":true,\"valueName\":\"search_term_string\"}}],\"inLanguage\":\"fr-FR\"},{\"@type\":\"Organization\",\"@id\":\"https:\\\/\\\/www.ebp.be\\\/fr\\\/#organization\",\"name\":\"EBP Website\",\"url\":\"https:\\\/\\\/www.ebp.be\\\/fr\\\/\",\"logo\":{\"@type\":\"ImageObject\",\"inLanguage\":\"fr-FR\",\"@id\":\"https:\\\/\\\/www.ebp.be\\\/fr\\\/#\\\/schema\\\/logo\\\/image\\\/\",\"url\":\"https:\\\/\\\/www.ebp.be\\\/wp-content\\\/uploads\\\/2025\\\/02\\\/EBP_2024_CMYK_500x500.png\",\"contentUrl\":\"https:\\\/\\\/www.ebp.be\\\/wp-content\\\/uploads\\\/2025\\\/02\\\/EBP_2024_CMYK_500x500.png\",\"width\":500,\"height\":500,\"caption\":\"EBP Website\"},\"image\":{\"@id\":\"https:\\\/\\\/www.ebp.be\\\/fr\\\/#\\\/schema\\\/logo\\\/image\\\/\"}}]}<\/script>\n<!-- \/ Yoast SEO plugin. -->","yoast_head_json":{"title":"Corrigendum pour l\u2019annulation d\u2019avis de march\u00e9 - EBP Website","robots":{"index":"index","follow":"follow","max-snippet":"max-snippet:-1","max-image-preview":"max-image-preview:large","max-video-preview":"max-video-preview:-1"},"canonical":"https:\/\/www.ebp.be\/fr\/verklarende_woorden\/corrigendum-pour-lannulation-davis-de-marche\/","og_locale":"fr_FR","og_type":"article","og_title":"Corrigendum pour l\u2019annulation d\u2019avis de march\u00e9 - EBP Website","og_description":"Si un march\u00e9 public se situe au-del\u00e0 du seuil europ\u00e9en, sa publication est obligatoire. Si des modifications sont n\u00e9cessaires, il est encore possible de les introduire moyennant la publication d\u2019un corrigendum. Ce formulaire n\u00b0 14 \u00ab\u00a0Rectificatif\u00a0\u00bb permet de corriger les dispositions du march\u00e9.","og_url":"https:\/\/www.ebp.be\/fr\/verklarende_woorden\/corrigendum-pour-lannulation-davis-de-marche\/","og_site_name":"EBP Website","article_modified_time":"2025-12-22T15:19:48+00:00","twitter_card":"summary_large_image","twitter_misc":{"Dur\u00e9e de lecture estim\u00e9e":"1 minute"},"schema":{"@context":"https:\/\/schema.org","@graph":[{"@type":"WebPage","@id":"https:\/\/www.ebp.be\/fr\/verklarende_woorden\/corrigendum-pour-lannulation-davis-de-marche\/","url":"https:\/\/www.ebp.be\/fr\/verklarende_woorden\/corrigendum-pour-lannulation-davis-de-marche\/","name":"Corrigendum pour l\u2019annulation d\u2019avis de march\u00e9 - EBP Website","isPartOf":{"@id":"https:\/\/www.ebp.be\/fr\/#website"},"datePublished":"2025-03-05T14:15:54+00:00","dateModified":"2025-12-22T15:19:48+00:00","breadcrumb":{"@id":"https:\/\/www.ebp.be\/fr\/verklarende_woorden\/corrigendum-pour-lannulation-davis-de-marche\/#breadcrumb"},"inLanguage":"fr-FR","potentialAction":[{"@type":"ReadAction","target":["https:\/\/www.ebp.be\/fr\/verklarende_woorden\/corrigendum-pour-lannulation-davis-de-marche\/"]}]},{"@type":"BreadcrumbList","@id":"https:\/\/www.ebp.be\/fr\/verklarende_woorden\/corrigendum-pour-lannulation-davis-de-marche\/#breadcrumb","itemListElement":[{"@type":"ListItem","position":1,"name":"Home","item":"https:\/\/www.ebp.be\/fr\/"},{"@type":"ListItem","position":2,"name":"Corrigendum pour l\u2019annulation d\u2019avis de march\u00e9"}]},{"@type":"WebSite","@id":"https:\/\/www.ebp.be\/fr\/#website","url":"https:\/\/www.ebp.be\/fr\/","name":"EBP Website","description":"","publisher":{"@id":"https:\/\/www.ebp.be\/fr\/#organization"},"potentialAction":[{"@type":"SearchAction","target":{"@type":"EntryPoint","urlTemplate":"https:\/\/www.ebp.be\/fr\/?s={search_term_string}"},"query-input":{"@type":"PropertyValueSpecification","valueRequired":true,"valueName":"search_term_string"}}],"inLanguage":"fr-FR"},{"@type":"Organization","@id":"https:\/\/www.ebp.be\/fr\/#organization","name":"EBP Website","url":"https:\/\/www.ebp.be\/fr\/","logo":{"@type":"ImageObject","inLanguage":"fr-FR","@id":"https:\/\/www.ebp.be\/fr\/#\/schema\/logo\/image\/","url":"https:\/\/www.ebp.be\/wp-content\/uploads\/2025\/02\/EBP_2024_CMYK_500x500.png","contentUrl":"https:\/\/www.ebp.be\/wp-content\/uploads\/2025\/02\/EBP_2024_CMYK_500x500.png","width":500,"height":500,"caption":"EBP Website"},"image":{"@id":"https:\/\/www.ebp.be\/fr\/#\/schema\/logo\/image\/"}}]}},"_links":{"self":[{"href":"https:\/\/www.ebp.be\/fr\/wp-json\/wp\/v2\/verklarende_woorden\/16425","targetHints":{"allow":["GET"]}}],"collection":[{"href":"https:\/\/www.ebp.be\/fr\/wp-json\/wp\/v2\/verklarende_woorden"}],"about":[{"href":"https:\/\/www.ebp.be\/fr\/wp-json\/wp\/v2\/types\/verklarende_woorden"}],"wp:attachment":[{"href":"https:\/\/www.ebp.be\/fr\/wp-json\/wp\/v2\/media?parent=16425"}],"wp:term":[{"taxonomy":"letters","embeddable":true,"href":"https:\/\/www.ebp.be\/fr\/wp-json\/wp\/v2\/letters?post=16425"}],"curies":[{"name":"wp","href":"https:\/\/api.w.org\/{rel}","templated":true}]}}