{"id":16457,"date":"2025-03-05T15:45:04","date_gmt":"2025-03-05T14:45:04","guid":{"rendered":"https:\/\/www.ebp.be\/?post_type=verklarende_woordenl&#038;p=16457"},"modified":"2025-12-22T16:19:47","modified_gmt":"2025-12-22T15:19:47","slug":"interets-moratoires-en-cas-de-retard-de-paiement-de-marches-publics","status":"publish","type":"verklarende_woorden","link":"https:\/\/www.ebp.be\/fr\/verklarende_woorden\/interets-moratoires-en-cas-de-retard-de-paiement-de-marches-publics\/","title":{"rendered":"Int\u00e9r\u00eats moratoires en cas de retard de paiement de march\u00e9s publics"},"content":{"rendered":"\n<p>En cas de paiement tardif de prestations dans le cadre d\u2019un march\u00e9 public (tant pour les travaux que pour les fournitures ou les services), des int\u00e9r\u00eats de retard sont factur\u00e9s.<\/p>\n\n\n\n<p>Ces int\u00e9r\u00eats, appel\u00e9s int\u00e9r\u00eats moratoires, d\u00e9pendent de la p\u00e9riode \u00e0 laquelle le march\u00e9 a \u00e9t\u00e9 attribu\u00e9. Cette p\u00e9riode peut \u00eatre divis\u00e9e entre les march\u00e9s conclus \u00e0 partir du 16 mars 2013, les march\u00e9s attribu\u00e9s entre le 8 ao\u00fbt 2002 et le 15 mars 2013 et les march\u00e9s attribu\u00e9s avant le 8 ao\u00fbt 2022<\/p>\n\n\n\n<p><\/p>\n","protected":false},"excerpt":{"rendered":"<p>En cas de paiement tardif de prestations dans le cadre d\u2019un march\u00e9 public (tant pour les travaux que pour les fournitures ou les services), des int\u00e9r\u00eats de retard sont factur\u00e9s. Ces int\u00e9r\u00eats, appel\u00e9s int\u00e9r\u00eats moratoires, d\u00e9pendent de la p\u00e9riode \u00e0 laquelle le march\u00e9 a \u00e9t\u00e9 attribu\u00e9. Cette p\u00e9riode peut \u00eatre divis\u00e9e entre les march\u00e9s conclus &#8230; <a title=\"Int\u00e9r\u00eats moratoires en cas de retard de paiement de march\u00e9s publics\" class=\"read-more\" href=\"https:\/\/www.ebp.be\/fr\/verklarende_woorden\/interets-moratoires-en-cas-de-retard-de-paiement-de-marches-publics\/\" aria-label=\"En savoir plus sur Int\u00e9r\u00eats moratoires en cas de retard de paiement de march\u00e9s publics\">Lire la suite<\/a><\/p>\n","protected":false},"featured_media":0,"template":"","letters":[272],"class_list":["post-16457","verklarende_woorden","type-verklarende_woorden","status-publish","hentry","letters-i"],"acf":[],"yoast_head":"<!-- This site is optimized with the Yoast SEO plugin v27.4 - https:\/\/yoast.com\/product\/yoast-seo-wordpress\/ -->\n<title>Int\u00e9r\u00eats moratoires en cas de retard de paiement de march\u00e9s publics - EBP Website<\/title>\n<meta name=\"robots\" content=\"index, follow, max-snippet:-1, max-image-preview:large, max-video-preview:-1\" \/>\n<link rel=\"canonical\" href=\"https:\/\/www.ebp.be\/fr\/verklarende_woorden\/interets-moratoires-en-cas-de-retard-de-paiement-de-marches-publics\/\" \/>\n<meta property=\"og:locale\" content=\"fr_FR\" \/>\n<meta property=\"og:type\" content=\"article\" \/>\n<meta property=\"og:title\" content=\"Int\u00e9r\u00eats moratoires en cas de retard de paiement de march\u00e9s publics - EBP Website\" \/>\n<meta property=\"og:description\" content=\"En cas de paiement tardif de prestations dans le cadre d\u2019un march\u00e9 public (tant pour les travaux que pour les fournitures ou les services), des int\u00e9r\u00eats de retard sont factur\u00e9s. Ces int\u00e9r\u00eats, appel\u00e9s int\u00e9r\u00eats moratoires, d\u00e9pendent de la p\u00e9riode \u00e0 laquelle le march\u00e9 a \u00e9t\u00e9 attribu\u00e9. Cette p\u00e9riode peut \u00eatre divis\u00e9e entre les march\u00e9s conclus ... Lire la suite\" \/>\n<meta property=\"og:url\" content=\"https:\/\/www.ebp.be\/fr\/verklarende_woorden\/interets-moratoires-en-cas-de-retard-de-paiement-de-marches-publics\/\" \/>\n<meta property=\"og:site_name\" content=\"EBP Website\" \/>\n<meta property=\"article:modified_time\" content=\"2025-12-22T15:19:47+00:00\" \/>\n<meta name=\"twitter:card\" content=\"summary_large_image\" \/>\n<meta name=\"twitter:label1\" content=\"Dur\u00e9e de lecture estim\u00e9e\" \/>\n\t<meta name=\"twitter:data1\" content=\"1 minute\" \/>\n<script type=\"application\/ld+json\" class=\"yoast-schema-graph\">{\"@context\":\"https:\\\/\\\/schema.org\",\"@graph\":[{\"@type\":\"WebPage\",\"@id\":\"https:\\\/\\\/www.ebp.be\\\/fr\\\/verklarende_woorden\\\/interets-moratoires-en-cas-de-retard-de-paiement-de-marches-publics\\\/\",\"url\":\"https:\\\/\\\/www.ebp.be\\\/fr\\\/verklarende_woorden\\\/interets-moratoires-en-cas-de-retard-de-paiement-de-marches-publics\\\/\",\"name\":\"Int\u00e9r\u00eats moratoires en cas de retard de paiement de march\u00e9s publics - EBP Website\",\"isPartOf\":{\"@id\":\"https:\\\/\\\/www.ebp.be\\\/fr\\\/#website\"},\"datePublished\":\"2025-03-05T14:45:04+00:00\",\"dateModified\":\"2025-12-22T15:19:47+00:00\",\"breadcrumb\":{\"@id\":\"https:\\\/\\\/www.ebp.be\\\/fr\\\/verklarende_woorden\\\/interets-moratoires-en-cas-de-retard-de-paiement-de-marches-publics\\\/#breadcrumb\"},\"inLanguage\":\"fr-FR\",\"potentialAction\":[{\"@type\":\"ReadAction\",\"target\":[\"https:\\\/\\\/www.ebp.be\\\/fr\\\/verklarende_woorden\\\/interets-moratoires-en-cas-de-retard-de-paiement-de-marches-publics\\\/\"]}]},{\"@type\":\"BreadcrumbList\",\"@id\":\"https:\\\/\\\/www.ebp.be\\\/fr\\\/verklarende_woorden\\\/interets-moratoires-en-cas-de-retard-de-paiement-de-marches-publics\\\/#breadcrumb\",\"itemListElement\":[{\"@type\":\"ListItem\",\"position\":1,\"name\":\"Home\",\"item\":\"https:\\\/\\\/www.ebp.be\\\/fr\\\/\"},{\"@type\":\"ListItem\",\"position\":2,\"name\":\"Int\u00e9r\u00eats moratoires en cas de retard de paiement de march\u00e9s publics\"}]},{\"@type\":\"WebSite\",\"@id\":\"https:\\\/\\\/www.ebp.be\\\/fr\\\/#website\",\"url\":\"https:\\\/\\\/www.ebp.be\\\/fr\\\/\",\"name\":\"EBP Website\",\"description\":\"\",\"publisher\":{\"@id\":\"https:\\\/\\\/www.ebp.be\\\/fr\\\/#organization\"},\"potentialAction\":[{\"@type\":\"SearchAction\",\"target\":{\"@type\":\"EntryPoint\",\"urlTemplate\":\"https:\\\/\\\/www.ebp.be\\\/fr\\\/?s={search_term_string}\"},\"query-input\":{\"@type\":\"PropertyValueSpecification\",\"valueRequired\":true,\"valueName\":\"search_term_string\"}}],\"inLanguage\":\"fr-FR\"},{\"@type\":\"Organization\",\"@id\":\"https:\\\/\\\/www.ebp.be\\\/fr\\\/#organization\",\"name\":\"EBP Website\",\"url\":\"https:\\\/\\\/www.ebp.be\\\/fr\\\/\",\"logo\":{\"@type\":\"ImageObject\",\"inLanguage\":\"fr-FR\",\"@id\":\"https:\\\/\\\/www.ebp.be\\\/fr\\\/#\\\/schema\\\/logo\\\/image\\\/\",\"url\":\"https:\\\/\\\/www.ebp.be\\\/wp-content\\\/uploads\\\/2025\\\/02\\\/EBP_2024_CMYK_500x500.png\",\"contentUrl\":\"https:\\\/\\\/www.ebp.be\\\/wp-content\\\/uploads\\\/2025\\\/02\\\/EBP_2024_CMYK_500x500.png\",\"width\":500,\"height\":500,\"caption\":\"EBP Website\"},\"image\":{\"@id\":\"https:\\\/\\\/www.ebp.be\\\/fr\\\/#\\\/schema\\\/logo\\\/image\\\/\"}}]}<\/script>\n<!-- \/ Yoast SEO plugin. -->","yoast_head_json":{"title":"Int\u00e9r\u00eats moratoires en cas de retard de paiement de march\u00e9s publics - EBP Website","robots":{"index":"index","follow":"follow","max-snippet":"max-snippet:-1","max-image-preview":"max-image-preview:large","max-video-preview":"max-video-preview:-1"},"canonical":"https:\/\/www.ebp.be\/fr\/verklarende_woorden\/interets-moratoires-en-cas-de-retard-de-paiement-de-marches-publics\/","og_locale":"fr_FR","og_type":"article","og_title":"Int\u00e9r\u00eats moratoires en cas de retard de paiement de march\u00e9s publics - EBP Website","og_description":"En cas de paiement tardif de prestations dans le cadre d\u2019un march\u00e9 public (tant pour les travaux que pour les fournitures ou les services), des int\u00e9r\u00eats de retard sont factur\u00e9s. Ces int\u00e9r\u00eats, appel\u00e9s int\u00e9r\u00eats moratoires, d\u00e9pendent de la p\u00e9riode \u00e0 laquelle le march\u00e9 a \u00e9t\u00e9 attribu\u00e9. Cette p\u00e9riode peut \u00eatre divis\u00e9e entre les march\u00e9s conclus ... Lire la suite","og_url":"https:\/\/www.ebp.be\/fr\/verklarende_woorden\/interets-moratoires-en-cas-de-retard-de-paiement-de-marches-publics\/","og_site_name":"EBP Website","article_modified_time":"2025-12-22T15:19:47+00:00","twitter_card":"summary_large_image","twitter_misc":{"Dur\u00e9e de lecture estim\u00e9e":"1 minute"},"schema":{"@context":"https:\/\/schema.org","@graph":[{"@type":"WebPage","@id":"https:\/\/www.ebp.be\/fr\/verklarende_woorden\/interets-moratoires-en-cas-de-retard-de-paiement-de-marches-publics\/","url":"https:\/\/www.ebp.be\/fr\/verklarende_woorden\/interets-moratoires-en-cas-de-retard-de-paiement-de-marches-publics\/","name":"Int\u00e9r\u00eats moratoires en cas de retard de paiement de march\u00e9s publics - EBP Website","isPartOf":{"@id":"https:\/\/www.ebp.be\/fr\/#website"},"datePublished":"2025-03-05T14:45:04+00:00","dateModified":"2025-12-22T15:19:47+00:00","breadcrumb":{"@id":"https:\/\/www.ebp.be\/fr\/verklarende_woorden\/interets-moratoires-en-cas-de-retard-de-paiement-de-marches-publics\/#breadcrumb"},"inLanguage":"fr-FR","potentialAction":[{"@type":"ReadAction","target":["https:\/\/www.ebp.be\/fr\/verklarende_woorden\/interets-moratoires-en-cas-de-retard-de-paiement-de-marches-publics\/"]}]},{"@type":"BreadcrumbList","@id":"https:\/\/www.ebp.be\/fr\/verklarende_woorden\/interets-moratoires-en-cas-de-retard-de-paiement-de-marches-publics\/#breadcrumb","itemListElement":[{"@type":"ListItem","position":1,"name":"Home","item":"https:\/\/www.ebp.be\/fr\/"},{"@type":"ListItem","position":2,"name":"Int\u00e9r\u00eats moratoires en cas de retard de paiement de march\u00e9s publics"}]},{"@type":"WebSite","@id":"https:\/\/www.ebp.be\/fr\/#website","url":"https:\/\/www.ebp.be\/fr\/","name":"EBP Website","description":"","publisher":{"@id":"https:\/\/www.ebp.be\/fr\/#organization"},"potentialAction":[{"@type":"SearchAction","target":{"@type":"EntryPoint","urlTemplate":"https:\/\/www.ebp.be\/fr\/?s={search_term_string}"},"query-input":{"@type":"PropertyValueSpecification","valueRequired":true,"valueName":"search_term_string"}}],"inLanguage":"fr-FR"},{"@type":"Organization","@id":"https:\/\/www.ebp.be\/fr\/#organization","name":"EBP Website","url":"https:\/\/www.ebp.be\/fr\/","logo":{"@type":"ImageObject","inLanguage":"fr-FR","@id":"https:\/\/www.ebp.be\/fr\/#\/schema\/logo\/image\/","url":"https:\/\/www.ebp.be\/wp-content\/uploads\/2025\/02\/EBP_2024_CMYK_500x500.png","contentUrl":"https:\/\/www.ebp.be\/wp-content\/uploads\/2025\/02\/EBP_2024_CMYK_500x500.png","width":500,"height":500,"caption":"EBP Website"},"image":{"@id":"https:\/\/www.ebp.be\/fr\/#\/schema\/logo\/image\/"}}]}},"_links":{"self":[{"href":"https:\/\/www.ebp.be\/fr\/wp-json\/wp\/v2\/verklarende_woorden\/16457","targetHints":{"allow":["GET"]}}],"collection":[{"href":"https:\/\/www.ebp.be\/fr\/wp-json\/wp\/v2\/verklarende_woorden"}],"about":[{"href":"https:\/\/www.ebp.be\/fr\/wp-json\/wp\/v2\/types\/verklarende_woorden"}],"wp:attachment":[{"href":"https:\/\/www.ebp.be\/fr\/wp-json\/wp\/v2\/media?parent=16457"}],"wp:term":[{"taxonomy":"letters","embeddable":true,"href":"https:\/\/www.ebp.be\/fr\/wp-json\/wp\/v2\/letters?post=16457"}],"curies":[{"name":"wp","href":"https:\/\/api.w.org\/{rel}","templated":true}]}}