{"id":16464,"date":"2025-03-05T15:49:32","date_gmt":"2025-03-05T14:49:32","guid":{"rendered":"https:\/\/www.ebp.be\/?post_type=verklarende_woordenl&#038;p=16464"},"modified":"2025-12-22T16:19:47","modified_gmt":"2025-12-22T15:19:47","slug":"marches-publics-reserves","status":"publish","type":"verklarende_woorden","link":"https:\/\/www.ebp.be\/fr\/verklarende_woorden\/marches-publics-reserves\/","title":{"rendered":"March\u00e9s publics r\u00e9serv\u00e9s"},"content":{"rendered":"\n<p>Les march\u00e9s publics r\u00e9serv\u00e9s sont des march\u00e9s que l\u2019adjudicateur r\u00e9serve \u00e0 certaines entreprises en en excluant d\u2019autres. La principale caract\u00e9ristique de ce type de march\u00e9s est de viser l\u2019occupation maximale d\u2019un certain groupe cible. Il s\u2019agit d\u2019une part de personnes en situation de handicap qui ne peuvent exercer d\u2019activit\u00e9 professionnelle dans des circonstances normales, et d\u2019autre part de personnes d\u00e9favoris\u00e9es qui sont difficiles \u00e0 ins\u00e9rer sur le march\u00e9 du travail. Il peut s\u2019agir de personnes difficiles \u00e0 mettre \u00e0 l\u2019emploi en raison de leur \u00e2ge, ou encore de membres de minorit\u00e9s d\u00e9favoris\u00e9es ou de groupe socialement marginalis\u00e9s.<\/p>\n\n\n\n<p>Pour pouvoir participer \u00e0 un march\u00e9 public r\u00e9serv\u00e9, il faut qu\u2019au moins 30% des travailleurs de l\u2019entreprise soumissionnaire rel\u00e8ve de ce groupe cible. Autrement dit, seules les entreprises dites d\u2019\u00e9conomie sociale sont \u00e9ligibles pour ces march\u00e9s publics r\u00e9serv\u00e9s. L\u2019adjudicateur doit toujours s\u2019assurer que les soumissionnaires remplissent les conditions requises.<\/p>\n\n\n\n<p>Les entrepreneurs r\u00e9guliers estiment que les march\u00e9s publics r\u00e9serv\u00e9s induisent une violation du principe d\u2019\u00e9galit\u00e9 dans la mesure o\u00f9 ils se trouvent exclus de la participation. En outre, ils estiment souvent injuste que les entreprises d\u2019\u00e9conomie sociale puissent concourir pour des march\u00e9s publics r\u00e9guliers. Or, la l\u00e9gislation et la r\u00e9glementation en mati\u00e8re de march\u00e9s publics r\u00e9serv\u00e9s ne contreviennent pas au principe d\u2019\u00e9galit\u00e9.<\/p>\n\n\n\n<p>Dans le cas des march\u00e9s r\u00e9serv\u00e9s, il est important que l\u2019adjudicateur se demande si le march\u00e9 sp\u00e9cifique est bel et bien disponible et peut \u00eatre ex\u00e9cut\u00e9 dans un contexte d\u2019\u00e9conomie sociale. Les entreprises d\u2019\u00e9conomie sociale sont souvent de plus petite taille que les entreprises r\u00e9guli\u00e8res et par ailleurs g\u00e9n\u00e9ralement moins flexibles. Pourront-elles faire face \u00e0 l\u2019ampleur de la mission ? Combien de temps leur faudra-t-il pour soumettre une offre ? Si n\u00e9cessaire, organisez au pr\u00e9alable une prospection du march\u00e9 afin de r\u00e9colter de plus amples informations sur les entreprises d\u2019\u00e9conomie sociale aptes \u00e0 ex\u00e9cuter le march\u00e9 ainsi que sur leur mani\u00e8re de fonctionner.<\/p>\n\n\n\n<p>La proc\u00e9dure de passation des march\u00e9s r\u00e9serv\u00e9s est identique \u00e0 celle des autres march\u00e9s publics. Si le march\u00e9 se situe en de\u00e7\u00e0 du seuil de l\u2019UE, une proc\u00e9dure concurrentielle avec n\u00e9gociation (PCAN) est possible.<\/p>\n\n\n\n<p><strong>Voir aussi&nbsp;<\/strong>: Proc\u00e9dures \u2013 March\u00e9 public \u2013 Passation&nbsp;<\/p>\n\n\n\n<p><\/p>\n","protected":false},"excerpt":{"rendered":"<p>Les march\u00e9s publics r\u00e9serv\u00e9s sont des march\u00e9s que l\u2019adjudicateur r\u00e9serve \u00e0 certaines entreprises en en excluant d\u2019autres. La principale caract\u00e9ristique de ce type de march\u00e9s est de viser l\u2019occupation maximale d\u2019un certain groupe cible. Il s\u2019agit d\u2019une part de personnes en situation de handicap qui ne peuvent exercer d\u2019activit\u00e9 professionnelle dans des circonstances normales, et &#8230; <a title=\"March\u00e9s publics r\u00e9serv\u00e9s\" class=\"read-more\" href=\"https:\/\/www.ebp.be\/fr\/verklarende_woorden\/marches-publics-reserves\/\" aria-label=\"En savoir plus sur March\u00e9s publics r\u00e9serv\u00e9s\">Lire la suite<\/a><\/p>\n","protected":false},"featured_media":0,"template":"","letters":[276],"class_list":["post-16464","verklarende_woorden","type-verklarende_woorden","status-publish","hentry","letters-m"],"acf":[],"yoast_head":"<!-- This site is optimized with the Yoast SEO plugin v27.4 - https:\/\/yoast.com\/product\/yoast-seo-wordpress\/ -->\n<title>March\u00e9s publics r\u00e9serv\u00e9s - EBP Website<\/title>\n<meta name=\"robots\" content=\"index, follow, max-snippet:-1, max-image-preview:large, max-video-preview:-1\" \/>\n<link rel=\"canonical\" href=\"https:\/\/www.ebp.be\/fr\/verklarende_woorden\/marches-publics-reserves\/\" \/>\n<meta property=\"og:locale\" content=\"fr_FR\" \/>\n<meta property=\"og:type\" content=\"article\" \/>\n<meta property=\"og:title\" content=\"March\u00e9s publics r\u00e9serv\u00e9s - EBP Website\" \/>\n<meta property=\"og:description\" content=\"Les march\u00e9s publics r\u00e9serv\u00e9s sont des march\u00e9s que l\u2019adjudicateur r\u00e9serve \u00e0 certaines entreprises en en excluant d\u2019autres. La principale caract\u00e9ristique de ce type de march\u00e9s est de viser l\u2019occupation maximale d\u2019un certain groupe cible. Il s\u2019agit d\u2019une part de personnes en situation de handicap qui ne peuvent exercer d\u2019activit\u00e9 professionnelle dans des circonstances normales, et ... Lire la suite\" \/>\n<meta property=\"og:url\" content=\"https:\/\/www.ebp.be\/fr\/verklarende_woorden\/marches-publics-reserves\/\" \/>\n<meta property=\"og:site_name\" content=\"EBP Website\" \/>\n<meta property=\"article:modified_time\" content=\"2025-12-22T15:19:47+00:00\" \/>\n<meta name=\"twitter:card\" content=\"summary_large_image\" \/>\n<meta name=\"twitter:label1\" content=\"Dur\u00e9e de lecture estim\u00e9e\" \/>\n\t<meta name=\"twitter:data1\" content=\"2 minutes\" \/>\n<script type=\"application\/ld+json\" class=\"yoast-schema-graph\">{\"@context\":\"https:\\\/\\\/schema.org\",\"@graph\":[{\"@type\":\"WebPage\",\"@id\":\"https:\\\/\\\/www.ebp.be\\\/fr\\\/verklarende_woorden\\\/marches-publics-reserves\\\/\",\"url\":\"https:\\\/\\\/www.ebp.be\\\/fr\\\/verklarende_woorden\\\/marches-publics-reserves\\\/\",\"name\":\"March\u00e9s publics r\u00e9serv\u00e9s - EBP Website\",\"isPartOf\":{\"@id\":\"https:\\\/\\\/www.ebp.be\\\/fr\\\/#website\"},\"datePublished\":\"2025-03-05T14:49:32+00:00\",\"dateModified\":\"2025-12-22T15:19:47+00:00\",\"breadcrumb\":{\"@id\":\"https:\\\/\\\/www.ebp.be\\\/fr\\\/verklarende_woorden\\\/marches-publics-reserves\\\/#breadcrumb\"},\"inLanguage\":\"fr-FR\",\"potentialAction\":[{\"@type\":\"ReadAction\",\"target\":[\"https:\\\/\\\/www.ebp.be\\\/fr\\\/verklarende_woorden\\\/marches-publics-reserves\\\/\"]}]},{\"@type\":\"BreadcrumbList\",\"@id\":\"https:\\\/\\\/www.ebp.be\\\/fr\\\/verklarende_woorden\\\/marches-publics-reserves\\\/#breadcrumb\",\"itemListElement\":[{\"@type\":\"ListItem\",\"position\":1,\"name\":\"Home\",\"item\":\"https:\\\/\\\/www.ebp.be\\\/fr\\\/\"},{\"@type\":\"ListItem\",\"position\":2,\"name\":\"March\u00e9s publics r\u00e9serv\u00e9s\"}]},{\"@type\":\"WebSite\",\"@id\":\"https:\\\/\\\/www.ebp.be\\\/fr\\\/#website\",\"url\":\"https:\\\/\\\/www.ebp.be\\\/fr\\\/\",\"name\":\"EBP Website\",\"description\":\"\",\"publisher\":{\"@id\":\"https:\\\/\\\/www.ebp.be\\\/fr\\\/#organization\"},\"potentialAction\":[{\"@type\":\"SearchAction\",\"target\":{\"@type\":\"EntryPoint\",\"urlTemplate\":\"https:\\\/\\\/www.ebp.be\\\/fr\\\/?s={search_term_string}\"},\"query-input\":{\"@type\":\"PropertyValueSpecification\",\"valueRequired\":true,\"valueName\":\"search_term_string\"}}],\"inLanguage\":\"fr-FR\"},{\"@type\":\"Organization\",\"@id\":\"https:\\\/\\\/www.ebp.be\\\/fr\\\/#organization\",\"name\":\"EBP Website\",\"url\":\"https:\\\/\\\/www.ebp.be\\\/fr\\\/\",\"logo\":{\"@type\":\"ImageObject\",\"inLanguage\":\"fr-FR\",\"@id\":\"https:\\\/\\\/www.ebp.be\\\/fr\\\/#\\\/schema\\\/logo\\\/image\\\/\",\"url\":\"https:\\\/\\\/www.ebp.be\\\/wp-content\\\/uploads\\\/2025\\\/02\\\/EBP_2024_CMYK_500x500.png\",\"contentUrl\":\"https:\\\/\\\/www.ebp.be\\\/wp-content\\\/uploads\\\/2025\\\/02\\\/EBP_2024_CMYK_500x500.png\",\"width\":500,\"height\":500,\"caption\":\"EBP Website\"},\"image\":{\"@id\":\"https:\\\/\\\/www.ebp.be\\\/fr\\\/#\\\/schema\\\/logo\\\/image\\\/\"}}]}<\/script>\n<!-- \/ Yoast SEO plugin. -->","yoast_head_json":{"title":"March\u00e9s publics r\u00e9serv\u00e9s - EBP Website","robots":{"index":"index","follow":"follow","max-snippet":"max-snippet:-1","max-image-preview":"max-image-preview:large","max-video-preview":"max-video-preview:-1"},"canonical":"https:\/\/www.ebp.be\/fr\/verklarende_woorden\/marches-publics-reserves\/","og_locale":"fr_FR","og_type":"article","og_title":"March\u00e9s publics r\u00e9serv\u00e9s - EBP Website","og_description":"Les march\u00e9s publics r\u00e9serv\u00e9s sont des march\u00e9s que l\u2019adjudicateur r\u00e9serve \u00e0 certaines entreprises en en excluant d\u2019autres. La principale caract\u00e9ristique de ce type de march\u00e9s est de viser l\u2019occupation maximale d\u2019un certain groupe cible. Il s\u2019agit d\u2019une part de personnes en situation de handicap qui ne peuvent exercer d\u2019activit\u00e9 professionnelle dans des circonstances normales, et ... Lire la suite","og_url":"https:\/\/www.ebp.be\/fr\/verklarende_woorden\/marches-publics-reserves\/","og_site_name":"EBP Website","article_modified_time":"2025-12-22T15:19:47+00:00","twitter_card":"summary_large_image","twitter_misc":{"Dur\u00e9e de lecture estim\u00e9e":"2 minutes"},"schema":{"@context":"https:\/\/schema.org","@graph":[{"@type":"WebPage","@id":"https:\/\/www.ebp.be\/fr\/verklarende_woorden\/marches-publics-reserves\/","url":"https:\/\/www.ebp.be\/fr\/verklarende_woorden\/marches-publics-reserves\/","name":"March\u00e9s publics r\u00e9serv\u00e9s - EBP Website","isPartOf":{"@id":"https:\/\/www.ebp.be\/fr\/#website"},"datePublished":"2025-03-05T14:49:32+00:00","dateModified":"2025-12-22T15:19:47+00:00","breadcrumb":{"@id":"https:\/\/www.ebp.be\/fr\/verklarende_woorden\/marches-publics-reserves\/#breadcrumb"},"inLanguage":"fr-FR","potentialAction":[{"@type":"ReadAction","target":["https:\/\/www.ebp.be\/fr\/verklarende_woorden\/marches-publics-reserves\/"]}]},{"@type":"BreadcrumbList","@id":"https:\/\/www.ebp.be\/fr\/verklarende_woorden\/marches-publics-reserves\/#breadcrumb","itemListElement":[{"@type":"ListItem","position":1,"name":"Home","item":"https:\/\/www.ebp.be\/fr\/"},{"@type":"ListItem","position":2,"name":"March\u00e9s publics r\u00e9serv\u00e9s"}]},{"@type":"WebSite","@id":"https:\/\/www.ebp.be\/fr\/#website","url":"https:\/\/www.ebp.be\/fr\/","name":"EBP Website","description":"","publisher":{"@id":"https:\/\/www.ebp.be\/fr\/#organization"},"potentialAction":[{"@type":"SearchAction","target":{"@type":"EntryPoint","urlTemplate":"https:\/\/www.ebp.be\/fr\/?s={search_term_string}"},"query-input":{"@type":"PropertyValueSpecification","valueRequired":true,"valueName":"search_term_string"}}],"inLanguage":"fr-FR"},{"@type":"Organization","@id":"https:\/\/www.ebp.be\/fr\/#organization","name":"EBP Website","url":"https:\/\/www.ebp.be\/fr\/","logo":{"@type":"ImageObject","inLanguage":"fr-FR","@id":"https:\/\/www.ebp.be\/fr\/#\/schema\/logo\/image\/","url":"https:\/\/www.ebp.be\/wp-content\/uploads\/2025\/02\/EBP_2024_CMYK_500x500.png","contentUrl":"https:\/\/www.ebp.be\/wp-content\/uploads\/2025\/02\/EBP_2024_CMYK_500x500.png","width":500,"height":500,"caption":"EBP Website"},"image":{"@id":"https:\/\/www.ebp.be\/fr\/#\/schema\/logo\/image\/"}}]}},"_links":{"self":[{"href":"https:\/\/www.ebp.be\/fr\/wp-json\/wp\/v2\/verklarende_woorden\/16464","targetHints":{"allow":["GET"]}}],"collection":[{"href":"https:\/\/www.ebp.be\/fr\/wp-json\/wp\/v2\/verklarende_woorden"}],"about":[{"href":"https:\/\/www.ebp.be\/fr\/wp-json\/wp\/v2\/types\/verklarende_woorden"}],"wp:attachment":[{"href":"https:\/\/www.ebp.be\/fr\/wp-json\/wp\/v2\/media?parent=16464"}],"wp:term":[{"taxonomy":"letters","embeddable":true,"href":"https:\/\/www.ebp.be\/fr\/wp-json\/wp\/v2\/letters?post=16464"}],"curies":[{"name":"wp","href":"https:\/\/api.w.org\/{rel}","templated":true}]}}