{"id":16518,"date":"2025-03-05T15:59:07","date_gmt":"2025-03-05T14:59:07","guid":{"rendered":"https:\/\/www.ebp.be\/?post_type=verklarende_woordenl&#038;p=16518"},"modified":"2025-12-22T16:19:47","modified_gmt":"2025-12-22T15:19:47","slug":"penalite-de-retard","status":"publish","type":"verklarende_woorden","link":"https:\/\/www.ebp.be\/fr\/verklarende_woorden\/penalite-de-retard\/","title":{"rendered":"P\u00e9nalit\u00e9 de retard"},"content":{"rendered":"\n<p>L\u2019article 46 de l\u2019arr\u00eat\u00e9 royal du 14 janvier 2013 \u00e9tablissant les r\u00e8gles g\u00e9n\u00e9rales d\u2019ex\u00e9cution des march\u00e9s publics (ci-apr\u00e8s \u00ab AR RGE \u00bb) porte sur les amendes pour retard et pr\u00e9cise que celles-ci sont dues, sans mise en demeure, par la seule expiration du d\u00e9lai d\u2019ex\u00e9cution sans intervention d\u2019un proc\u00e8s-verbal et appliqu\u00e9es de plein droit pour la totalit\u00e9 des jours de retard.<\/p>\n\n\n\n<p>L\u2019article 86 de l\u2019AR RGE contient, en ce qui concerne les march\u00e9s de travaux, la formule qu\u2019il convient d\u2019appliquer pour calculer le montant de l\u2019amende pour retard. Cette formule s\u2019\u00e9tablit comme suit :<\/p>\n\n\n\n<p>\u00ab R = 0,45 x ((M x n2) \/ N2)<\/p>\n\n\n\n<p>&nbsp; dans laquelle :<\/p>\n\n\n\n<p>&nbsp; R = le montant de l\u2019amende \u00e0 appliquer ;<\/p>\n\n\n\n<p>&nbsp; M = le montant initial du march\u00e9 ;<\/p>\n\n\n\n<p>&nbsp; N = le nombre de jours ouvrables pr\u00e9vus d\u00e8s l\u2019origine pour l\u2019ex\u00e9cution du march\u00e9 ;<\/p>\n\n\n\n<p>&nbsp; n = le nombre de jours de retard.<\/p>\n\n\n\n<p>&nbsp;Toutefois, si le facteur M ne d\u00e9passe pas septante-cinq mille euros et que, en m\u00eame temps, N ne d\u00e9passe pas cent cinquante jours, le d\u00e9nominateur N2 est remplac\u00e9 par 150 x N.<\/p>\n\n\n\n<p>Le troisi\u00e8me paragraphe de cet article 86 pr\u00e9cise que si le d\u00e9lai d\u2019ex\u00e9cution n\u2019est pas fix\u00e9 en jours ouvrables, le nombre N entrant dans la formule de r\u00e9vision est obtenu conventionnellement en multipliant par 0,7 le nombre de jours contenu dans le d\u00e9lai, le chiffre obtenu \u00e9tant arrondi \u00e0 l\u2019unit\u00e9 inf\u00e9rieure.<\/p>\n\n\n\n<p>Il est donc clair que, s\u2019agissant du facteur \u00ab N \u00bb, le d\u00e9lai est fix\u00e9 en jours ouvrables et une formule de conversion des jours de calendrier est pr\u00e9vue.<\/p>\n\n\n\n<p>En revanche, l\u2019on constate que pour le facteur \u00ab n \u00bb, la disposition ne parle que de jours de retard, et non de \u00ab jours ouvrables \u00bb, et ne pr\u00e9voit pas de conversion, au contraire du facteur \u00ab N \u00bb.<\/p>\n\n\n\n<p>Quel type de jours faut-il, d\u00e8s lors, prendre en compte concernant les jours de retard ? Il convient d\u2019avoir \u00e9gard \u00e0 l\u2019article 4 de l\u2019AR RGE qui dispose que : \u00ab Conform\u00e9ment \u00e0 l\u2019article 167 de la loi et \u00e0 l\u2019article 44 de la loi d\u00e9fense et s\u00e9curit\u00e9, les d\u00e9lais mentionn\u00e9s en jours dans le pr\u00e9sent arr\u00eat\u00e9 doivent se comprendre comme des d\u00e9lais en jours de calendrier, sauf lorsqu\u2019un d\u00e9lai est express\u00e9ment fix\u00e9 en jours ouvrables. \u00bb Il s\u2019agit donc de jours de calendrier, en l\u2019absence de pr\u00e9cision contraire[1].<\/p>\n\n\n\n<p>Il semble, en effet, assez logique d\u2019exprimer un retard en jours de calendrier dans la mesure o\u00f9 il s\u2019agit du nombre de jours pendant lesquels le pouvoir adjudicateur ne dispose pas des travaux depuis la date fix\u00e9e pour leur ach\u00e8vement, ind\u00e9pendamment du fait que le d\u00e9lai d\u2019ex\u00e9cution pouvait avoir \u00e9t\u00e9 fix\u00e9 en jours ouvrables.<\/p>\n\n\n\n<p>Pr\u00e9cisons encore qu\u2019il s\u2019agit l\u00e0 de la formule \u00ab par d\u00e9faut \u00bb, l\u2019article 86 de l\u2019AR RGE disposant que si le d\u00e9lai d\u2019ex\u00e9cution a constitu\u00e9 un crit\u00e8re d\u2019attribution du march\u00e9, les documents du march\u00e9 fixent le mode de calcul des amendes pour retard. Dans ce cas, la pouvoir adjudicateur pourrait donc opter pour un autre mode de calcul du montant des amendes. Ce ne serait qu\u2019\u00e0 d\u00e9faut de pr\u00e9cision en ce sens dans les documents du march\u00e9 que la formule pr\u00e9vue \u00e0 l\u2019article 86 s\u2019appliquerait.<\/p>\n\n\n\n<p>Enfin, rappelons que conform\u00e9ment \u00e0 l\u2019article 46\/1 de l\u2019AR RGE, la TVA n\u2019est pas prise en consid\u00e9ration dans la base de calcul pour l\u2019amende de retard.<\/p>\n\n\n\n<p><\/p>\n\n\n\n<p><\/p>\n","protected":false},"excerpt":{"rendered":"<p>L\u2019article 46 de l\u2019arr\u00eat\u00e9 royal du 14 janvier 2013 \u00e9tablissant les r\u00e8gles g\u00e9n\u00e9rales d\u2019ex\u00e9cution des march\u00e9s publics (ci-apr\u00e8s \u00ab AR RGE \u00bb) porte sur les amendes pour retard et pr\u00e9cise que celles-ci sont dues, sans mise en demeure, par la seule expiration du d\u00e9lai d\u2019ex\u00e9cution sans intervention d\u2019un proc\u00e8s-verbal et appliqu\u00e9es de plein droit pour &#8230; <a title=\"P\u00e9nalit\u00e9 de retard\" class=\"read-more\" href=\"https:\/\/www.ebp.be\/fr\/verklarende_woorden\/penalite-de-retard\/\" aria-label=\"En savoir plus sur P\u00e9nalit\u00e9 de retard\">Lire la suite<\/a><\/p>\n","protected":false},"featured_media":0,"template":"","letters":[279],"class_list":["post-16518","verklarende_woorden","type-verklarende_woorden","status-publish","hentry","letters-p"],"acf":[],"yoast_head":"<!-- This site is optimized with the Yoast SEO plugin v27.4 - https:\/\/yoast.com\/product\/yoast-seo-wordpress\/ -->\n<title>P\u00e9nalit\u00e9 de retard - EBP Website<\/title>\n<meta name=\"robots\" content=\"index, follow, max-snippet:-1, max-image-preview:large, max-video-preview:-1\" \/>\n<link rel=\"canonical\" href=\"https:\/\/www.ebp.be\/fr\/verklarende_woorden\/penalite-de-retard\/\" \/>\n<meta property=\"og:locale\" content=\"fr_FR\" \/>\n<meta property=\"og:type\" content=\"article\" \/>\n<meta property=\"og:title\" content=\"P\u00e9nalit\u00e9 de retard - EBP Website\" \/>\n<meta property=\"og:description\" content=\"L\u2019article 46 de l\u2019arr\u00eat\u00e9 royal du 14 janvier 2013 \u00e9tablissant les r\u00e8gles g\u00e9n\u00e9rales d\u2019ex\u00e9cution des march\u00e9s publics (ci-apr\u00e8s \u00ab AR RGE \u00bb) porte sur les amendes pour retard et pr\u00e9cise que celles-ci sont dues, sans mise en demeure, par la seule expiration du d\u00e9lai d\u2019ex\u00e9cution sans intervention d\u2019un proc\u00e8s-verbal et appliqu\u00e9es de plein droit pour ... Lire la suite\" \/>\n<meta property=\"og:url\" content=\"https:\/\/www.ebp.be\/fr\/verklarende_woorden\/penalite-de-retard\/\" \/>\n<meta property=\"og:site_name\" content=\"EBP Website\" \/>\n<meta property=\"article:modified_time\" content=\"2025-12-22T15:19:47+00:00\" \/>\n<meta name=\"twitter:card\" content=\"summary_large_image\" \/>\n<meta name=\"twitter:label1\" content=\"Dur\u00e9e de lecture estim\u00e9e\" \/>\n\t<meta name=\"twitter:data1\" content=\"3 minutes\" \/>\n<script type=\"application\/ld+json\" class=\"yoast-schema-graph\">{\"@context\":\"https:\\\/\\\/schema.org\",\"@graph\":[{\"@type\":\"WebPage\",\"@id\":\"https:\\\/\\\/www.ebp.be\\\/fr\\\/verklarende_woorden\\\/penalite-de-retard\\\/\",\"url\":\"https:\\\/\\\/www.ebp.be\\\/fr\\\/verklarende_woorden\\\/penalite-de-retard\\\/\",\"name\":\"P\u00e9nalit\u00e9 de retard - EBP Website\",\"isPartOf\":{\"@id\":\"https:\\\/\\\/www.ebp.be\\\/fr\\\/#website\"},\"datePublished\":\"2025-03-05T14:59:07+00:00\",\"dateModified\":\"2025-12-22T15:19:47+00:00\",\"breadcrumb\":{\"@id\":\"https:\\\/\\\/www.ebp.be\\\/fr\\\/verklarende_woorden\\\/penalite-de-retard\\\/#breadcrumb\"},\"inLanguage\":\"fr-FR\",\"potentialAction\":[{\"@type\":\"ReadAction\",\"target\":[\"https:\\\/\\\/www.ebp.be\\\/fr\\\/verklarende_woorden\\\/penalite-de-retard\\\/\"]}]},{\"@type\":\"BreadcrumbList\",\"@id\":\"https:\\\/\\\/www.ebp.be\\\/fr\\\/verklarende_woorden\\\/penalite-de-retard\\\/#breadcrumb\",\"itemListElement\":[{\"@type\":\"ListItem\",\"position\":1,\"name\":\"Home\",\"item\":\"https:\\\/\\\/www.ebp.be\\\/fr\\\/\"},{\"@type\":\"ListItem\",\"position\":2,\"name\":\"P\u00e9nalit\u00e9 de retard\"}]},{\"@type\":\"WebSite\",\"@id\":\"https:\\\/\\\/www.ebp.be\\\/fr\\\/#website\",\"url\":\"https:\\\/\\\/www.ebp.be\\\/fr\\\/\",\"name\":\"EBP Website\",\"description\":\"\",\"publisher\":{\"@id\":\"https:\\\/\\\/www.ebp.be\\\/fr\\\/#organization\"},\"potentialAction\":[{\"@type\":\"SearchAction\",\"target\":{\"@type\":\"EntryPoint\",\"urlTemplate\":\"https:\\\/\\\/www.ebp.be\\\/fr\\\/?s={search_term_string}\"},\"query-input\":{\"@type\":\"PropertyValueSpecification\",\"valueRequired\":true,\"valueName\":\"search_term_string\"}}],\"inLanguage\":\"fr-FR\"},{\"@type\":\"Organization\",\"@id\":\"https:\\\/\\\/www.ebp.be\\\/fr\\\/#organization\",\"name\":\"EBP Website\",\"url\":\"https:\\\/\\\/www.ebp.be\\\/fr\\\/\",\"logo\":{\"@type\":\"ImageObject\",\"inLanguage\":\"fr-FR\",\"@id\":\"https:\\\/\\\/www.ebp.be\\\/fr\\\/#\\\/schema\\\/logo\\\/image\\\/\",\"url\":\"https:\\\/\\\/www.ebp.be\\\/wp-content\\\/uploads\\\/2025\\\/02\\\/EBP_2024_CMYK_500x500.png\",\"contentUrl\":\"https:\\\/\\\/www.ebp.be\\\/wp-content\\\/uploads\\\/2025\\\/02\\\/EBP_2024_CMYK_500x500.png\",\"width\":500,\"height\":500,\"caption\":\"EBP Website\"},\"image\":{\"@id\":\"https:\\\/\\\/www.ebp.be\\\/fr\\\/#\\\/schema\\\/logo\\\/image\\\/\"}}]}<\/script>\n<!-- \/ Yoast SEO plugin. -->","yoast_head_json":{"title":"P\u00e9nalit\u00e9 de retard - EBP Website","robots":{"index":"index","follow":"follow","max-snippet":"max-snippet:-1","max-image-preview":"max-image-preview:large","max-video-preview":"max-video-preview:-1"},"canonical":"https:\/\/www.ebp.be\/fr\/verklarende_woorden\/penalite-de-retard\/","og_locale":"fr_FR","og_type":"article","og_title":"P\u00e9nalit\u00e9 de retard - EBP Website","og_description":"L\u2019article 46 de l\u2019arr\u00eat\u00e9 royal du 14 janvier 2013 \u00e9tablissant les r\u00e8gles g\u00e9n\u00e9rales d\u2019ex\u00e9cution des march\u00e9s publics (ci-apr\u00e8s \u00ab AR RGE \u00bb) porte sur les amendes pour retard et pr\u00e9cise que celles-ci sont dues, sans mise en demeure, par la seule expiration du d\u00e9lai d\u2019ex\u00e9cution sans intervention d\u2019un proc\u00e8s-verbal et appliqu\u00e9es de plein droit pour ... Lire la suite","og_url":"https:\/\/www.ebp.be\/fr\/verklarende_woorden\/penalite-de-retard\/","og_site_name":"EBP Website","article_modified_time":"2025-12-22T15:19:47+00:00","twitter_card":"summary_large_image","twitter_misc":{"Dur\u00e9e de lecture estim\u00e9e":"3 minutes"},"schema":{"@context":"https:\/\/schema.org","@graph":[{"@type":"WebPage","@id":"https:\/\/www.ebp.be\/fr\/verklarende_woorden\/penalite-de-retard\/","url":"https:\/\/www.ebp.be\/fr\/verklarende_woorden\/penalite-de-retard\/","name":"P\u00e9nalit\u00e9 de retard - EBP Website","isPartOf":{"@id":"https:\/\/www.ebp.be\/fr\/#website"},"datePublished":"2025-03-05T14:59:07+00:00","dateModified":"2025-12-22T15:19:47+00:00","breadcrumb":{"@id":"https:\/\/www.ebp.be\/fr\/verklarende_woorden\/penalite-de-retard\/#breadcrumb"},"inLanguage":"fr-FR","potentialAction":[{"@type":"ReadAction","target":["https:\/\/www.ebp.be\/fr\/verklarende_woorden\/penalite-de-retard\/"]}]},{"@type":"BreadcrumbList","@id":"https:\/\/www.ebp.be\/fr\/verklarende_woorden\/penalite-de-retard\/#breadcrumb","itemListElement":[{"@type":"ListItem","position":1,"name":"Home","item":"https:\/\/www.ebp.be\/fr\/"},{"@type":"ListItem","position":2,"name":"P\u00e9nalit\u00e9 de retard"}]},{"@type":"WebSite","@id":"https:\/\/www.ebp.be\/fr\/#website","url":"https:\/\/www.ebp.be\/fr\/","name":"EBP Website","description":"","publisher":{"@id":"https:\/\/www.ebp.be\/fr\/#organization"},"potentialAction":[{"@type":"SearchAction","target":{"@type":"EntryPoint","urlTemplate":"https:\/\/www.ebp.be\/fr\/?s={search_term_string}"},"query-input":{"@type":"PropertyValueSpecification","valueRequired":true,"valueName":"search_term_string"}}],"inLanguage":"fr-FR"},{"@type":"Organization","@id":"https:\/\/www.ebp.be\/fr\/#organization","name":"EBP Website","url":"https:\/\/www.ebp.be\/fr\/","logo":{"@type":"ImageObject","inLanguage":"fr-FR","@id":"https:\/\/www.ebp.be\/fr\/#\/schema\/logo\/image\/","url":"https:\/\/www.ebp.be\/wp-content\/uploads\/2025\/02\/EBP_2024_CMYK_500x500.png","contentUrl":"https:\/\/www.ebp.be\/wp-content\/uploads\/2025\/02\/EBP_2024_CMYK_500x500.png","width":500,"height":500,"caption":"EBP Website"},"image":{"@id":"https:\/\/www.ebp.be\/fr\/#\/schema\/logo\/image\/"}}]}},"_links":{"self":[{"href":"https:\/\/www.ebp.be\/fr\/wp-json\/wp\/v2\/verklarende_woorden\/16518","targetHints":{"allow":["GET"]}}],"collection":[{"href":"https:\/\/www.ebp.be\/fr\/wp-json\/wp\/v2\/verklarende_woorden"}],"about":[{"href":"https:\/\/www.ebp.be\/fr\/wp-json\/wp\/v2\/types\/verklarende_woorden"}],"wp:attachment":[{"href":"https:\/\/www.ebp.be\/fr\/wp-json\/wp\/v2\/media?parent=16518"}],"wp:term":[{"taxonomy":"letters","embeddable":true,"href":"https:\/\/www.ebp.be\/fr\/wp-json\/wp\/v2\/letters?post=16518"}],"curies":[{"name":"wp","href":"https:\/\/api.w.org\/{rel}","templated":true}]}}