{"id":16658,"date":"2025-03-06T11:30:17","date_gmt":"2025-03-06T10:30:17","guid":{"rendered":"https:\/\/www.ebp.be\/?post_type=verklarende_woordenl&#038;p=16658"},"modified":"2025-12-22T16:19:47","modified_gmt":"2025-12-22T15:19:47","slug":"rgpd-reglement-general-sur-la-protection-des-donnees","status":"publish","type":"verklarende_woorden","link":"https:\/\/www.ebp.be\/fr\/verklarende_woorden\/rgpd-reglement-general-sur-la-protection-des-donnees\/","title":{"rendered":"RGPD &#8211; R\u00e8glement g\u00e9n\u00e9ral sur la protection des donn\u00e9es"},"content":{"rendered":"\n<p>Le RGPD (en anglais : General Data Protection Regulation \u2013 GDPR en abr\u00e9g\u00e9) d\u00e9crit les r\u00e8gles relatives au traitement et \u00e0 la protection des donn\u00e9es personnelles par les entreprises particuli\u00e8res et le secter public au sein de l\u2019Union europ\u00e9enne. Ce r\u00e8glement remplace la directive sur la protection des donn\u00e9es personnelles de 1995, qui n\u2019\u00e9tait plus en phase avec l\u2019actuelle soci\u00e9t\u00e9 num\u00e9rique. Le RGPD a donc vu le jour en mai 2016, les organisations ayant jusqu\u2019au 25 mai 2018 pour s\u2019y conformer. Les organisations qui ne respectent pas ce r\u00e8glement s\u2019exposent \u00e0 de lourdes amendes administratives.<\/p>\n\n\n\n<p>Outre l\u2019obligation de respecter la loi relative aux march\u00e9s publics, les services adjudicateurs doivent satisfaire au RGPD. En mati\u00e8re de march\u00e9s publics, cela signifie qu\u2019une proc\u00e9dure de passation se divise en plusieurs phases, dont la prospection, la passation et l\u2019ex\u00e9cution du contrat. Chacune de ces phases peut \u00eatre sujette au traitement des donn\u00e9es personnelles, ce qui vous oblige \u00e0 respecter les dispositions du RGPD.<\/p>\n\n\n\n<p><strong>Voir aussi&nbsp;<\/strong>: GDPR \u2013 Protection des donn\u00e9es \u2013 R\u00e9glementation<\/p>\n","protected":false},"excerpt":{"rendered":"<p>Le RGPD (en anglais : General Data Protection Regulation \u2013 GDPR en abr\u00e9g\u00e9) d\u00e9crit les r\u00e8gles relatives au traitement et \u00e0 la protection des donn\u00e9es personnelles par les entreprises particuli\u00e8res et le secter public au sein de l\u2019Union europ\u00e9enne. Ce r\u00e8glement remplace la directive sur la protection des donn\u00e9es personnelles de 1995, qui n\u2019\u00e9tait plus &#8230; <a title=\"RGPD &#8211; R\u00e8glement g\u00e9n\u00e9ral sur la protection des donn\u00e9es\" class=\"read-more\" href=\"https:\/\/www.ebp.be\/fr\/verklarende_woorden\/rgpd-reglement-general-sur-la-protection-des-donnees\/\" aria-label=\"En savoir plus sur RGPD &#8211; R\u00e8glement g\u00e9n\u00e9ral sur la protection des donn\u00e9es\">Lire la suite<\/a><\/p>\n","protected":false},"featured_media":0,"template":"","letters":[281],"class_list":["post-16658","verklarende_woorden","type-verklarende_woorden","status-publish","hentry","letters-r"],"acf":[],"yoast_head":"<!-- This site is optimized with the Yoast SEO plugin v27.4 - https:\/\/yoast.com\/product\/yoast-seo-wordpress\/ -->\n<title>RGPD - R\u00e8glement g\u00e9n\u00e9ral sur la protection des donn\u00e9es - EBP Website<\/title>\n<meta name=\"robots\" content=\"index, follow, max-snippet:-1, max-image-preview:large, max-video-preview:-1\" \/>\n<link rel=\"canonical\" href=\"https:\/\/www.ebp.be\/fr\/verklarende_woorden\/rgpd-reglement-general-sur-la-protection-des-donnees\/\" \/>\n<meta property=\"og:locale\" content=\"fr_FR\" \/>\n<meta property=\"og:type\" content=\"article\" \/>\n<meta property=\"og:title\" content=\"RGPD - R\u00e8glement g\u00e9n\u00e9ral sur la protection des donn\u00e9es - EBP Website\" \/>\n<meta property=\"og:description\" content=\"Le RGPD (en anglais : General Data Protection Regulation \u2013 GDPR en abr\u00e9g\u00e9) d\u00e9crit les r\u00e8gles relatives au traitement et \u00e0 la protection des donn\u00e9es personnelles par les entreprises particuli\u00e8res et le secter public au sein de l\u2019Union europ\u00e9enne. Ce r\u00e8glement remplace la directive sur la protection des donn\u00e9es personnelles de 1995, qui n\u2019\u00e9tait plus ... Lire la suite\" \/>\n<meta property=\"og:url\" content=\"https:\/\/www.ebp.be\/fr\/verklarende_woorden\/rgpd-reglement-general-sur-la-protection-des-donnees\/\" \/>\n<meta property=\"og:site_name\" content=\"EBP Website\" \/>\n<meta property=\"article:modified_time\" content=\"2025-12-22T15:19:47+00:00\" \/>\n<meta name=\"twitter:card\" content=\"summary_large_image\" \/>\n<meta name=\"twitter:label1\" content=\"Dur\u00e9e de lecture estim\u00e9e\" \/>\n\t<meta name=\"twitter:data1\" content=\"2 minutes\" \/>\n<script type=\"application\/ld+json\" class=\"yoast-schema-graph\">{\"@context\":\"https:\\\/\\\/schema.org\",\"@graph\":[{\"@type\":\"WebPage\",\"@id\":\"https:\\\/\\\/www.ebp.be\\\/fr\\\/verklarende_woorden\\\/rgpd-reglement-general-sur-la-protection-des-donnees\\\/\",\"url\":\"https:\\\/\\\/www.ebp.be\\\/fr\\\/verklarende_woorden\\\/rgpd-reglement-general-sur-la-protection-des-donnees\\\/\",\"name\":\"RGPD - R\u00e8glement g\u00e9n\u00e9ral sur la protection des donn\u00e9es - EBP Website\",\"isPartOf\":{\"@id\":\"https:\\\/\\\/www.ebp.be\\\/fr\\\/#website\"},\"datePublished\":\"2025-03-06T10:30:17+00:00\",\"dateModified\":\"2025-12-22T15:19:47+00:00\",\"breadcrumb\":{\"@id\":\"https:\\\/\\\/www.ebp.be\\\/fr\\\/verklarende_woorden\\\/rgpd-reglement-general-sur-la-protection-des-donnees\\\/#breadcrumb\"},\"inLanguage\":\"fr-FR\",\"potentialAction\":[{\"@type\":\"ReadAction\",\"target\":[\"https:\\\/\\\/www.ebp.be\\\/fr\\\/verklarende_woorden\\\/rgpd-reglement-general-sur-la-protection-des-donnees\\\/\"]}]},{\"@type\":\"BreadcrumbList\",\"@id\":\"https:\\\/\\\/www.ebp.be\\\/fr\\\/verklarende_woorden\\\/rgpd-reglement-general-sur-la-protection-des-donnees\\\/#breadcrumb\",\"itemListElement\":[{\"@type\":\"ListItem\",\"position\":1,\"name\":\"Home\",\"item\":\"https:\\\/\\\/www.ebp.be\\\/fr\\\/\"},{\"@type\":\"ListItem\",\"position\":2,\"name\":\"RGPD &#8211; R\u00e8glement g\u00e9n\u00e9ral sur la protection des donn\u00e9es\"}]},{\"@type\":\"WebSite\",\"@id\":\"https:\\\/\\\/www.ebp.be\\\/fr\\\/#website\",\"url\":\"https:\\\/\\\/www.ebp.be\\\/fr\\\/\",\"name\":\"EBP Website\",\"description\":\"\",\"publisher\":{\"@id\":\"https:\\\/\\\/www.ebp.be\\\/fr\\\/#organization\"},\"potentialAction\":[{\"@type\":\"SearchAction\",\"target\":{\"@type\":\"EntryPoint\",\"urlTemplate\":\"https:\\\/\\\/www.ebp.be\\\/fr\\\/?s={search_term_string}\"},\"query-input\":{\"@type\":\"PropertyValueSpecification\",\"valueRequired\":true,\"valueName\":\"search_term_string\"}}],\"inLanguage\":\"fr-FR\"},{\"@type\":\"Organization\",\"@id\":\"https:\\\/\\\/www.ebp.be\\\/fr\\\/#organization\",\"name\":\"EBP Website\",\"url\":\"https:\\\/\\\/www.ebp.be\\\/fr\\\/\",\"logo\":{\"@type\":\"ImageObject\",\"inLanguage\":\"fr-FR\",\"@id\":\"https:\\\/\\\/www.ebp.be\\\/fr\\\/#\\\/schema\\\/logo\\\/image\\\/\",\"url\":\"https:\\\/\\\/www.ebp.be\\\/wp-content\\\/uploads\\\/2025\\\/02\\\/EBP_2024_CMYK_500x500.png\",\"contentUrl\":\"https:\\\/\\\/www.ebp.be\\\/wp-content\\\/uploads\\\/2025\\\/02\\\/EBP_2024_CMYK_500x500.png\",\"width\":500,\"height\":500,\"caption\":\"EBP Website\"},\"image\":{\"@id\":\"https:\\\/\\\/www.ebp.be\\\/fr\\\/#\\\/schema\\\/logo\\\/image\\\/\"}}]}<\/script>\n<!-- \/ Yoast SEO plugin. -->","yoast_head_json":{"title":"RGPD - R\u00e8glement g\u00e9n\u00e9ral sur la protection des donn\u00e9es - EBP Website","robots":{"index":"index","follow":"follow","max-snippet":"max-snippet:-1","max-image-preview":"max-image-preview:large","max-video-preview":"max-video-preview:-1"},"canonical":"https:\/\/www.ebp.be\/fr\/verklarende_woorden\/rgpd-reglement-general-sur-la-protection-des-donnees\/","og_locale":"fr_FR","og_type":"article","og_title":"RGPD - R\u00e8glement g\u00e9n\u00e9ral sur la protection des donn\u00e9es - EBP Website","og_description":"Le RGPD (en anglais : General Data Protection Regulation \u2013 GDPR en abr\u00e9g\u00e9) d\u00e9crit les r\u00e8gles relatives au traitement et \u00e0 la protection des donn\u00e9es personnelles par les entreprises particuli\u00e8res et le secter public au sein de l\u2019Union europ\u00e9enne. Ce r\u00e8glement remplace la directive sur la protection des donn\u00e9es personnelles de 1995, qui n\u2019\u00e9tait plus ... Lire la suite","og_url":"https:\/\/www.ebp.be\/fr\/verklarende_woorden\/rgpd-reglement-general-sur-la-protection-des-donnees\/","og_site_name":"EBP Website","article_modified_time":"2025-12-22T15:19:47+00:00","twitter_card":"summary_large_image","twitter_misc":{"Dur\u00e9e de lecture estim\u00e9e":"2 minutes"},"schema":{"@context":"https:\/\/schema.org","@graph":[{"@type":"WebPage","@id":"https:\/\/www.ebp.be\/fr\/verklarende_woorden\/rgpd-reglement-general-sur-la-protection-des-donnees\/","url":"https:\/\/www.ebp.be\/fr\/verklarende_woorden\/rgpd-reglement-general-sur-la-protection-des-donnees\/","name":"RGPD - R\u00e8glement g\u00e9n\u00e9ral sur la protection des donn\u00e9es - EBP Website","isPartOf":{"@id":"https:\/\/www.ebp.be\/fr\/#website"},"datePublished":"2025-03-06T10:30:17+00:00","dateModified":"2025-12-22T15:19:47+00:00","breadcrumb":{"@id":"https:\/\/www.ebp.be\/fr\/verklarende_woorden\/rgpd-reglement-general-sur-la-protection-des-donnees\/#breadcrumb"},"inLanguage":"fr-FR","potentialAction":[{"@type":"ReadAction","target":["https:\/\/www.ebp.be\/fr\/verklarende_woorden\/rgpd-reglement-general-sur-la-protection-des-donnees\/"]}]},{"@type":"BreadcrumbList","@id":"https:\/\/www.ebp.be\/fr\/verklarende_woorden\/rgpd-reglement-general-sur-la-protection-des-donnees\/#breadcrumb","itemListElement":[{"@type":"ListItem","position":1,"name":"Home","item":"https:\/\/www.ebp.be\/fr\/"},{"@type":"ListItem","position":2,"name":"RGPD &#8211; R\u00e8glement g\u00e9n\u00e9ral sur la protection des donn\u00e9es"}]},{"@type":"WebSite","@id":"https:\/\/www.ebp.be\/fr\/#website","url":"https:\/\/www.ebp.be\/fr\/","name":"EBP Website","description":"","publisher":{"@id":"https:\/\/www.ebp.be\/fr\/#organization"},"potentialAction":[{"@type":"SearchAction","target":{"@type":"EntryPoint","urlTemplate":"https:\/\/www.ebp.be\/fr\/?s={search_term_string}"},"query-input":{"@type":"PropertyValueSpecification","valueRequired":true,"valueName":"search_term_string"}}],"inLanguage":"fr-FR"},{"@type":"Organization","@id":"https:\/\/www.ebp.be\/fr\/#organization","name":"EBP Website","url":"https:\/\/www.ebp.be\/fr\/","logo":{"@type":"ImageObject","inLanguage":"fr-FR","@id":"https:\/\/www.ebp.be\/fr\/#\/schema\/logo\/image\/","url":"https:\/\/www.ebp.be\/wp-content\/uploads\/2025\/02\/EBP_2024_CMYK_500x500.png","contentUrl":"https:\/\/www.ebp.be\/wp-content\/uploads\/2025\/02\/EBP_2024_CMYK_500x500.png","width":500,"height":500,"caption":"EBP Website"},"image":{"@id":"https:\/\/www.ebp.be\/fr\/#\/schema\/logo\/image\/"}}]}},"_links":{"self":[{"href":"https:\/\/www.ebp.be\/fr\/wp-json\/wp\/v2\/verklarende_woorden\/16658","targetHints":{"allow":["GET"]}}],"collection":[{"href":"https:\/\/www.ebp.be\/fr\/wp-json\/wp\/v2\/verklarende_woorden"}],"about":[{"href":"https:\/\/www.ebp.be\/fr\/wp-json\/wp\/v2\/types\/verklarende_woorden"}],"wp:attachment":[{"href":"https:\/\/www.ebp.be\/fr\/wp-json\/wp\/v2\/media?parent=16658"}],"wp:term":[{"taxonomy":"letters","embeddable":true,"href":"https:\/\/www.ebp.be\/fr\/wp-json\/wp\/v2\/letters?post=16658"}],"curies":[{"name":"wp","href":"https:\/\/api.w.org\/{rel}","templated":true}]}}