{"id":16704,"date":"2025-03-06T11:59:11","date_gmt":"2025-03-06T10:59:11","guid":{"rendered":"https:\/\/www.ebp.be\/?post_type=verklarende_woordenl&#038;p=16704"},"modified":"2025-12-22T16:19:47","modified_gmt":"2025-12-22T15:19:47","slug":"vocabulaire-commun-pour-les-marches-publics","status":"publish","type":"verklarende_woorden","link":"https:\/\/www.ebp.be\/fr\/verklarende_woorden\/vocabulaire-commun-pour-les-marches-publics\/","title":{"rendered":"Vocabulaire commun pour les march\u00e9s publics"},"content":{"rendered":"\n<p>Cette liste de termes est une nomenclature commune \u00e0 l\u2019ensemble de l\u2019Union europ\u00e9enne. Elle a \u00e9t\u00e9 mise au point dans le but de simplifier l\u2019encodage des donn\u00e9es relatives aux adjudications publi\u00e9es dans le Journal officiel. Ce syst\u00e8me de classification unique est utilis\u00e9 pour tous les \u00c9tats-membres de l\u2019UE et dans toutes les langues de l\u2019UE. Concr\u00e8tement, tous les types de march\u00e9s publics possibles, que ce soit dans le secteur des services, des fournitures ou des travaux, se sont vu attribuer un code particulier. Le CPV comprend un vocabulaire principal et un vocabulaire suppl\u00e9mentaire. Le vocabulaire suppl\u00e9mentaire permet d\u2019apporter plus de pr\u00e9cisions lorsqu\u2019elles sont demand\u00e9es, par exemple des sp\u00e9cifications relatives au mat\u00e9riau, \u00e0 la forme, \u00e0 la m\u00e9thode de travail ou \u00e0 l\u2019utilisation recommand\u00e9e.<\/p>\n\n\n\n<p>Depuis le 01\/02\/2006, les services adjudicateurs sont tenus d\u2019appliquer ce syst\u00e8me de classification.<\/p>\n\n\n\n<p>En publiant un avis de march\u00e9 public, ils doivent attribuer un code CPV au march\u00e9 concern\u00e9. Celui-ci doit \u00eatre d\u00e9sign\u00e9 par un seul code g\u00e9n\u00e9rique issu de la liste principale, mais aussi un ou plusieurs sous-codes issus de la liste suppl\u00e9mentaire. C\u2019est aux services adjudicateurs que revient la responsabilit\u00e9 de trouver le code qui correspond le plus pr\u00e9cis\u00e9ment possible au march\u00e9 dont ils publient l\u2019avis.<\/p>\n\n\n\n<p><strong>Voir aussi&nbsp;<\/strong>: Code CPV \u2013 classification<\/p>\n\n\n\n<p><\/p>\n","protected":false},"excerpt":{"rendered":"<p>Cette liste de termes est une nomenclature commune \u00e0 l\u2019ensemble de l\u2019Union europ\u00e9enne. Elle a \u00e9t\u00e9 mise au point dans le but de simplifier l\u2019encodage des donn\u00e9es relatives aux adjudications publi\u00e9es dans le Journal officiel. Ce syst\u00e8me de classification unique est utilis\u00e9 pour tous les \u00c9tats-membres de l\u2019UE et dans toutes les langues de l\u2019UE. &#8230; <a title=\"Vocabulaire commun pour les march\u00e9s publics\" class=\"read-more\" href=\"https:\/\/www.ebp.be\/fr\/verklarende_woorden\/vocabulaire-commun-pour-les-marches-publics\/\" aria-label=\"En savoir plus sur Vocabulaire commun pour les march\u00e9s publics\">Lire la suite<\/a><\/p>\n","protected":false},"featured_media":0,"template":"","letters":[285],"class_list":["post-16704","verklarende_woorden","type-verklarende_woorden","status-publish","hentry","letters-v"],"acf":[],"yoast_head":"<!-- This site is optimized with the Yoast SEO plugin v27.4 - https:\/\/yoast.com\/product\/yoast-seo-wordpress\/ -->\n<title>Vocabulaire commun pour les march\u00e9s publics - EBP Website<\/title>\n<meta name=\"robots\" content=\"index, follow, max-snippet:-1, max-image-preview:large, max-video-preview:-1\" \/>\n<link rel=\"canonical\" href=\"https:\/\/www.ebp.be\/fr\/verklarende_woorden\/vocabulaire-commun-pour-les-marches-publics\/\" \/>\n<meta property=\"og:locale\" content=\"fr_FR\" \/>\n<meta property=\"og:type\" content=\"article\" \/>\n<meta property=\"og:title\" content=\"Vocabulaire commun pour les march\u00e9s publics - EBP Website\" \/>\n<meta property=\"og:description\" content=\"Cette liste de termes est une nomenclature commune \u00e0 l\u2019ensemble de l\u2019Union europ\u00e9enne. Elle a \u00e9t\u00e9 mise au point dans le but de simplifier l\u2019encodage des donn\u00e9es relatives aux adjudications publi\u00e9es dans le Journal officiel. Ce syst\u00e8me de classification unique est utilis\u00e9 pour tous les \u00c9tats-membres de l\u2019UE et dans toutes les langues de l\u2019UE. ... Lire la suite\" \/>\n<meta property=\"og:url\" content=\"https:\/\/www.ebp.be\/fr\/verklarende_woorden\/vocabulaire-commun-pour-les-marches-publics\/\" \/>\n<meta property=\"og:site_name\" content=\"EBP Website\" \/>\n<meta property=\"article:modified_time\" content=\"2025-12-22T15:19:47+00:00\" \/>\n<meta name=\"twitter:card\" content=\"summary_large_image\" \/>\n<meta name=\"twitter:label1\" content=\"Dur\u00e9e de lecture estim\u00e9e\" \/>\n\t<meta name=\"twitter:data1\" content=\"1 minute\" \/>\n<script type=\"application\/ld+json\" class=\"yoast-schema-graph\">{\"@context\":\"https:\\\/\\\/schema.org\",\"@graph\":[{\"@type\":\"WebPage\",\"@id\":\"https:\\\/\\\/www.ebp.be\\\/fr\\\/verklarende_woorden\\\/vocabulaire-commun-pour-les-marches-publics\\\/\",\"url\":\"https:\\\/\\\/www.ebp.be\\\/fr\\\/verklarende_woorden\\\/vocabulaire-commun-pour-les-marches-publics\\\/\",\"name\":\"Vocabulaire commun pour les march\u00e9s publics - EBP Website\",\"isPartOf\":{\"@id\":\"https:\\\/\\\/www.ebp.be\\\/fr\\\/#website\"},\"datePublished\":\"2025-03-06T10:59:11+00:00\",\"dateModified\":\"2025-12-22T15:19:47+00:00\",\"breadcrumb\":{\"@id\":\"https:\\\/\\\/www.ebp.be\\\/fr\\\/verklarende_woorden\\\/vocabulaire-commun-pour-les-marches-publics\\\/#breadcrumb\"},\"inLanguage\":\"fr-FR\",\"potentialAction\":[{\"@type\":\"ReadAction\",\"target\":[\"https:\\\/\\\/www.ebp.be\\\/fr\\\/verklarende_woorden\\\/vocabulaire-commun-pour-les-marches-publics\\\/\"]}]},{\"@type\":\"BreadcrumbList\",\"@id\":\"https:\\\/\\\/www.ebp.be\\\/fr\\\/verklarende_woorden\\\/vocabulaire-commun-pour-les-marches-publics\\\/#breadcrumb\",\"itemListElement\":[{\"@type\":\"ListItem\",\"position\":1,\"name\":\"Home\",\"item\":\"https:\\\/\\\/www.ebp.be\\\/fr\\\/\"},{\"@type\":\"ListItem\",\"position\":2,\"name\":\"Vocabulaire commun pour les march\u00e9s publics\"}]},{\"@type\":\"WebSite\",\"@id\":\"https:\\\/\\\/www.ebp.be\\\/fr\\\/#website\",\"url\":\"https:\\\/\\\/www.ebp.be\\\/fr\\\/\",\"name\":\"EBP Website\",\"description\":\"\",\"publisher\":{\"@id\":\"https:\\\/\\\/www.ebp.be\\\/fr\\\/#organization\"},\"potentialAction\":[{\"@type\":\"SearchAction\",\"target\":{\"@type\":\"EntryPoint\",\"urlTemplate\":\"https:\\\/\\\/www.ebp.be\\\/fr\\\/?s={search_term_string}\"},\"query-input\":{\"@type\":\"PropertyValueSpecification\",\"valueRequired\":true,\"valueName\":\"search_term_string\"}}],\"inLanguage\":\"fr-FR\"},{\"@type\":\"Organization\",\"@id\":\"https:\\\/\\\/www.ebp.be\\\/fr\\\/#organization\",\"name\":\"EBP Website\",\"url\":\"https:\\\/\\\/www.ebp.be\\\/fr\\\/\",\"logo\":{\"@type\":\"ImageObject\",\"inLanguage\":\"fr-FR\",\"@id\":\"https:\\\/\\\/www.ebp.be\\\/fr\\\/#\\\/schema\\\/logo\\\/image\\\/\",\"url\":\"https:\\\/\\\/www.ebp.be\\\/wp-content\\\/uploads\\\/2025\\\/02\\\/EBP_2024_CMYK_500x500.png\",\"contentUrl\":\"https:\\\/\\\/www.ebp.be\\\/wp-content\\\/uploads\\\/2025\\\/02\\\/EBP_2024_CMYK_500x500.png\",\"width\":500,\"height\":500,\"caption\":\"EBP Website\"},\"image\":{\"@id\":\"https:\\\/\\\/www.ebp.be\\\/fr\\\/#\\\/schema\\\/logo\\\/image\\\/\"}}]}<\/script>\n<!-- \/ Yoast SEO plugin. -->","yoast_head_json":{"title":"Vocabulaire commun pour les march\u00e9s publics - EBP Website","robots":{"index":"index","follow":"follow","max-snippet":"max-snippet:-1","max-image-preview":"max-image-preview:large","max-video-preview":"max-video-preview:-1"},"canonical":"https:\/\/www.ebp.be\/fr\/verklarende_woorden\/vocabulaire-commun-pour-les-marches-publics\/","og_locale":"fr_FR","og_type":"article","og_title":"Vocabulaire commun pour les march\u00e9s publics - EBP Website","og_description":"Cette liste de termes est une nomenclature commune \u00e0 l\u2019ensemble de l\u2019Union europ\u00e9enne. Elle a \u00e9t\u00e9 mise au point dans le but de simplifier l\u2019encodage des donn\u00e9es relatives aux adjudications publi\u00e9es dans le Journal officiel. Ce syst\u00e8me de classification unique est utilis\u00e9 pour tous les \u00c9tats-membres de l\u2019UE et dans toutes les langues de l\u2019UE. ... Lire la suite","og_url":"https:\/\/www.ebp.be\/fr\/verklarende_woorden\/vocabulaire-commun-pour-les-marches-publics\/","og_site_name":"EBP Website","article_modified_time":"2025-12-22T15:19:47+00:00","twitter_card":"summary_large_image","twitter_misc":{"Dur\u00e9e de lecture estim\u00e9e":"1 minute"},"schema":{"@context":"https:\/\/schema.org","@graph":[{"@type":"WebPage","@id":"https:\/\/www.ebp.be\/fr\/verklarende_woorden\/vocabulaire-commun-pour-les-marches-publics\/","url":"https:\/\/www.ebp.be\/fr\/verklarende_woorden\/vocabulaire-commun-pour-les-marches-publics\/","name":"Vocabulaire commun pour les march\u00e9s publics - EBP Website","isPartOf":{"@id":"https:\/\/www.ebp.be\/fr\/#website"},"datePublished":"2025-03-06T10:59:11+00:00","dateModified":"2025-12-22T15:19:47+00:00","breadcrumb":{"@id":"https:\/\/www.ebp.be\/fr\/verklarende_woorden\/vocabulaire-commun-pour-les-marches-publics\/#breadcrumb"},"inLanguage":"fr-FR","potentialAction":[{"@type":"ReadAction","target":["https:\/\/www.ebp.be\/fr\/verklarende_woorden\/vocabulaire-commun-pour-les-marches-publics\/"]}]},{"@type":"BreadcrumbList","@id":"https:\/\/www.ebp.be\/fr\/verklarende_woorden\/vocabulaire-commun-pour-les-marches-publics\/#breadcrumb","itemListElement":[{"@type":"ListItem","position":1,"name":"Home","item":"https:\/\/www.ebp.be\/fr\/"},{"@type":"ListItem","position":2,"name":"Vocabulaire commun pour les march\u00e9s publics"}]},{"@type":"WebSite","@id":"https:\/\/www.ebp.be\/fr\/#website","url":"https:\/\/www.ebp.be\/fr\/","name":"EBP Website","description":"","publisher":{"@id":"https:\/\/www.ebp.be\/fr\/#organization"},"potentialAction":[{"@type":"SearchAction","target":{"@type":"EntryPoint","urlTemplate":"https:\/\/www.ebp.be\/fr\/?s={search_term_string}"},"query-input":{"@type":"PropertyValueSpecification","valueRequired":true,"valueName":"search_term_string"}}],"inLanguage":"fr-FR"},{"@type":"Organization","@id":"https:\/\/www.ebp.be\/fr\/#organization","name":"EBP Website","url":"https:\/\/www.ebp.be\/fr\/","logo":{"@type":"ImageObject","inLanguage":"fr-FR","@id":"https:\/\/www.ebp.be\/fr\/#\/schema\/logo\/image\/","url":"https:\/\/www.ebp.be\/wp-content\/uploads\/2025\/02\/EBP_2024_CMYK_500x500.png","contentUrl":"https:\/\/www.ebp.be\/wp-content\/uploads\/2025\/02\/EBP_2024_CMYK_500x500.png","width":500,"height":500,"caption":"EBP Website"},"image":{"@id":"https:\/\/www.ebp.be\/fr\/#\/schema\/logo\/image\/"}}]}},"_links":{"self":[{"href":"https:\/\/www.ebp.be\/fr\/wp-json\/wp\/v2\/verklarende_woorden\/16704","targetHints":{"allow":["GET"]}}],"collection":[{"href":"https:\/\/www.ebp.be\/fr\/wp-json\/wp\/v2\/verklarende_woorden"}],"about":[{"href":"https:\/\/www.ebp.be\/fr\/wp-json\/wp\/v2\/types\/verklarende_woorden"}],"wp:attachment":[{"href":"https:\/\/www.ebp.be\/fr\/wp-json\/wp\/v2\/media?parent=16704"}],"wp:term":[{"taxonomy":"letters","embeddable":true,"href":"https:\/\/www.ebp.be\/fr\/wp-json\/wp\/v2\/letters?post=16704"}],"curies":[{"name":"wp","href":"https:\/\/api.w.org\/{rel}","templated":true}]}}