{"id":16780,"date":"2025-03-06T12:59:33","date_gmt":"2025-03-06T11:59:33","guid":{"rendered":"https:\/\/www.ebp.be\/?post_type=verklarende_woordenl&#038;p=16780"},"modified":"2025-12-22T16:19:47","modified_gmt":"2025-12-22T15:19:47","slug":"art-8-de-la-loi-relative-aux-marches-publics","status":"publish","type":"verklarende_woorden","link":"https:\/\/www.ebp.be\/fr\/verklarende_woorden\/art-8-de-la-loi-relative-aux-marches-publics\/","title":{"rendered":"Art.8 de la loi relative aux march\u00e9s publics"},"content":{"rendered":"\n<p>Les op\u00e9rateurs \u00e9conomiques qui sont habilit\u00e9s \u00e0 fournir la prestation concern\u00e9e ne peuvent \u00eatre rejet\u00e9s au seul motif qu\u2019ils seraient tenus d\u2019\u00eatre soit des personnes physiques, soit des personnes morales.<\/p>\n\n\n\n<p>Les groupements d\u2019op\u00e9rateurs \u00e9conomiques peuvent participer aux march\u00e9s publics. Ils ne sont pas contraints par les adjudicateurs d\u2019avoir une forme juridique d\u00e9termin\u00e9e pour pr\u00e9senter une demande de participation ou une offre.<\/p>\n\n\n\n<p>Les adjudicateurs peuvent pr\u00e9ciser, dans les documents du march\u00e9, la mani\u00e8re dont les groupements d\u2019op\u00e9rateurs \u00e9conomiques doivent remplir les exigences relatives \u00e0 la capacit\u00e9 \u00e9conomique et financi\u00e8re ou aux capacit\u00e9s techniques et professionnelles, ou les crit\u00e8res et r\u00e8gles en mati\u00e8re de qualification et de s\u00e9lection qualitative vis\u00e9s au Titre&nbsp;3, Chapitre&nbsp;4, Section, 3, Sous-section&nbsp;2, pour autant que cela soit justifi\u00e9 par des motifs objectifs et que ce soit proportionn\u00e9. Le Roi peut d\u00e9terminer les conditions d\u2019application de ces exigences.<\/p>\n\n\n\n<p>Les op\u00e9rateurs \u00e9conomiques qui sont habilit\u00e9s \u00e0 fournir la prestation concern\u00e9e ne peuvent \u00eatre rejet\u00e9s au seul motif qu\u2019ils seraient tenus d\u2019\u00eatre soit des personnes physiques, soit des personnes morales.<\/p>\n\n\n\n<p>Les groupements d\u2019op\u00e9rateurs \u00e9conomiques peuvent participer aux march\u00e9s publics. Ils ne sont pas contraints par les adjudicateurs d\u2019avoir une forme juridique d\u00e9termin\u00e9e pour pr\u00e9senter une demande de participation ou une offre.<\/p>\n\n\n\n<p>Les adjudicateurs peuvent pr\u00e9ciser, dans les documents du march\u00e9, la mani\u00e8re dont les groupements d\u2019op\u00e9rateurs \u00e9conomiques doivent remplir les exigences relatives \u00e0 la capacit\u00e9 \u00e9conomique et financi\u00e8re ou aux capacit\u00e9s techniques et professionnelles, ou les crit\u00e8res et r\u00e8gles en mati\u00e8re de qualification et de s\u00e9lection qualitative vis\u00e9s au Titre&nbsp;3, Chapitre&nbsp;4, Section, 3, Sous-section&nbsp;2, pour autant que cela soit justifi\u00e9 par des motifs objectifs et que ce soit proportionn\u00e9. Le Roi peut d\u00e9terminer les conditions d\u2019application de ces exigences.<\/p>\n\n\n\n<p><\/p>\n","protected":false},"excerpt":{"rendered":"<p>Les op\u00e9rateurs \u00e9conomiques qui sont habilit\u00e9s \u00e0 fournir la prestation concern\u00e9e ne peuvent \u00eatre rejet\u00e9s au seul motif qu\u2019ils seraient tenus d\u2019\u00eatre soit des personnes physiques, soit des personnes morales. Les groupements d\u2019op\u00e9rateurs \u00e9conomiques peuvent participer aux march\u00e9s publics. Ils ne sont pas contraints par les adjudicateurs d\u2019avoir une forme juridique d\u00e9termin\u00e9e pour pr\u00e9senter une &#8230; <a title=\"Art.8 de la loi relative aux march\u00e9s publics\" class=\"read-more\" href=\"https:\/\/www.ebp.be\/fr\/verklarende_woorden\/art-8-de-la-loi-relative-aux-marches-publics\/\" aria-label=\"En savoir plus sur Art.8 de la loi relative aux march\u00e9s publics\">Lire la suite<\/a><\/p>\n","protected":false},"featured_media":0,"template":"","letters":[294],"class_list":["post-16780","verklarende_woorden","type-verklarende_woorden","status-publish","hentry","letters-mp"],"acf":[],"yoast_head":"<!-- This site is optimized with the Yoast SEO plugin v27.4 - https:\/\/yoast.com\/product\/yoast-seo-wordpress\/ -->\n<title>Art.8 de la loi relative aux march\u00e9s publics - EBP Website<\/title>\n<meta name=\"robots\" content=\"index, follow, max-snippet:-1, max-image-preview:large, max-video-preview:-1\" \/>\n<link rel=\"canonical\" href=\"https:\/\/www.ebp.be\/fr\/verklarende_woorden\/art-8-de-la-loi-relative-aux-marches-publics\/\" \/>\n<meta property=\"og:locale\" content=\"fr_FR\" \/>\n<meta property=\"og:type\" content=\"article\" \/>\n<meta property=\"og:title\" content=\"Art.8 de la loi relative aux march\u00e9s publics - EBP Website\" \/>\n<meta property=\"og:description\" content=\"Les op\u00e9rateurs \u00e9conomiques qui sont habilit\u00e9s \u00e0 fournir la prestation concern\u00e9e ne peuvent \u00eatre rejet\u00e9s au seul motif qu\u2019ils seraient tenus d\u2019\u00eatre soit des personnes physiques, soit des personnes morales. Les groupements d\u2019op\u00e9rateurs \u00e9conomiques peuvent participer aux march\u00e9s publics. Ils ne sont pas contraints par les adjudicateurs d\u2019avoir une forme juridique d\u00e9termin\u00e9e pour pr\u00e9senter une ... Lire la suite\" \/>\n<meta property=\"og:url\" content=\"https:\/\/www.ebp.be\/fr\/verklarende_woorden\/art-8-de-la-loi-relative-aux-marches-publics\/\" \/>\n<meta property=\"og:site_name\" content=\"EBP Website\" \/>\n<meta property=\"article:modified_time\" content=\"2025-12-22T15:19:47+00:00\" \/>\n<meta name=\"twitter:card\" content=\"summary_large_image\" \/>\n<meta name=\"twitter:label1\" content=\"Dur\u00e9e de lecture estim\u00e9e\" \/>\n\t<meta name=\"twitter:data1\" content=\"2 minutes\" \/>\n<script type=\"application\/ld+json\" class=\"yoast-schema-graph\">{\"@context\":\"https:\\\/\\\/schema.org\",\"@graph\":[{\"@type\":\"WebPage\",\"@id\":\"https:\\\/\\\/www.ebp.be\\\/fr\\\/verklarende_woorden\\\/art-8-de-la-loi-relative-aux-marches-publics\\\/\",\"url\":\"https:\\\/\\\/www.ebp.be\\\/fr\\\/verklarende_woorden\\\/art-8-de-la-loi-relative-aux-marches-publics\\\/\",\"name\":\"Art.8 de la loi relative aux march\u00e9s publics - EBP Website\",\"isPartOf\":{\"@id\":\"https:\\\/\\\/www.ebp.be\\\/fr\\\/#website\"},\"datePublished\":\"2025-03-06T11:59:33+00:00\",\"dateModified\":\"2025-12-22T15:19:47+00:00\",\"breadcrumb\":{\"@id\":\"https:\\\/\\\/www.ebp.be\\\/fr\\\/verklarende_woorden\\\/art-8-de-la-loi-relative-aux-marches-publics\\\/#breadcrumb\"},\"inLanguage\":\"fr-FR\",\"potentialAction\":[{\"@type\":\"ReadAction\",\"target\":[\"https:\\\/\\\/www.ebp.be\\\/fr\\\/verklarende_woorden\\\/art-8-de-la-loi-relative-aux-marches-publics\\\/\"]}]},{\"@type\":\"BreadcrumbList\",\"@id\":\"https:\\\/\\\/www.ebp.be\\\/fr\\\/verklarende_woorden\\\/art-8-de-la-loi-relative-aux-marches-publics\\\/#breadcrumb\",\"itemListElement\":[{\"@type\":\"ListItem\",\"position\":1,\"name\":\"Home\",\"item\":\"https:\\\/\\\/www.ebp.be\\\/fr\\\/\"},{\"@type\":\"ListItem\",\"position\":2,\"name\":\"Art.8 de la loi relative aux march\u00e9s publics\"}]},{\"@type\":\"WebSite\",\"@id\":\"https:\\\/\\\/www.ebp.be\\\/fr\\\/#website\",\"url\":\"https:\\\/\\\/www.ebp.be\\\/fr\\\/\",\"name\":\"EBP Website\",\"description\":\"\",\"publisher\":{\"@id\":\"https:\\\/\\\/www.ebp.be\\\/fr\\\/#organization\"},\"potentialAction\":[{\"@type\":\"SearchAction\",\"target\":{\"@type\":\"EntryPoint\",\"urlTemplate\":\"https:\\\/\\\/www.ebp.be\\\/fr\\\/?s={search_term_string}\"},\"query-input\":{\"@type\":\"PropertyValueSpecification\",\"valueRequired\":true,\"valueName\":\"search_term_string\"}}],\"inLanguage\":\"fr-FR\"},{\"@type\":\"Organization\",\"@id\":\"https:\\\/\\\/www.ebp.be\\\/fr\\\/#organization\",\"name\":\"EBP Website\",\"url\":\"https:\\\/\\\/www.ebp.be\\\/fr\\\/\",\"logo\":{\"@type\":\"ImageObject\",\"inLanguage\":\"fr-FR\",\"@id\":\"https:\\\/\\\/www.ebp.be\\\/fr\\\/#\\\/schema\\\/logo\\\/image\\\/\",\"url\":\"https:\\\/\\\/www.ebp.be\\\/wp-content\\\/uploads\\\/2025\\\/02\\\/EBP_2024_CMYK_500x500.png\",\"contentUrl\":\"https:\\\/\\\/www.ebp.be\\\/wp-content\\\/uploads\\\/2025\\\/02\\\/EBP_2024_CMYK_500x500.png\",\"width\":500,\"height\":500,\"caption\":\"EBP Website\"},\"image\":{\"@id\":\"https:\\\/\\\/www.ebp.be\\\/fr\\\/#\\\/schema\\\/logo\\\/image\\\/\"}}]}<\/script>\n<!-- \/ Yoast SEO plugin. -->","yoast_head_json":{"title":"Art.8 de la loi relative aux march\u00e9s publics - EBP Website","robots":{"index":"index","follow":"follow","max-snippet":"max-snippet:-1","max-image-preview":"max-image-preview:large","max-video-preview":"max-video-preview:-1"},"canonical":"https:\/\/www.ebp.be\/fr\/verklarende_woorden\/art-8-de-la-loi-relative-aux-marches-publics\/","og_locale":"fr_FR","og_type":"article","og_title":"Art.8 de la loi relative aux march\u00e9s publics - EBP Website","og_description":"Les op\u00e9rateurs \u00e9conomiques qui sont habilit\u00e9s \u00e0 fournir la prestation concern\u00e9e ne peuvent \u00eatre rejet\u00e9s au seul motif qu\u2019ils seraient tenus d\u2019\u00eatre soit des personnes physiques, soit des personnes morales. Les groupements d\u2019op\u00e9rateurs \u00e9conomiques peuvent participer aux march\u00e9s publics. Ils ne sont pas contraints par les adjudicateurs d\u2019avoir une forme juridique d\u00e9termin\u00e9e pour pr\u00e9senter une ... Lire la suite","og_url":"https:\/\/www.ebp.be\/fr\/verklarende_woorden\/art-8-de-la-loi-relative-aux-marches-publics\/","og_site_name":"EBP Website","article_modified_time":"2025-12-22T15:19:47+00:00","twitter_card":"summary_large_image","twitter_misc":{"Dur\u00e9e de lecture estim\u00e9e":"2 minutes"},"schema":{"@context":"https:\/\/schema.org","@graph":[{"@type":"WebPage","@id":"https:\/\/www.ebp.be\/fr\/verklarende_woorden\/art-8-de-la-loi-relative-aux-marches-publics\/","url":"https:\/\/www.ebp.be\/fr\/verklarende_woorden\/art-8-de-la-loi-relative-aux-marches-publics\/","name":"Art.8 de la loi relative aux march\u00e9s publics - EBP Website","isPartOf":{"@id":"https:\/\/www.ebp.be\/fr\/#website"},"datePublished":"2025-03-06T11:59:33+00:00","dateModified":"2025-12-22T15:19:47+00:00","breadcrumb":{"@id":"https:\/\/www.ebp.be\/fr\/verklarende_woorden\/art-8-de-la-loi-relative-aux-marches-publics\/#breadcrumb"},"inLanguage":"fr-FR","potentialAction":[{"@type":"ReadAction","target":["https:\/\/www.ebp.be\/fr\/verklarende_woorden\/art-8-de-la-loi-relative-aux-marches-publics\/"]}]},{"@type":"BreadcrumbList","@id":"https:\/\/www.ebp.be\/fr\/verklarende_woorden\/art-8-de-la-loi-relative-aux-marches-publics\/#breadcrumb","itemListElement":[{"@type":"ListItem","position":1,"name":"Home","item":"https:\/\/www.ebp.be\/fr\/"},{"@type":"ListItem","position":2,"name":"Art.8 de la loi relative aux march\u00e9s publics"}]},{"@type":"WebSite","@id":"https:\/\/www.ebp.be\/fr\/#website","url":"https:\/\/www.ebp.be\/fr\/","name":"EBP Website","description":"","publisher":{"@id":"https:\/\/www.ebp.be\/fr\/#organization"},"potentialAction":[{"@type":"SearchAction","target":{"@type":"EntryPoint","urlTemplate":"https:\/\/www.ebp.be\/fr\/?s={search_term_string}"},"query-input":{"@type":"PropertyValueSpecification","valueRequired":true,"valueName":"search_term_string"}}],"inLanguage":"fr-FR"},{"@type":"Organization","@id":"https:\/\/www.ebp.be\/fr\/#organization","name":"EBP Website","url":"https:\/\/www.ebp.be\/fr\/","logo":{"@type":"ImageObject","inLanguage":"fr-FR","@id":"https:\/\/www.ebp.be\/fr\/#\/schema\/logo\/image\/","url":"https:\/\/www.ebp.be\/wp-content\/uploads\/2025\/02\/EBP_2024_CMYK_500x500.png","contentUrl":"https:\/\/www.ebp.be\/wp-content\/uploads\/2025\/02\/EBP_2024_CMYK_500x500.png","width":500,"height":500,"caption":"EBP Website"},"image":{"@id":"https:\/\/www.ebp.be\/fr\/#\/schema\/logo\/image\/"}}]}},"_links":{"self":[{"href":"https:\/\/www.ebp.be\/fr\/wp-json\/wp\/v2\/verklarende_woorden\/16780","targetHints":{"allow":["GET"]}}],"collection":[{"href":"https:\/\/www.ebp.be\/fr\/wp-json\/wp\/v2\/verklarende_woorden"}],"about":[{"href":"https:\/\/www.ebp.be\/fr\/wp-json\/wp\/v2\/types\/verklarende_woorden"}],"wp:attachment":[{"href":"https:\/\/www.ebp.be\/fr\/wp-json\/wp\/v2\/media?parent=16780"}],"wp:term":[{"taxonomy":"letters","embeddable":true,"href":"https:\/\/www.ebp.be\/fr\/wp-json\/wp\/v2\/letters?post=16780"}],"curies":[{"name":"wp","href":"https:\/\/api.w.org\/{rel}","templated":true}]}}