{"id":16786,"date":"2025-03-06T13:03:45","date_gmt":"2025-03-06T12:03:45","guid":{"rendered":"https:\/\/www.ebp.be\/?post_type=verklarende_woordenl&#038;p=16786"},"modified":"2025-12-22T16:19:47","modified_gmt":"2025-12-22T15:19:47","slug":"art-42-de-la-loi-relative-aux-marches-publics","status":"publish","type":"verklarende_woorden","link":"https:\/\/www.ebp.be\/fr\/verklarende_woorden\/art-42-de-la-loi-relative-aux-marches-publics\/","title":{"rendered":"Art 42 de la loi relative aux march\u00e9s publics"},"content":{"rendered":"\n<p>Il ne peut \u00eatre trait\u00e9 par proc\u00e9dure n\u00e9goci\u00e9e sans publication pr\u00e9alable que dans les cas suivants :<\/p>\n\n\n\n<ol class=\"wp-block-list\">\n<li>Dans le cas d\u2019un march\u00e9 public de travaux, de fournitures ou de services, lorsque\u00a0:<\/li>\n\n\n\n<li>a) la d\u00e9pense \u00e0 approuver, hors taxe sur la valeur ajout\u00e9e, est inf\u00e9rieure aux montants fix\u00e9s par le Roi ;<\/li>\n\n\n\n<li><em>b)<\/em>aucune demande de participation ou demande de participation appropri\u00e9e, aucune offre ou offre appropri\u00e9e n\u2019a \u00e9t\u00e9 d\u00e9pos\u00e9e \u00e0 la suite d\u2019une proc\u00e9dure ouverte ou restreinte. (Une demande de participation n\u2019est pas consid\u00e9r\u00e9e comme appropri\u00e9e lorsque l\u2019op\u00e9rateur \u00e9conomique concern\u00e9 doit ou peut \u00eatre exclu ou ne remplit pas les crit\u00e8res de s\u00e9lection \u00e9tablis par le pouvoir adjudicateur.)\u00a0;<\/li>\n\n\n\n<li><em>c)<\/em>les travaux, fournitures ou services ne peuvent, \u00eatre fournis que par un op\u00e9rateur \u00e9conomique d\u00e9termin\u00e9 pour l\u2019une des raisons suivantes :<\/li>\n\n\n\n<li><em>i)<\/em>l\u2019objet du march\u00e9 est la cr\u00e9ation ou l\u2019acquisition d\u2019une \u0153uvre d\u2019art ou d\u2019une performance artistique unique ;<\/li>\n\n\n\n<li><em>ii)<\/em>il y a absence de concurrence pour des raisons techniques ;<\/li>\n<\/ol>\n\n\n\n<p><em>iii)<\/em>&nbsp;&nbsp;la protection de droits d\u2019exclusivit\u00e9, en ce compris les droits de propri\u00e9t\u00e9 intellectuelle.<\/p>\n\n\n\n<p>Les exceptions indiqu\u00e9es aux points ii) et iii) ne s\u2019appliquent que lorsqu\u2019il n\u2019existe aucune solution alternative ou de remplacement raisonnable et que l\u2019absence de concurrence ne r\u00e9sulte pas d\u2019une restriction artificielle des conditions du march\u00e9.<\/p>\n\n\n\n<ol class=\"wp-block-list\">\n<li>Dans le cas d\u2019un march\u00e9 public de travaux ou de services, lorsqu\u2019il s\u2019agit de travaux ou services nouveaux consistant dans la r\u00e9p\u00e9tition de travaux ou services similaires sont attribu\u00e9s \u00e0 l\u2019adjudicataire du march\u00e9 initial par le m\u00eame pouvoir adjudicateur, \u00e0 condition que ces travaux ou services soient conformes \u00e0 un projet de base et que ce projet ait fait l\u2019objet d\u2019un march\u00e9 initial.\u00a0Le projet de base pr\u00e9cise l\u2019\u00e9tendue des travaux ou des services et les conditions de leur attribution. Toutefois, la possibilit\u00e9 de recourir \u00e0 cette proc\u00e9dure doit \u00eatre indiqu\u00e9e d\u00e8s la mise en concurrence du premier march\u00e9 et le montant total envisag\u00e9 pour les travaux ou les services suppl\u00e9mentaires doit d\u00e9j\u00e0 d\u00e8s ce moment \u00eatre pris en consid\u00e9ration. La d\u00e9cision d\u2019attribution des march\u00e9s r\u00e9p\u00e9titifs doit en outre intervenir dans les trois ans apr\u00e8s la conclusion du march\u00e9 initial.<\/li>\n\n\n\n<li>Lorsque des fournitures ou des services sont achet\u00e9s \u00e0 des conditions particuli\u00e8rement avantageuses, par exemple aupr\u00e8s d\u2019un fournisseur cessant d\u00e9finitivement ses activit\u00e9s commerciales, aupr\u00e8s des curateurs ou aupr\u00e8s des liquidateurs d\u2019une faillite.<\/li>\n\n\n\n<li>Dans le cas d\u2019un march\u00e9 public de fournitures, lorsque :<\/li>\n\n\n\n<li><em>a)<\/em>les produits concern\u00e9s sont fabriqu\u00e9s uniquement \u00e0 des fins de recherche, d\u2019exp\u00e9rimentation, d\u2019\u00e9tude ou de d\u00e9veloppement, cette disposition ne comprenant pas la production en quantit\u00e9s visant \u00e0 \u00e9tablir la viabilit\u00e9 commerciale du produit ou \u00e0 amortir les frais de recherche et de d\u00e9veloppement ;<\/li>\n\n\n\n<li><em>b)<\/em>des fournitures compl\u00e9mentaires sont \u00e0 effectuer par le fournisseur initial et sont destin\u00e9es, soit au renouvellement partiel de fournitures ou d\u2019installations, soit \u00e0 l\u2019extension de fournitures ou d\u2019installations existantes. La dur\u00e9e de ces march\u00e9s, ainsi que des march\u00e9s renouvelables, ne peut pas, en r\u00e8gle g\u00e9n\u00e9rale, d\u00e9passer trois ans ;<\/li>\n\n\n\n<li><em>c)<\/em>il s\u2019agit de fournitures cot\u00e9es et achet\u00e9es \u00e0 une bourse de mati\u00e8res premi\u00e8res.<\/li>\n<\/ol>\n\n\n\n<p>Le pouvoir adjudicateur peut n\u00e9gocier avec les soumissionnaires les offres initiales et toutes les offres ult\u00e9rieures que ceux-ci ont pr\u00e9sent\u00e9es en vue d\u2019am\u00e9liorer leur contenu.<\/p>\n\n\n\n<p>Les crit\u00e8res d\u2019attribution ne font pas l\u2019objet de n\u00e9gociations. Pour les march\u00e9s dont le montant estim\u00e9 est \u00e9gal ou sup\u00e9rieur aux seuils fix\u00e9s pour la publicit\u00e9 europ\u00e9enne, les exigences minimales ne font pas non plus l\u2019objet de n\u00e9gociations.<\/p>\n\n\n\n<p>Pour les march\u00e9s dont le montant estim\u00e9 est inf\u00e9rieur aux seuils susmentionn\u00e9s, les exigences minimales peuvent \u00eatre n\u00e9goci\u00e9es, pour autant que ceci ne soit pas exclu dans les documents du march\u00e9.<\/p>\n\n\n\n<p>L\u2019article&nbsp;69 concernant les motifs d\u2019exclusion facultatifs et l\u2019article&nbsp;71 concernant les crit\u00e8res de s\u00e9lection ne sont pas applicables \u00e0 la proc\u00e9dure n\u00e9goci\u00e9e sans publication pr\u00e9alable pour les march\u00e9s dont le montant estim\u00e9 est inf\u00e9rieur au seuil correspondant pour la publicit\u00e9 europ\u00e9enne, sauf disposition contraire dans les documents du march\u00e9.<\/p>\n\n\n\n<p>L\u2019article&nbsp;81 concernant les crit\u00e8res d\u2019attribution n\u2019est pas d\u2019application non plus lorsqu\u2019il est fait usage de la proc\u00e9dure sans publication pr\u00e9alable dans les cas suivants :<\/p>\n\n\n\n<ol class=\"wp-block-list\">\n<li>les divers cas dans lesquels seul un op\u00e9rateur \u00e9conomique peut \u00eatre consult\u00e9 tel que vis\u00e9 au paragraphe\u00a01<sup>er<\/sup>, 1\u00b0,<em>d)<\/em>\u00a0, 2\u00b0 ou 4\u00b0,\u00a0<em>b)<\/em>\u00a0ind\u00e9pendamment du montant estim\u00e9 ;<\/li>\n\n\n\n<li>dans le cas de l\u2019urgence imp\u00e9rieuse telle que vis\u00e9e au paragraphe\u00a01<sup>er<\/sup>, 1\u00b0,<em>b)<\/em>, pour les march\u00e9s dont le montant estim\u00e9 est inf\u00e9rieur au seuil correspondant pour la publicit\u00e9 europ\u00e9enne ;<\/li>\n\n\n\n<li>lorsqu\u2019il s\u2019agit de fournitures cot\u00e9es et achet\u00e9es \u00e0 une bourse de mati\u00e8res premi\u00e8res telles que vis\u00e9es au paragraphe\u00a01<sup>er<\/sup>, 4\u00b0,<em>c)<\/em>\u00a0, pour les march\u00e9s dont le montant estim\u00e9 est inf\u00e9rieur au seuil correspondant pour la publicit\u00e9 europ\u00e9enne ;<\/li>\n\n\n\n<li>lorsqu\u2019il s\u2019agit d\u2019acquisitions de fournitures ou de services achet\u00e9s \u00e0 des conditions particuli\u00e8rement avantageuses telles que vis\u00e9es au paragraphe\u00a01<sup>er<\/sup>, 3\u00b0, pour les march\u00e9s dont le montant estim\u00e9 est inf\u00e9rieur aux seuils pour la publicit\u00e9 europ\u00e9enne.<\/li>\n<\/ol>\n\n\n\n<p>Le Roi peut fixer les modalit\u00e9s proc\u00e9durales additionnelles relatives \u00e0 cette proc\u00e9dure.<\/p>\n\n\n\n<p><\/p>\n","protected":false},"excerpt":{"rendered":"<p>Il ne peut \u00eatre trait\u00e9 par proc\u00e9dure n\u00e9goci\u00e9e sans publication pr\u00e9alable que dans les cas suivants : iii)&nbsp;&nbsp;la protection de droits d\u2019exclusivit\u00e9, en ce compris les droits de propri\u00e9t\u00e9 intellectuelle. Les exceptions indiqu\u00e9es aux points ii) et iii) ne s\u2019appliquent que lorsqu\u2019il n\u2019existe aucune solution alternative ou de remplacement raisonnable et que l\u2019absence de concurrence &#8230; <a title=\"Art 42 de la loi relative aux march\u00e9s publics\" class=\"read-more\" href=\"https:\/\/www.ebp.be\/fr\/verklarende_woorden\/art-42-de-la-loi-relative-aux-marches-publics\/\" aria-label=\"En savoir plus sur Art 42 de la loi relative aux march\u00e9s publics\">Lire la suite<\/a><\/p>\n","protected":false},"featured_media":0,"template":"","letters":[294],"class_list":["post-16786","verklarende_woorden","type-verklarende_woorden","status-publish","hentry","letters-mp"],"acf":[],"yoast_head":"<!-- This site is optimized with the Yoast SEO plugin v27.4 - https:\/\/yoast.com\/product\/yoast-seo-wordpress\/ -->\n<title>Art 42 de la loi relative aux march\u00e9s publics - EBP Website<\/title>\n<meta name=\"robots\" content=\"index, follow, max-snippet:-1, max-image-preview:large, max-video-preview:-1\" \/>\n<link rel=\"canonical\" href=\"https:\/\/www.ebp.be\/fr\/verklarende_woorden\/art-42-de-la-loi-relative-aux-marches-publics\/\" \/>\n<meta property=\"og:locale\" content=\"fr_FR\" \/>\n<meta property=\"og:type\" content=\"article\" \/>\n<meta property=\"og:title\" content=\"Art 42 de la loi relative aux march\u00e9s publics - EBP Website\" \/>\n<meta property=\"og:description\" content=\"Il ne peut \u00eatre trait\u00e9 par proc\u00e9dure n\u00e9goci\u00e9e sans publication pr\u00e9alable que dans les cas suivants : iii)&nbsp;&nbsp;la protection de droits d\u2019exclusivit\u00e9, en ce compris les droits de propri\u00e9t\u00e9 intellectuelle. Les exceptions indiqu\u00e9es aux points ii) et iii) ne s\u2019appliquent que lorsqu\u2019il n\u2019existe aucune solution alternative ou de remplacement raisonnable et que l\u2019absence de concurrence ... Lire la suite\" \/>\n<meta property=\"og:url\" content=\"https:\/\/www.ebp.be\/fr\/verklarende_woorden\/art-42-de-la-loi-relative-aux-marches-publics\/\" \/>\n<meta property=\"og:site_name\" content=\"EBP Website\" \/>\n<meta property=\"article:modified_time\" content=\"2025-12-22T15:19:47+00:00\" \/>\n<meta name=\"twitter:card\" content=\"summary_large_image\" \/>\n<meta name=\"twitter:label1\" content=\"Dur\u00e9e de lecture estim\u00e9e\" \/>\n\t<meta name=\"twitter:data1\" content=\"4 minutes\" \/>\n<script type=\"application\/ld+json\" class=\"yoast-schema-graph\">{\"@context\":\"https:\\\/\\\/schema.org\",\"@graph\":[{\"@type\":\"WebPage\",\"@id\":\"https:\\\/\\\/www.ebp.be\\\/fr\\\/verklarende_woorden\\\/art-42-de-la-loi-relative-aux-marches-publics\\\/\",\"url\":\"https:\\\/\\\/www.ebp.be\\\/fr\\\/verklarende_woorden\\\/art-42-de-la-loi-relative-aux-marches-publics\\\/\",\"name\":\"Art 42 de la loi relative aux march\u00e9s publics - EBP Website\",\"isPartOf\":{\"@id\":\"https:\\\/\\\/www.ebp.be\\\/fr\\\/#website\"},\"datePublished\":\"2025-03-06T12:03:45+00:00\",\"dateModified\":\"2025-12-22T15:19:47+00:00\",\"breadcrumb\":{\"@id\":\"https:\\\/\\\/www.ebp.be\\\/fr\\\/verklarende_woorden\\\/art-42-de-la-loi-relative-aux-marches-publics\\\/#breadcrumb\"},\"inLanguage\":\"fr-FR\",\"potentialAction\":[{\"@type\":\"ReadAction\",\"target\":[\"https:\\\/\\\/www.ebp.be\\\/fr\\\/verklarende_woorden\\\/art-42-de-la-loi-relative-aux-marches-publics\\\/\"]}]},{\"@type\":\"BreadcrumbList\",\"@id\":\"https:\\\/\\\/www.ebp.be\\\/fr\\\/verklarende_woorden\\\/art-42-de-la-loi-relative-aux-marches-publics\\\/#breadcrumb\",\"itemListElement\":[{\"@type\":\"ListItem\",\"position\":1,\"name\":\"Home\",\"item\":\"https:\\\/\\\/www.ebp.be\\\/fr\\\/\"},{\"@type\":\"ListItem\",\"position\":2,\"name\":\"Art 42 de la loi relative aux march\u00e9s publics\"}]},{\"@type\":\"WebSite\",\"@id\":\"https:\\\/\\\/www.ebp.be\\\/fr\\\/#website\",\"url\":\"https:\\\/\\\/www.ebp.be\\\/fr\\\/\",\"name\":\"EBP Website\",\"description\":\"\",\"publisher\":{\"@id\":\"https:\\\/\\\/www.ebp.be\\\/fr\\\/#organization\"},\"potentialAction\":[{\"@type\":\"SearchAction\",\"target\":{\"@type\":\"EntryPoint\",\"urlTemplate\":\"https:\\\/\\\/www.ebp.be\\\/fr\\\/?s={search_term_string}\"},\"query-input\":{\"@type\":\"PropertyValueSpecification\",\"valueRequired\":true,\"valueName\":\"search_term_string\"}}],\"inLanguage\":\"fr-FR\"},{\"@type\":\"Organization\",\"@id\":\"https:\\\/\\\/www.ebp.be\\\/fr\\\/#organization\",\"name\":\"EBP Website\",\"url\":\"https:\\\/\\\/www.ebp.be\\\/fr\\\/\",\"logo\":{\"@type\":\"ImageObject\",\"inLanguage\":\"fr-FR\",\"@id\":\"https:\\\/\\\/www.ebp.be\\\/fr\\\/#\\\/schema\\\/logo\\\/image\\\/\",\"url\":\"https:\\\/\\\/www.ebp.be\\\/wp-content\\\/uploads\\\/2025\\\/02\\\/EBP_2024_CMYK_500x500.png\",\"contentUrl\":\"https:\\\/\\\/www.ebp.be\\\/wp-content\\\/uploads\\\/2025\\\/02\\\/EBP_2024_CMYK_500x500.png\",\"width\":500,\"height\":500,\"caption\":\"EBP Website\"},\"image\":{\"@id\":\"https:\\\/\\\/www.ebp.be\\\/fr\\\/#\\\/schema\\\/logo\\\/image\\\/\"}}]}<\/script>\n<!-- \/ Yoast SEO plugin. -->","yoast_head_json":{"title":"Art 42 de la loi relative aux march\u00e9s publics - EBP Website","robots":{"index":"index","follow":"follow","max-snippet":"max-snippet:-1","max-image-preview":"max-image-preview:large","max-video-preview":"max-video-preview:-1"},"canonical":"https:\/\/www.ebp.be\/fr\/verklarende_woorden\/art-42-de-la-loi-relative-aux-marches-publics\/","og_locale":"fr_FR","og_type":"article","og_title":"Art 42 de la loi relative aux march\u00e9s publics - EBP Website","og_description":"Il ne peut \u00eatre trait\u00e9 par proc\u00e9dure n\u00e9goci\u00e9e sans publication pr\u00e9alable que dans les cas suivants : iii)&nbsp;&nbsp;la protection de droits d\u2019exclusivit\u00e9, en ce compris les droits de propri\u00e9t\u00e9 intellectuelle. Les exceptions indiqu\u00e9es aux points ii) et iii) ne s\u2019appliquent que lorsqu\u2019il n\u2019existe aucune solution alternative ou de remplacement raisonnable et que l\u2019absence de concurrence ... Lire la suite","og_url":"https:\/\/www.ebp.be\/fr\/verklarende_woorden\/art-42-de-la-loi-relative-aux-marches-publics\/","og_site_name":"EBP Website","article_modified_time":"2025-12-22T15:19:47+00:00","twitter_card":"summary_large_image","twitter_misc":{"Dur\u00e9e de lecture estim\u00e9e":"4 minutes"},"schema":{"@context":"https:\/\/schema.org","@graph":[{"@type":"WebPage","@id":"https:\/\/www.ebp.be\/fr\/verklarende_woorden\/art-42-de-la-loi-relative-aux-marches-publics\/","url":"https:\/\/www.ebp.be\/fr\/verklarende_woorden\/art-42-de-la-loi-relative-aux-marches-publics\/","name":"Art 42 de la loi relative aux march\u00e9s publics - EBP Website","isPartOf":{"@id":"https:\/\/www.ebp.be\/fr\/#website"},"datePublished":"2025-03-06T12:03:45+00:00","dateModified":"2025-12-22T15:19:47+00:00","breadcrumb":{"@id":"https:\/\/www.ebp.be\/fr\/verklarende_woorden\/art-42-de-la-loi-relative-aux-marches-publics\/#breadcrumb"},"inLanguage":"fr-FR","potentialAction":[{"@type":"ReadAction","target":["https:\/\/www.ebp.be\/fr\/verklarende_woorden\/art-42-de-la-loi-relative-aux-marches-publics\/"]}]},{"@type":"BreadcrumbList","@id":"https:\/\/www.ebp.be\/fr\/verklarende_woorden\/art-42-de-la-loi-relative-aux-marches-publics\/#breadcrumb","itemListElement":[{"@type":"ListItem","position":1,"name":"Home","item":"https:\/\/www.ebp.be\/fr\/"},{"@type":"ListItem","position":2,"name":"Art 42 de la loi relative aux march\u00e9s publics"}]},{"@type":"WebSite","@id":"https:\/\/www.ebp.be\/fr\/#website","url":"https:\/\/www.ebp.be\/fr\/","name":"EBP Website","description":"","publisher":{"@id":"https:\/\/www.ebp.be\/fr\/#organization"},"potentialAction":[{"@type":"SearchAction","target":{"@type":"EntryPoint","urlTemplate":"https:\/\/www.ebp.be\/fr\/?s={search_term_string}"},"query-input":{"@type":"PropertyValueSpecification","valueRequired":true,"valueName":"search_term_string"}}],"inLanguage":"fr-FR"},{"@type":"Organization","@id":"https:\/\/www.ebp.be\/fr\/#organization","name":"EBP Website","url":"https:\/\/www.ebp.be\/fr\/","logo":{"@type":"ImageObject","inLanguage":"fr-FR","@id":"https:\/\/www.ebp.be\/fr\/#\/schema\/logo\/image\/","url":"https:\/\/www.ebp.be\/wp-content\/uploads\/2025\/02\/EBP_2024_CMYK_500x500.png","contentUrl":"https:\/\/www.ebp.be\/wp-content\/uploads\/2025\/02\/EBP_2024_CMYK_500x500.png","width":500,"height":500,"caption":"EBP Website"},"image":{"@id":"https:\/\/www.ebp.be\/fr\/#\/schema\/logo\/image\/"}}]}},"_links":{"self":[{"href":"https:\/\/www.ebp.be\/fr\/wp-json\/wp\/v2\/verklarende_woorden\/16786","targetHints":{"allow":["GET"]}}],"collection":[{"href":"https:\/\/www.ebp.be\/fr\/wp-json\/wp\/v2\/verklarende_woorden"}],"about":[{"href":"https:\/\/www.ebp.be\/fr\/wp-json\/wp\/v2\/types\/verklarende_woorden"}],"wp:attachment":[{"href":"https:\/\/www.ebp.be\/fr\/wp-json\/wp\/v2\/media?parent=16786"}],"wp:term":[{"taxonomy":"letters","embeddable":true,"href":"https:\/\/www.ebp.be\/fr\/wp-json\/wp\/v2\/letters?post=16786"}],"curies":[{"name":"wp","href":"https:\/\/api.w.org\/{rel}","templated":true}]}}