{"id":16805,"date":"2025-03-06T13:08:28","date_gmt":"2025-03-06T12:08:28","guid":{"rendered":"https:\/\/www.ebp.be\/?post_type=verklarende_woordenl&#038;p=16805"},"modified":"2025-12-22T16:19:46","modified_gmt":"2025-12-22T15:19:46","slug":"art-78-de-la-loi-relative-aux-marches-publics","status":"publish","type":"verklarende_woorden","link":"https:\/\/www.ebp.be\/fr\/verklarende_woorden\/art-78-de-la-loi-relative-aux-marches-publics\/","title":{"rendered":"Art. 78 de la loi relative aux march\u00e9s publics"},"content":{"rendered":"\n<p>Un op\u00e9rateur \u00e9conomique peut avoir recours \u00e0 la capacit\u00e9 \u00e9conomique et financi\u00e8re et aux capacit\u00e9s techniques et professionnelles d\u2019autres entit\u00e9s, telles que vis\u00e9es \u00e0 l\u2019article&nbsp;71, alin\u00e9a&nbsp;1<sup>er<\/sup>, 2\u00b0 et 3\u00b0.<\/p>\n\n\n\n<p>Lorsqu\u2019un op\u00e9rateur \u00e9conomique a recours aux capacit\u00e9s d\u2019autres entit\u00e9s en ce qui concerne des crit\u00e8res ayant trait \u00e0 la capacit\u00e9 \u00e9conomique et financi\u00e8re, le pouvoir adjudicateur peut exiger que l\u2019op\u00e9rateur \u00e9conomique et ces entit\u00e9s en question soient solidairement responsables de l\u2019ex\u00e9cution du march\u00e9, pour autant que la possibilit\u00e9 d\u2019exiger la responsabilit\u00e9 solidaire n\u2019ait pas \u00e9t\u00e9 exclue dans les documents de march\u00e9. Pour \u00eatre effective, cette responsabilit\u00e9 solidaire doit cependant \u00eatre accept\u00e9e par \u00e9crit par l\u2019entit\u00e9 dont la capacit\u00e9 est invoqu\u00e9e. Lorsque l\u2019acceptation \u00e9crite susmentionn\u00e9e n\u2019est pas fournie, le candidat ou le soumissionnaire ne peut avoir recours \u00e0 la capacit\u00e9 de cette entit\u00e9.<\/p>\n\n\n\n<p>Pour les march\u00e9s publics de travaux, les march\u00e9s de services et les travaux de pose et d\u2019installation dans le cadre d\u2019un march\u00e9 de fournitures, le pouvoir adjudicateur peut exiger que certaines t\u00e2ches essentielles soient effectu\u00e9es directement par le soumissionnaire lui-m\u00eame.<\/p>\n\n\n\n<p>Le Roi peut fixer les modalit\u00e9s mat\u00e9rielles et proc\u00e9durales additionnelles.<\/p>\n","protected":false},"excerpt":{"rendered":"<p>Un op\u00e9rateur \u00e9conomique peut avoir recours \u00e0 la capacit\u00e9 \u00e9conomique et financi\u00e8re et aux capacit\u00e9s techniques et professionnelles d\u2019autres entit\u00e9s, telles que vis\u00e9es \u00e0 l\u2019article&nbsp;71, alin\u00e9a&nbsp;1er, 2\u00b0 et 3\u00b0. Lorsqu\u2019un op\u00e9rateur \u00e9conomique a recours aux capacit\u00e9s d\u2019autres entit\u00e9s en ce qui concerne des crit\u00e8res ayant trait \u00e0 la capacit\u00e9 \u00e9conomique et financi\u00e8re, le pouvoir adjudicateur &#8230; <a title=\"Art. 78 de la loi relative aux march\u00e9s publics\" class=\"read-more\" href=\"https:\/\/www.ebp.be\/fr\/verklarende_woorden\/art-78-de-la-loi-relative-aux-marches-publics\/\" aria-label=\"En savoir plus sur Art. 78 de la loi relative aux march\u00e9s publics\">Lire la suite<\/a><\/p>\n","protected":false},"featured_media":0,"template":"","letters":[294],"class_list":["post-16805","verklarende_woorden","type-verklarende_woorden","status-publish","hentry","letters-mp"],"acf":[],"yoast_head":"<!-- This site is optimized with the Yoast SEO plugin v27.4 - https:\/\/yoast.com\/product\/yoast-seo-wordpress\/ -->\n<title>Art. 78 de la loi relative aux march\u00e9s publics - EBP Website<\/title>\n<meta name=\"robots\" content=\"index, follow, max-snippet:-1, max-image-preview:large, max-video-preview:-1\" \/>\n<link rel=\"canonical\" href=\"https:\/\/www.ebp.be\/fr\/verklarende_woorden\/art-78-de-la-loi-relative-aux-marches-publics\/\" \/>\n<meta property=\"og:locale\" content=\"fr_FR\" \/>\n<meta property=\"og:type\" content=\"article\" \/>\n<meta property=\"og:title\" content=\"Art. 78 de la loi relative aux march\u00e9s publics - EBP Website\" \/>\n<meta property=\"og:description\" content=\"Un op\u00e9rateur \u00e9conomique peut avoir recours \u00e0 la capacit\u00e9 \u00e9conomique et financi\u00e8re et aux capacit\u00e9s techniques et professionnelles d\u2019autres entit\u00e9s, telles que vis\u00e9es \u00e0 l\u2019article&nbsp;71, alin\u00e9a&nbsp;1er, 2\u00b0 et 3\u00b0. Lorsqu\u2019un op\u00e9rateur \u00e9conomique a recours aux capacit\u00e9s d\u2019autres entit\u00e9s en ce qui concerne des crit\u00e8res ayant trait \u00e0 la capacit\u00e9 \u00e9conomique et financi\u00e8re, le pouvoir adjudicateur ... Lire la suite\" \/>\n<meta property=\"og:url\" content=\"https:\/\/www.ebp.be\/fr\/verklarende_woorden\/art-78-de-la-loi-relative-aux-marches-publics\/\" \/>\n<meta property=\"og:site_name\" content=\"EBP Website\" \/>\n<meta property=\"article:modified_time\" content=\"2025-12-22T15:19:46+00:00\" \/>\n<meta name=\"twitter:card\" content=\"summary_large_image\" \/>\n<meta name=\"twitter:label1\" content=\"Dur\u00e9e de lecture estim\u00e9e\" \/>\n\t<meta name=\"twitter:data1\" content=\"1 minute\" \/>\n<script type=\"application\/ld+json\" class=\"yoast-schema-graph\">{\"@context\":\"https:\\\/\\\/schema.org\",\"@graph\":[{\"@type\":\"WebPage\",\"@id\":\"https:\\\/\\\/www.ebp.be\\\/fr\\\/verklarende_woorden\\\/art-78-de-la-loi-relative-aux-marches-publics\\\/\",\"url\":\"https:\\\/\\\/www.ebp.be\\\/fr\\\/verklarende_woorden\\\/art-78-de-la-loi-relative-aux-marches-publics\\\/\",\"name\":\"Art. 78 de la loi relative aux march\u00e9s publics - EBP Website\",\"isPartOf\":{\"@id\":\"https:\\\/\\\/www.ebp.be\\\/fr\\\/#website\"},\"datePublished\":\"2025-03-06T12:08:28+00:00\",\"dateModified\":\"2025-12-22T15:19:46+00:00\",\"breadcrumb\":{\"@id\":\"https:\\\/\\\/www.ebp.be\\\/fr\\\/verklarende_woorden\\\/art-78-de-la-loi-relative-aux-marches-publics\\\/#breadcrumb\"},\"inLanguage\":\"fr-FR\",\"potentialAction\":[{\"@type\":\"ReadAction\",\"target\":[\"https:\\\/\\\/www.ebp.be\\\/fr\\\/verklarende_woorden\\\/art-78-de-la-loi-relative-aux-marches-publics\\\/\"]}]},{\"@type\":\"BreadcrumbList\",\"@id\":\"https:\\\/\\\/www.ebp.be\\\/fr\\\/verklarende_woorden\\\/art-78-de-la-loi-relative-aux-marches-publics\\\/#breadcrumb\",\"itemListElement\":[{\"@type\":\"ListItem\",\"position\":1,\"name\":\"Home\",\"item\":\"https:\\\/\\\/www.ebp.be\\\/fr\\\/\"},{\"@type\":\"ListItem\",\"position\":2,\"name\":\"Art. 78 de la loi relative aux march\u00e9s publics\"}]},{\"@type\":\"WebSite\",\"@id\":\"https:\\\/\\\/www.ebp.be\\\/fr\\\/#website\",\"url\":\"https:\\\/\\\/www.ebp.be\\\/fr\\\/\",\"name\":\"EBP Website\",\"description\":\"\",\"publisher\":{\"@id\":\"https:\\\/\\\/www.ebp.be\\\/fr\\\/#organization\"},\"potentialAction\":[{\"@type\":\"SearchAction\",\"target\":{\"@type\":\"EntryPoint\",\"urlTemplate\":\"https:\\\/\\\/www.ebp.be\\\/fr\\\/?s={search_term_string}\"},\"query-input\":{\"@type\":\"PropertyValueSpecification\",\"valueRequired\":true,\"valueName\":\"search_term_string\"}}],\"inLanguage\":\"fr-FR\"},{\"@type\":\"Organization\",\"@id\":\"https:\\\/\\\/www.ebp.be\\\/fr\\\/#organization\",\"name\":\"EBP Website\",\"url\":\"https:\\\/\\\/www.ebp.be\\\/fr\\\/\",\"logo\":{\"@type\":\"ImageObject\",\"inLanguage\":\"fr-FR\",\"@id\":\"https:\\\/\\\/www.ebp.be\\\/fr\\\/#\\\/schema\\\/logo\\\/image\\\/\",\"url\":\"https:\\\/\\\/www.ebp.be\\\/wp-content\\\/uploads\\\/2025\\\/02\\\/EBP_2024_CMYK_500x500.png\",\"contentUrl\":\"https:\\\/\\\/www.ebp.be\\\/wp-content\\\/uploads\\\/2025\\\/02\\\/EBP_2024_CMYK_500x500.png\",\"width\":500,\"height\":500,\"caption\":\"EBP Website\"},\"image\":{\"@id\":\"https:\\\/\\\/www.ebp.be\\\/fr\\\/#\\\/schema\\\/logo\\\/image\\\/\"}}]}<\/script>\n<!-- \/ Yoast SEO plugin. -->","yoast_head_json":{"title":"Art. 78 de la loi relative aux march\u00e9s publics - EBP Website","robots":{"index":"index","follow":"follow","max-snippet":"max-snippet:-1","max-image-preview":"max-image-preview:large","max-video-preview":"max-video-preview:-1"},"canonical":"https:\/\/www.ebp.be\/fr\/verklarende_woorden\/art-78-de-la-loi-relative-aux-marches-publics\/","og_locale":"fr_FR","og_type":"article","og_title":"Art. 78 de la loi relative aux march\u00e9s publics - EBP Website","og_description":"Un op\u00e9rateur \u00e9conomique peut avoir recours \u00e0 la capacit\u00e9 \u00e9conomique et financi\u00e8re et aux capacit\u00e9s techniques et professionnelles d\u2019autres entit\u00e9s, telles que vis\u00e9es \u00e0 l\u2019article&nbsp;71, alin\u00e9a&nbsp;1er, 2\u00b0 et 3\u00b0. Lorsqu\u2019un op\u00e9rateur \u00e9conomique a recours aux capacit\u00e9s d\u2019autres entit\u00e9s en ce qui concerne des crit\u00e8res ayant trait \u00e0 la capacit\u00e9 \u00e9conomique et financi\u00e8re, le pouvoir adjudicateur ... Lire la suite","og_url":"https:\/\/www.ebp.be\/fr\/verklarende_woorden\/art-78-de-la-loi-relative-aux-marches-publics\/","og_site_name":"EBP Website","article_modified_time":"2025-12-22T15:19:46+00:00","twitter_card":"summary_large_image","twitter_misc":{"Dur\u00e9e de lecture estim\u00e9e":"1 minute"},"schema":{"@context":"https:\/\/schema.org","@graph":[{"@type":"WebPage","@id":"https:\/\/www.ebp.be\/fr\/verklarende_woorden\/art-78-de-la-loi-relative-aux-marches-publics\/","url":"https:\/\/www.ebp.be\/fr\/verklarende_woorden\/art-78-de-la-loi-relative-aux-marches-publics\/","name":"Art. 78 de la loi relative aux march\u00e9s publics - EBP Website","isPartOf":{"@id":"https:\/\/www.ebp.be\/fr\/#website"},"datePublished":"2025-03-06T12:08:28+00:00","dateModified":"2025-12-22T15:19:46+00:00","breadcrumb":{"@id":"https:\/\/www.ebp.be\/fr\/verklarende_woorden\/art-78-de-la-loi-relative-aux-marches-publics\/#breadcrumb"},"inLanguage":"fr-FR","potentialAction":[{"@type":"ReadAction","target":["https:\/\/www.ebp.be\/fr\/verklarende_woorden\/art-78-de-la-loi-relative-aux-marches-publics\/"]}]},{"@type":"BreadcrumbList","@id":"https:\/\/www.ebp.be\/fr\/verklarende_woorden\/art-78-de-la-loi-relative-aux-marches-publics\/#breadcrumb","itemListElement":[{"@type":"ListItem","position":1,"name":"Home","item":"https:\/\/www.ebp.be\/fr\/"},{"@type":"ListItem","position":2,"name":"Art. 78 de la loi relative aux march\u00e9s publics"}]},{"@type":"WebSite","@id":"https:\/\/www.ebp.be\/fr\/#website","url":"https:\/\/www.ebp.be\/fr\/","name":"EBP Website","description":"","publisher":{"@id":"https:\/\/www.ebp.be\/fr\/#organization"},"potentialAction":[{"@type":"SearchAction","target":{"@type":"EntryPoint","urlTemplate":"https:\/\/www.ebp.be\/fr\/?s={search_term_string}"},"query-input":{"@type":"PropertyValueSpecification","valueRequired":true,"valueName":"search_term_string"}}],"inLanguage":"fr-FR"},{"@type":"Organization","@id":"https:\/\/www.ebp.be\/fr\/#organization","name":"EBP Website","url":"https:\/\/www.ebp.be\/fr\/","logo":{"@type":"ImageObject","inLanguage":"fr-FR","@id":"https:\/\/www.ebp.be\/fr\/#\/schema\/logo\/image\/","url":"https:\/\/www.ebp.be\/wp-content\/uploads\/2025\/02\/EBP_2024_CMYK_500x500.png","contentUrl":"https:\/\/www.ebp.be\/wp-content\/uploads\/2025\/02\/EBP_2024_CMYK_500x500.png","width":500,"height":500,"caption":"EBP Website"},"image":{"@id":"https:\/\/www.ebp.be\/fr\/#\/schema\/logo\/image\/"}}]}},"_links":{"self":[{"href":"https:\/\/www.ebp.be\/fr\/wp-json\/wp\/v2\/verklarende_woorden\/16805","targetHints":{"allow":["GET"]}}],"collection":[{"href":"https:\/\/www.ebp.be\/fr\/wp-json\/wp\/v2\/verklarende_woorden"}],"about":[{"href":"https:\/\/www.ebp.be\/fr\/wp-json\/wp\/v2\/types\/verklarende_woorden"}],"wp:attachment":[{"href":"https:\/\/www.ebp.be\/fr\/wp-json\/wp\/v2\/media?parent=16805"}],"wp:term":[{"taxonomy":"letters","embeddable":true,"href":"https:\/\/www.ebp.be\/fr\/wp-json\/wp\/v2\/letters?post=16805"}],"curies":[{"name":"wp","href":"https:\/\/api.w.org\/{rel}","templated":true}]}}