{"id":13775,"date":"2025-02-24T13:17:06","date_gmt":"2025-02-24T12:17:06","guid":{"rendered":"https:\/\/www.ebp.be\/nl\/?post_type=speakers&#038;p=13775"},"modified":"2026-04-30T13:20:02","modified_gmt":"2026-04-30T12:20:02","slug":"berenice-wathelet","status":"publish","type":"speakers","link":"https:\/\/www.ebp.be\/nl\/speakers\/berenice-wathelet\/","title":{"rendered":"Be\u0301re\u0301nice Wathelet"},"content":{"rendered":"\t\t<div data-elementor-type=\"wp-post\" data-elementor-id=\"13775\" class=\"elementor elementor-13775\" data-elementor-post-type=\"speakers\">\n\t\t\t\t<div class=\"elementor-element elementor-element-5570ad1f e-flex e-con-boxed e-con e-parent\" data-id=\"5570ad1f\" data-element_type=\"container\" data-e-type=\"container\">\n\t\t\t\t\t<div class=\"e-con-inner\">\n\t\t\t\t<div class=\"elementor-element elementor-element-19cb92c5 elementor-widget elementor-widget-text-editor\" data-id=\"19cb92c5\" data-element_type=\"widget\" data-e-type=\"widget\" data-widget_type=\"text-editor.default\">\n\t\t\t\t<div class=\"elementor-widget-container\">\n\t\t\t\t\t\t\t\t\t<p>B\u00e9r\u00e9nice a d\u00e9but\u00e9 sa carri\u00e8re en tant que juriste sp\u00e9cialis\u00e9e en march\u00e9s publics \u00e0 la Commission europ\u00e9enne. Suite \u00e0 un stage chez DLA Piper, elle a rejoint l\u2019\u00e9quipe d\u2019EBP Consulting en 2011 au sein de laquelle elle s\u2019est consacr\u00e9e \u00e0 la remise d\u2019avis juridiques et \u00e0 la dispense de formations en mati\u00e8re de march\u00e9s publics et ce \u00e0 divers pouvoirs adjudicateurs et entreprises.<\/p><p>De 2015 \u00e0 2017, B\u00e9r\u00e9nice Wathelet a occup\u00e9 le poste de Directrice Adjointe au sein du D\u00e9partement de l\u2019Urbanisme \u00e0 la Ville de Bruxelles. Outre sa mission de gestion d\u2019\u00e9quipes, elle y a dispens\u00e9 des conseils sur les strat\u00e9gies \u00e0 adopter en mati\u00e8re de march\u00e9s publics, sur la mise en place de proc\u00e9dures, m\u00e9thodologies de travail et processus afin d\u2019atteindre les objectifs fix\u00e9s.<\/p><p>De 2017 \u00e0 2020, B\u00e9r\u00e9nice occupe le poste de Directrice Ex\u00e9cutive chez EBP. Elle y est responsable des activit\u00e9s de consultance ainsi que du p\u00f4le charg\u00e9 de l\u2019organisation de formations, s\u00e9minaires et \u00e9v\u00e9nements.<\/p><p>En 2020 B\u00e9r\u00e9nice rejoint DLA Piper et exerce dans le domaine du droit public, avec un accent particulier sur les march\u00e9s publics appliqu\u00e9s par les institutions belges et europ\u00e9ennes. Ses clients comprennent toutes les gammes d&#8217;entreprises priv\u00e9es et d&#8217;institutions publiques.<\/p>\t\t\t\t\t\t\t\t<\/div>\n\t\t\t\t<\/div>\n\t\t\t\t\t<\/div>\n\t\t\t\t<\/div>\n\t\t\t\t<\/div>\n\t\t","protected":false},"excerpt":{"rendered":"<p>Counsel, DLA Piper<\/p>\n","protected":false},"featured_media":21969,"template":"","categories":[161,139],"tags":[],"class_list":["post-13775","speakers","type-speakers","status-publish","has-post-thumbnail","hentry","category-2024-ntd-nl","category-sprekers-2"],"acf":[],"yoast_head":"<!-- This site is optimized with the Yoast SEO plugin v27.4 - https:\/\/yoast.com\/product\/yoast-seo-wordpress\/ -->\n<title>Spreker Be\u0301re\u0301nice Wathelet - EBP Website<\/title>\n<meta name=\"robots\" content=\"index, follow, max-snippet:-1, max-image-preview:large, max-video-preview:-1\" \/>\n<link rel=\"canonical\" href=\"https:\/\/www.ebp.be\/nl\/speakers\/berenice-wathelet\/\" \/>\n<meta property=\"og:locale\" content=\"nl_NL\" \/>\n<meta property=\"og:type\" content=\"article\" \/>\n<meta property=\"og:title\" content=\"Spreker Be\u0301re\u0301nice Wathelet - EBP Website\" \/>\n<meta property=\"og:description\" content=\"Counsel, DLA Piper\" \/>\n<meta property=\"og:url\" content=\"https:\/\/www.ebp.be\/nl\/speakers\/berenice-wathelet\/\" \/>\n<meta property=\"og:site_name\" content=\"EBP Website\" \/>\n<meta property=\"article:modified_time\" content=\"2026-04-30T12:20:02+00:00\" \/>\n<meta property=\"og:image\" content=\"https:\/\/www.ebp.be\/wp-content\/uploads\/2025\/02\/photo-EBP-24.07.jpg\" \/>\n\t<meta property=\"og:image:width\" content=\"1902\" \/>\n\t<meta property=\"og:image:height\" content=\"2375\" \/>\n\t<meta property=\"og:image:type\" content=\"image\/jpeg\" \/>\n<meta name=\"twitter:card\" content=\"summary_large_image\" \/>\n<meta name=\"twitter:label1\" content=\"Geschatte leestijd\" \/>\n\t<meta name=\"twitter:data1\" content=\"2 minuten\" \/>\n<script type=\"application\/ld+json\" class=\"yoast-schema-graph\">{\"@context\":\"https:\\\/\\\/schema.org\",\"@graph\":[{\"@type\":\"WebPage\",\"@id\":\"https:\\\/\\\/www.ebp.be\\\/nl\\\/speakers\\\/berenice-wathelet\\\/\",\"url\":\"https:\\\/\\\/www.ebp.be\\\/nl\\\/speakers\\\/berenice-wathelet\\\/\",\"name\":\"Spreker Be\u0301re\u0301nice Wathelet - EBP Website\",\"isPartOf\":{\"@id\":\"https:\\\/\\\/www.ebp.be\\\/nl\\\/#website\"},\"primaryImageOfPage\":{\"@id\":\"https:\\\/\\\/www.ebp.be\\\/nl\\\/speakers\\\/berenice-wathelet\\\/#primaryimage\"},\"image\":{\"@id\":\"https:\\\/\\\/www.ebp.be\\\/nl\\\/speakers\\\/berenice-wathelet\\\/#primaryimage\"},\"thumbnailUrl\":\"https:\\\/\\\/www.ebp.be\\\/wp-content\\\/uploads\\\/2025\\\/02\\\/photo-EBP-24.07.jpg\",\"datePublished\":\"2025-02-24T12:17:06+00:00\",\"dateModified\":\"2026-04-30T12:20:02+00:00\",\"breadcrumb\":{\"@id\":\"https:\\\/\\\/www.ebp.be\\\/nl\\\/speakers\\\/berenice-wathelet\\\/#breadcrumb\"},\"inLanguage\":\"nl-NL\",\"potentialAction\":[{\"@type\":\"ReadAction\",\"target\":[\"https:\\\/\\\/www.ebp.be\\\/nl\\\/speakers\\\/berenice-wathelet\\\/\"]}]},{\"@type\":\"ImageObject\",\"inLanguage\":\"nl-NL\",\"@id\":\"https:\\\/\\\/www.ebp.be\\\/nl\\\/speakers\\\/berenice-wathelet\\\/#primaryimage\",\"url\":\"https:\\\/\\\/www.ebp.be\\\/wp-content\\\/uploads\\\/2025\\\/02\\\/photo-EBP-24.07.jpg\",\"contentUrl\":\"https:\\\/\\\/www.ebp.be\\\/wp-content\\\/uploads\\\/2025\\\/02\\\/photo-EBP-24.07.jpg\",\"width\":1902,\"height\":2375},{\"@type\":\"BreadcrumbList\",\"@id\":\"https:\\\/\\\/www.ebp.be\\\/nl\\\/speakers\\\/berenice-wathelet\\\/#breadcrumb\",\"itemListElement\":[{\"@type\":\"ListItem\",\"position\":1,\"name\":\"Home\",\"item\":\"https:\\\/\\\/www.ebp.be\\\/nl\\\/\"},{\"@type\":\"ListItem\",\"position\":2,\"name\":\"Be\u0301re\u0301nice Wathelet\"}]},{\"@type\":\"WebSite\",\"@id\":\"https:\\\/\\\/www.ebp.be\\\/nl\\\/#website\",\"url\":\"https:\\\/\\\/www.ebp.be\\\/nl\\\/\",\"name\":\"EBP Website\",\"description\":\"\",\"publisher\":{\"@id\":\"https:\\\/\\\/www.ebp.be\\\/nl\\\/#organization\"},\"potentialAction\":[{\"@type\":\"SearchAction\",\"target\":{\"@type\":\"EntryPoint\",\"urlTemplate\":\"https:\\\/\\\/www.ebp.be\\\/nl\\\/?s={search_term_string}\"},\"query-input\":{\"@type\":\"PropertyValueSpecification\",\"valueRequired\":true,\"valueName\":\"search_term_string\"}}],\"inLanguage\":\"nl-NL\"},{\"@type\":\"Organization\",\"@id\":\"https:\\\/\\\/www.ebp.be\\\/nl\\\/#organization\",\"name\":\"EBP Website\",\"url\":\"https:\\\/\\\/www.ebp.be\\\/nl\\\/\",\"logo\":{\"@type\":\"ImageObject\",\"inLanguage\":\"nl-NL\",\"@id\":\"https:\\\/\\\/www.ebp.be\\\/nl\\\/#\\\/schema\\\/logo\\\/image\\\/\",\"url\":\"https:\\\/\\\/www.ebp.be\\\/wp-content\\\/uploads\\\/2025\\\/02\\\/EBP_2024_CMYK_500x500.png\",\"contentUrl\":\"https:\\\/\\\/www.ebp.be\\\/wp-content\\\/uploads\\\/2025\\\/02\\\/EBP_2024_CMYK_500x500.png\",\"width\":500,\"height\":500,\"caption\":\"EBP Website\"},\"image\":{\"@id\":\"https:\\\/\\\/www.ebp.be\\\/nl\\\/#\\\/schema\\\/logo\\\/image\\\/\"}}]}<\/script>\n<!-- \/ Yoast SEO plugin. -->","yoast_head_json":{"title":"Spreker Be\u0301re\u0301nice Wathelet - EBP Website","robots":{"index":"index","follow":"follow","max-snippet":"max-snippet:-1","max-image-preview":"max-image-preview:large","max-video-preview":"max-video-preview:-1"},"canonical":"https:\/\/www.ebp.be\/nl\/speakers\/berenice-wathelet\/","og_locale":"nl_NL","og_type":"article","og_title":"Spreker Be\u0301re\u0301nice Wathelet - EBP Website","og_description":"Counsel, DLA Piper","og_url":"https:\/\/www.ebp.be\/nl\/speakers\/berenice-wathelet\/","og_site_name":"EBP Website","article_modified_time":"2026-04-30T12:20:02+00:00","og_image":[{"width":1902,"height":2375,"url":"https:\/\/www.ebp.be\/wp-content\/uploads\/2025\/02\/photo-EBP-24.07.jpg","type":"image\/jpeg"}],"twitter_card":"summary_large_image","twitter_misc":{"Geschatte leestijd":"2 minuten"},"schema":{"@context":"https:\/\/schema.org","@graph":[{"@type":"WebPage","@id":"https:\/\/www.ebp.be\/nl\/speakers\/berenice-wathelet\/","url":"https:\/\/www.ebp.be\/nl\/speakers\/berenice-wathelet\/","name":"Spreker Be\u0301re\u0301nice Wathelet - EBP Website","isPartOf":{"@id":"https:\/\/www.ebp.be\/nl\/#website"},"primaryImageOfPage":{"@id":"https:\/\/www.ebp.be\/nl\/speakers\/berenice-wathelet\/#primaryimage"},"image":{"@id":"https:\/\/www.ebp.be\/nl\/speakers\/berenice-wathelet\/#primaryimage"},"thumbnailUrl":"https:\/\/www.ebp.be\/wp-content\/uploads\/2025\/02\/photo-EBP-24.07.jpg","datePublished":"2025-02-24T12:17:06+00:00","dateModified":"2026-04-30T12:20:02+00:00","breadcrumb":{"@id":"https:\/\/www.ebp.be\/nl\/speakers\/berenice-wathelet\/#breadcrumb"},"inLanguage":"nl-NL","potentialAction":[{"@type":"ReadAction","target":["https:\/\/www.ebp.be\/nl\/speakers\/berenice-wathelet\/"]}]},{"@type":"ImageObject","inLanguage":"nl-NL","@id":"https:\/\/www.ebp.be\/nl\/speakers\/berenice-wathelet\/#primaryimage","url":"https:\/\/www.ebp.be\/wp-content\/uploads\/2025\/02\/photo-EBP-24.07.jpg","contentUrl":"https:\/\/www.ebp.be\/wp-content\/uploads\/2025\/02\/photo-EBP-24.07.jpg","width":1902,"height":2375},{"@type":"BreadcrumbList","@id":"https:\/\/www.ebp.be\/nl\/speakers\/berenice-wathelet\/#breadcrumb","itemListElement":[{"@type":"ListItem","position":1,"name":"Home","item":"https:\/\/www.ebp.be\/nl\/"},{"@type":"ListItem","position":2,"name":"Be\u0301re\u0301nice Wathelet"}]},{"@type":"WebSite","@id":"https:\/\/www.ebp.be\/nl\/#website","url":"https:\/\/www.ebp.be\/nl\/","name":"EBP Website","description":"","publisher":{"@id":"https:\/\/www.ebp.be\/nl\/#organization"},"potentialAction":[{"@type":"SearchAction","target":{"@type":"EntryPoint","urlTemplate":"https:\/\/www.ebp.be\/nl\/?s={search_term_string}"},"query-input":{"@type":"PropertyValueSpecification","valueRequired":true,"valueName":"search_term_string"}}],"inLanguage":"nl-NL"},{"@type":"Organization","@id":"https:\/\/www.ebp.be\/nl\/#organization","name":"EBP Website","url":"https:\/\/www.ebp.be\/nl\/","logo":{"@type":"ImageObject","inLanguage":"nl-NL","@id":"https:\/\/www.ebp.be\/nl\/#\/schema\/logo\/image\/","url":"https:\/\/www.ebp.be\/wp-content\/uploads\/2025\/02\/EBP_2024_CMYK_500x500.png","contentUrl":"https:\/\/www.ebp.be\/wp-content\/uploads\/2025\/02\/EBP_2024_CMYK_500x500.png","width":500,"height":500,"caption":"EBP Website"},"image":{"@id":"https:\/\/www.ebp.be\/nl\/#\/schema\/logo\/image\/"}}]}},"_links":{"self":[{"href":"https:\/\/www.ebp.be\/nl\/wp-json\/wp\/v2\/speakers\/13775","targetHints":{"allow":["GET"]}}],"collection":[{"href":"https:\/\/www.ebp.be\/nl\/wp-json\/wp\/v2\/speakers"}],"about":[{"href":"https:\/\/www.ebp.be\/nl\/wp-json\/wp\/v2\/types\/speakers"}],"version-history":[{"count":3,"href":"https:\/\/www.ebp.be\/nl\/wp-json\/wp\/v2\/speakers\/13775\/revisions"}],"predecessor-version":[{"id":33758,"href":"https:\/\/www.ebp.be\/nl\/wp-json\/wp\/v2\/speakers\/13775\/revisions\/33758"}],"wp:featuredmedia":[{"embeddable":true,"href":"https:\/\/www.ebp.be\/nl\/wp-json\/wp\/v2\/media\/21969"}],"wp:attachment":[{"href":"https:\/\/www.ebp.be\/nl\/wp-json\/wp\/v2\/media?parent=13775"}],"wp:term":[{"taxonomy":"category","embeddable":true,"href":"https:\/\/www.ebp.be\/nl\/wp-json\/wp\/v2\/categories?post=13775"},{"taxonomy":"post_tag","embeddable":true,"href":"https:\/\/www.ebp.be\/nl\/wp-json\/wp\/v2\/tags?post=13775"}],"curies":[{"name":"wp","href":"https:\/\/api.w.org\/{rel}","templated":true}]}}