{"id":14566,"date":"2025-02-25T19:43:51","date_gmt":"2025-02-25T18:43:51","guid":{"rendered":"https:\/\/www.ebp.be\/speakers\/charles-henri-de-la-vallee-poussin\/"},"modified":"2026-04-17T13:16:53","modified_gmt":"2026-04-17T12:16:53","slug":"charles-henri-de-la-vallee-poussin","status":"publish","type":"speakers","link":"https:\/\/www.ebp.be\/nl\/speakers\/charles-henri-de-la-vallee-poussin\/","title":{"rendered":"Charles-Henri de la Vall\u00e9e Poussin"},"content":{"rendered":"\t\t<div data-elementor-type=\"wp-post\" data-elementor-id=\"14566\" class=\"elementor elementor-14566 elementor-14510\" data-elementor-post-type=\"speakers\">\n\t\t\t\t<div class=\"elementor-element elementor-element-5570ad1f e-flex e-con-boxed e-con e-parent\" data-id=\"5570ad1f\" data-element_type=\"container\" data-e-type=\"container\">\n\t\t\t\t\t<div class=\"e-con-inner\">\n\t\t\t\t<div class=\"elementor-element elementor-element-19cb92c5 elementor-widget elementor-widget-text-editor\" data-id=\"19cb92c5\" data-element_type=\"widget\" data-e-type=\"widget\" data-widget_type=\"text-editor.default\">\n\t\t\t\t<div class=\"elementor-widget-container\">\n\t\t\t\t\t\t\t\t\t<p>Charles-Henri de La Vall\u00e9e Poussin est avocat au barreau de Bruxelles et associ\u00e9 au sein du cabinet eMotio.law o\u00f9 il dirige la pratique March\u00e9s publics, Concessions et PPP.<\/p><p>Il est d\u00e9tenteur du titre de sp\u00e9cialiste en droit des march\u00e9s publics depuis 2021. Dans sa pratique quotidienne du droit de la commande publique, Charles-Henri conseille et repr\u00e9sente des entreprises et des adjudicateurs, tant dans la phase de passation que dans la phase d\u2019ex\u00e9cution.<\/p><p>Charles-Henri est l\u2019auteur de plusieurs publications relatives au droit march\u00e9s publics. Il dispense \u00e9galement de nombreuses formations dans ce domaine, qui sont reconnues pour leur clart\u00e9 et leur dynamisme.<\/p>\t\t\t\t\t\t\t\t<\/div>\n\t\t\t\t<\/div>\n\t\t\t\t\t<\/div>\n\t\t\t\t<\/div>\n\t\t\t\t<\/div>\n\t\t","protected":false},"excerpt":{"rendered":"<p>Avocat, eMotio Law<\/p>\n","protected":false},"featured_media":15437,"template":"","categories":[170,161,139],"tags":[],"class_list":["post-14566","speakers","type-speakers","status-publish","has-post-thumbnail","hentry","category-2023-ntd-nl","category-2024-ntd-nl","category-sprekers-2"],"acf":[],"yoast_head":"<!-- This site is optimized with the Yoast SEO plugin v27.4 - https:\/\/yoast.com\/product\/yoast-seo-wordpress\/ -->\n<title>Charles-Henri de la Vall\u00e9e Poussin - EBP Website<\/title>\n<meta name=\"robots\" content=\"index, follow, max-snippet:-1, max-image-preview:large, max-video-preview:-1\" \/>\n<link rel=\"canonical\" href=\"https:\/\/www.ebp.be\/nl\/speakers\/charles-henri-de-la-vallee-poussin\/\" \/>\n<meta property=\"og:locale\" content=\"nl_NL\" \/>\n<meta property=\"og:type\" content=\"article\" \/>\n<meta property=\"og:title\" content=\"Charles-Henri de la Vall\u00e9e Poussin - EBP Website\" \/>\n<meta property=\"og:description\" content=\"Avocat, eMotio Law\" \/>\n<meta property=\"og:url\" content=\"https:\/\/www.ebp.be\/nl\/speakers\/charles-henri-de-la-vallee-poussin\/\" \/>\n<meta property=\"og:site_name\" content=\"EBP Website\" \/>\n<meta property=\"article:modified_time\" content=\"2026-04-17T12:16:53+00:00\" \/>\n<meta property=\"og:image\" content=\"https:\/\/www.ebp.be\/wp-content\/uploads\/2025\/02\/Charles-Henri-de-La-Vallee-Poussin_2024_round.png\" \/>\n\t<meta property=\"og:image:width\" content=\"598\" \/>\n\t<meta property=\"og:image:height\" content=\"598\" \/>\n\t<meta property=\"og:image:type\" content=\"image\/png\" \/>\n<meta name=\"twitter:card\" content=\"summary_large_image\" \/>\n<meta name=\"twitter:label1\" content=\"Geschatte leestijd\" \/>\n\t<meta name=\"twitter:data1\" content=\"1 minuut\" \/>\n<script type=\"application\/ld+json\" class=\"yoast-schema-graph\">{\"@context\":\"https:\\\/\\\/schema.org\",\"@graph\":[{\"@type\":\"WebPage\",\"@id\":\"https:\\\/\\\/www.ebp.be\\\/nl\\\/speakers\\\/charles-henri-de-la-vallee-poussin\\\/\",\"url\":\"https:\\\/\\\/www.ebp.be\\\/nl\\\/speakers\\\/charles-henri-de-la-vallee-poussin\\\/\",\"name\":\"Charles-Henri de la Vall\u00e9e Poussin - EBP Website\",\"isPartOf\":{\"@id\":\"https:\\\/\\\/www.ebp.be\\\/nl\\\/#website\"},\"primaryImageOfPage\":{\"@id\":\"https:\\\/\\\/www.ebp.be\\\/nl\\\/speakers\\\/charles-henri-de-la-vallee-poussin\\\/#primaryimage\"},\"image\":{\"@id\":\"https:\\\/\\\/www.ebp.be\\\/nl\\\/speakers\\\/charles-henri-de-la-vallee-poussin\\\/#primaryimage\"},\"thumbnailUrl\":\"https:\\\/\\\/www.ebp.be\\\/wp-content\\\/uploads\\\/2025\\\/02\\\/Charles-Henri-de-La-Vallee-Poussin_2024_round.png\",\"datePublished\":\"2025-02-25T18:43:51+00:00\",\"dateModified\":\"2026-04-17T12:16:53+00:00\",\"breadcrumb\":{\"@id\":\"https:\\\/\\\/www.ebp.be\\\/nl\\\/speakers\\\/charles-henri-de-la-vallee-poussin\\\/#breadcrumb\"},\"inLanguage\":\"nl-NL\",\"potentialAction\":[{\"@type\":\"ReadAction\",\"target\":[\"https:\\\/\\\/www.ebp.be\\\/nl\\\/speakers\\\/charles-henri-de-la-vallee-poussin\\\/\"]}]},{\"@type\":\"ImageObject\",\"inLanguage\":\"nl-NL\",\"@id\":\"https:\\\/\\\/www.ebp.be\\\/nl\\\/speakers\\\/charles-henri-de-la-vallee-poussin\\\/#primaryimage\",\"url\":\"https:\\\/\\\/www.ebp.be\\\/wp-content\\\/uploads\\\/2025\\\/02\\\/Charles-Henri-de-La-Vallee-Poussin_2024_round.png\",\"contentUrl\":\"https:\\\/\\\/www.ebp.be\\\/wp-content\\\/uploads\\\/2025\\\/02\\\/Charles-Henri-de-La-Vallee-Poussin_2024_round.png\",\"width\":598,\"height\":598},{\"@type\":\"BreadcrumbList\",\"@id\":\"https:\\\/\\\/www.ebp.be\\\/nl\\\/speakers\\\/charles-henri-de-la-vallee-poussin\\\/#breadcrumb\",\"itemListElement\":[{\"@type\":\"ListItem\",\"position\":1,\"name\":\"Home\",\"item\":\"https:\\\/\\\/www.ebp.be\\\/nl\\\/\"},{\"@type\":\"ListItem\",\"position\":2,\"name\":\"Charles-Henri de la Vall\u00e9e Poussin\"}]},{\"@type\":\"WebSite\",\"@id\":\"https:\\\/\\\/www.ebp.be\\\/nl\\\/#website\",\"url\":\"https:\\\/\\\/www.ebp.be\\\/nl\\\/\",\"name\":\"EBP Website\",\"description\":\"\",\"publisher\":{\"@id\":\"https:\\\/\\\/www.ebp.be\\\/nl\\\/#organization\"},\"potentialAction\":[{\"@type\":\"SearchAction\",\"target\":{\"@type\":\"EntryPoint\",\"urlTemplate\":\"https:\\\/\\\/www.ebp.be\\\/nl\\\/?s={search_term_string}\"},\"query-input\":{\"@type\":\"PropertyValueSpecification\",\"valueRequired\":true,\"valueName\":\"search_term_string\"}}],\"inLanguage\":\"nl-NL\"},{\"@type\":\"Organization\",\"@id\":\"https:\\\/\\\/www.ebp.be\\\/nl\\\/#organization\",\"name\":\"EBP Website\",\"url\":\"https:\\\/\\\/www.ebp.be\\\/nl\\\/\",\"logo\":{\"@type\":\"ImageObject\",\"inLanguage\":\"nl-NL\",\"@id\":\"https:\\\/\\\/www.ebp.be\\\/nl\\\/#\\\/schema\\\/logo\\\/image\\\/\",\"url\":\"https:\\\/\\\/www.ebp.be\\\/wp-content\\\/uploads\\\/2025\\\/02\\\/EBP_2024_CMYK_500x500.png\",\"contentUrl\":\"https:\\\/\\\/www.ebp.be\\\/wp-content\\\/uploads\\\/2025\\\/02\\\/EBP_2024_CMYK_500x500.png\",\"width\":500,\"height\":500,\"caption\":\"EBP Website\"},\"image\":{\"@id\":\"https:\\\/\\\/www.ebp.be\\\/nl\\\/#\\\/schema\\\/logo\\\/image\\\/\"}}]}<\/script>\n<!-- \/ Yoast SEO plugin. -->","yoast_head_json":{"title":"Charles-Henri de la Vall\u00e9e Poussin - EBP Website","robots":{"index":"index","follow":"follow","max-snippet":"max-snippet:-1","max-image-preview":"max-image-preview:large","max-video-preview":"max-video-preview:-1"},"canonical":"https:\/\/www.ebp.be\/nl\/speakers\/charles-henri-de-la-vallee-poussin\/","og_locale":"nl_NL","og_type":"article","og_title":"Charles-Henri de la Vall\u00e9e Poussin - EBP Website","og_description":"Avocat, eMotio Law","og_url":"https:\/\/www.ebp.be\/nl\/speakers\/charles-henri-de-la-vallee-poussin\/","og_site_name":"EBP Website","article_modified_time":"2026-04-17T12:16:53+00:00","og_image":[{"width":598,"height":598,"url":"https:\/\/www.ebp.be\/wp-content\/uploads\/2025\/02\/Charles-Henri-de-La-Vallee-Poussin_2024_round.png","type":"image\/png"}],"twitter_card":"summary_large_image","twitter_misc":{"Geschatte leestijd":"1 minuut"},"schema":{"@context":"https:\/\/schema.org","@graph":[{"@type":"WebPage","@id":"https:\/\/www.ebp.be\/nl\/speakers\/charles-henri-de-la-vallee-poussin\/","url":"https:\/\/www.ebp.be\/nl\/speakers\/charles-henri-de-la-vallee-poussin\/","name":"Charles-Henri de la Vall\u00e9e Poussin - EBP Website","isPartOf":{"@id":"https:\/\/www.ebp.be\/nl\/#website"},"primaryImageOfPage":{"@id":"https:\/\/www.ebp.be\/nl\/speakers\/charles-henri-de-la-vallee-poussin\/#primaryimage"},"image":{"@id":"https:\/\/www.ebp.be\/nl\/speakers\/charles-henri-de-la-vallee-poussin\/#primaryimage"},"thumbnailUrl":"https:\/\/www.ebp.be\/wp-content\/uploads\/2025\/02\/Charles-Henri-de-La-Vallee-Poussin_2024_round.png","datePublished":"2025-02-25T18:43:51+00:00","dateModified":"2026-04-17T12:16:53+00:00","breadcrumb":{"@id":"https:\/\/www.ebp.be\/nl\/speakers\/charles-henri-de-la-vallee-poussin\/#breadcrumb"},"inLanguage":"nl-NL","potentialAction":[{"@type":"ReadAction","target":["https:\/\/www.ebp.be\/nl\/speakers\/charles-henri-de-la-vallee-poussin\/"]}]},{"@type":"ImageObject","inLanguage":"nl-NL","@id":"https:\/\/www.ebp.be\/nl\/speakers\/charles-henri-de-la-vallee-poussin\/#primaryimage","url":"https:\/\/www.ebp.be\/wp-content\/uploads\/2025\/02\/Charles-Henri-de-La-Vallee-Poussin_2024_round.png","contentUrl":"https:\/\/www.ebp.be\/wp-content\/uploads\/2025\/02\/Charles-Henri-de-La-Vallee-Poussin_2024_round.png","width":598,"height":598},{"@type":"BreadcrumbList","@id":"https:\/\/www.ebp.be\/nl\/speakers\/charles-henri-de-la-vallee-poussin\/#breadcrumb","itemListElement":[{"@type":"ListItem","position":1,"name":"Home","item":"https:\/\/www.ebp.be\/nl\/"},{"@type":"ListItem","position":2,"name":"Charles-Henri de la Vall\u00e9e Poussin"}]},{"@type":"WebSite","@id":"https:\/\/www.ebp.be\/nl\/#website","url":"https:\/\/www.ebp.be\/nl\/","name":"EBP Website","description":"","publisher":{"@id":"https:\/\/www.ebp.be\/nl\/#organization"},"potentialAction":[{"@type":"SearchAction","target":{"@type":"EntryPoint","urlTemplate":"https:\/\/www.ebp.be\/nl\/?s={search_term_string}"},"query-input":{"@type":"PropertyValueSpecification","valueRequired":true,"valueName":"search_term_string"}}],"inLanguage":"nl-NL"},{"@type":"Organization","@id":"https:\/\/www.ebp.be\/nl\/#organization","name":"EBP Website","url":"https:\/\/www.ebp.be\/nl\/","logo":{"@type":"ImageObject","inLanguage":"nl-NL","@id":"https:\/\/www.ebp.be\/nl\/#\/schema\/logo\/image\/","url":"https:\/\/www.ebp.be\/wp-content\/uploads\/2025\/02\/EBP_2024_CMYK_500x500.png","contentUrl":"https:\/\/www.ebp.be\/wp-content\/uploads\/2025\/02\/EBP_2024_CMYK_500x500.png","width":500,"height":500,"caption":"EBP Website"},"image":{"@id":"https:\/\/www.ebp.be\/nl\/#\/schema\/logo\/image\/"}}]}},"_links":{"self":[{"href":"https:\/\/www.ebp.be\/nl\/wp-json\/wp\/v2\/speakers\/14566","targetHints":{"allow":["GET"]}}],"collection":[{"href":"https:\/\/www.ebp.be\/nl\/wp-json\/wp\/v2\/speakers"}],"about":[{"href":"https:\/\/www.ebp.be\/nl\/wp-json\/wp\/v2\/types\/speakers"}],"version-history":[{"count":3,"href":"https:\/\/www.ebp.be\/nl\/wp-json\/wp\/v2\/speakers\/14566\/revisions"}],"predecessor-version":[{"id":33649,"href":"https:\/\/www.ebp.be\/nl\/wp-json\/wp\/v2\/speakers\/14566\/revisions\/33649"}],"wp:featuredmedia":[{"embeddable":true,"href":"https:\/\/www.ebp.be\/nl\/wp-json\/wp\/v2\/media\/15437"}],"wp:attachment":[{"href":"https:\/\/www.ebp.be\/nl\/wp-json\/wp\/v2\/media?parent=14566"}],"wp:term":[{"taxonomy":"category","embeddable":true,"href":"https:\/\/www.ebp.be\/nl\/wp-json\/wp\/v2\/categories?post=14566"},{"taxonomy":"post_tag","embeddable":true,"href":"https:\/\/www.ebp.be\/nl\/wp-json\/wp\/v2\/tags?post=14566"}],"curies":[{"name":"wp","href":"https:\/\/api.w.org\/{rel}","templated":true}]}}