{"id":21606,"date":"2025-02-26T10:40:08","date_gmt":"2025-02-26T09:40:08","guid":{"rendered":"https:\/\/www.ebp.be\/speakers\/mathilde-vilain-xiiii\/"},"modified":"2026-04-17T13:09:57","modified_gmt":"2026-04-17T12:09:57","slug":"mathilde-vilain-xiiii","status":"publish","type":"speakers","link":"https:\/\/www.ebp.be\/nl\/speakers\/mathilde-vilain-xiiii\/","title":{"rendered":"Mathilde Vilain XIIII"},"content":{"rendered":"\t\t<div data-elementor-type=\"wp-post\" data-elementor-id=\"21606\" class=\"elementor elementor-21606 elementor-14819\" data-elementor-post-type=\"speakers\">\n\t\t\t\t<div class=\"elementor-element elementor-element-5570ad1f e-flex e-con-boxed e-con e-parent\" data-id=\"5570ad1f\" data-element_type=\"container\" data-e-type=\"container\">\n\t\t\t\t\t<div class=\"e-con-inner\">\n\t\t\t\t<div class=\"elementor-element elementor-element-19cb92c5 elementor-widget elementor-widget-text-editor\" data-id=\"19cb92c5\" data-element_type=\"widget\" data-e-type=\"widget\" data-widget_type=\"text-editor.default\">\n\t\t\t\t<div class=\"elementor-widget-container\">\n\t\t\t\t\t\t\t\t\t<p>Mathilde Vilain XIIII est sp\u00e9cialis\u00e9e en droit public et administratif, avec un int\u00e9r\u00eat particulier pour le droit des contrats publics (march\u00e9s publics, concessions et PPP). Elle assiste et d\u00e9fend les int\u00e9r\u00eats des entreprises et des pouvoirs publics tant au stade de la conception et de la passation des contrats publics, qu\u2019au stade de leur ex\u00e9cution. Elle est co-auteure d\u2019ouvrages et dispense de nombreux s\u00e9minaires et formations en la mati\u00e8re.  <\/p><p>Apr\u00e8s 7 ans au sein du cabinet CMS, elle a lanc\u00e9 sa propre pratique au sein du cabinet KeyLegal en janvier 2024.<\/p><blockquote><p><strong>Publications<\/strong><\/p><p>\u00ab Aux fronti\u00e8res des march\u00e9s publics. R\u00e9flexions sur les limites du champ d\u2019application de la r\u00e9glementation relative aux march\u00e9s publics \u00bb, C.-H. de La Vall\u00e9e Poussin et M. Vilain XIIII, Larcier, 2020<\/p><p>&#8220;March\u00e9s publics: la r\u00e9gularit\u00e9 des offres, V. Dor, Y. Musschebroeck, M. Vilain XIIII, F. Verhoeven en P. Abba, Wolters Kluwer, 2024.<\/p><\/blockquote>\t\t\t\t\t\t\t\t<\/div>\n\t\t\t\t<\/div>\n\t\t\t\t\t<\/div>\n\t\t\t\t<\/div>\n\t\t\t\t<\/div>\n\t\t","protected":false},"excerpt":{"rendered":"<p>Advocaat, eMotio Law<\/p>\n","protected":false},"featured_media":14825,"template":"","categories":[139],"tags":[],"class_list":["post-21606","speakers","type-speakers","status-publish","has-post-thumbnail","hentry","category-sprekers-2"],"acf":[],"yoast_head":"<!-- This site is optimized with the Yoast SEO plugin v27.4 - https:\/\/yoast.com\/product\/yoast-seo-wordpress\/ -->\n<title>Mathilde Vilain XIIII - EBP Website<\/title>\n<meta name=\"robots\" content=\"index, follow, max-snippet:-1, max-image-preview:large, max-video-preview:-1\" \/>\n<link rel=\"canonical\" href=\"https:\/\/www.ebp.be\/nl\/speakers\/mathilde-vilain-xiiii\/\" \/>\n<meta property=\"og:locale\" content=\"nl_NL\" \/>\n<meta property=\"og:type\" content=\"article\" \/>\n<meta property=\"og:title\" content=\"Mathilde Vilain XIIII - EBP Website\" \/>\n<meta property=\"og:description\" content=\"Advocaat, eMotio Law\" \/>\n<meta property=\"og:url\" content=\"https:\/\/www.ebp.be\/nl\/speakers\/mathilde-vilain-xiiii\/\" \/>\n<meta property=\"og:site_name\" content=\"EBP Website\" \/>\n<meta property=\"article:modified_time\" content=\"2026-04-17T12:09:57+00:00\" \/>\n<meta property=\"og:image\" content=\"https:\/\/www.ebp.be\/wp-content\/uploads\/2025\/02\/Mathilde-Vilain-XIIII_2023_round_web.png\" \/>\n\t<meta property=\"og:image:width\" content=\"1000\" \/>\n\t<meta property=\"og:image:height\" content=\"1000\" \/>\n\t<meta property=\"og:image:type\" content=\"image\/png\" \/>\n<meta name=\"twitter:card\" content=\"summary_large_image\" \/>\n<meta name=\"twitter:label1\" content=\"Geschatte leestijd\" \/>\n\t<meta name=\"twitter:data1\" content=\"1 minuut\" \/>\n<script type=\"application\/ld+json\" class=\"yoast-schema-graph\">{\"@context\":\"https:\\\/\\\/schema.org\",\"@graph\":[{\"@type\":\"WebPage\",\"@id\":\"https:\\\/\\\/www.ebp.be\\\/nl\\\/speakers\\\/mathilde-vilain-xiiii\\\/\",\"url\":\"https:\\\/\\\/www.ebp.be\\\/nl\\\/speakers\\\/mathilde-vilain-xiiii\\\/\",\"name\":\"Mathilde Vilain XIIII - EBP Website\",\"isPartOf\":{\"@id\":\"https:\\\/\\\/www.ebp.be\\\/nl\\\/#website\"},\"primaryImageOfPage\":{\"@id\":\"https:\\\/\\\/www.ebp.be\\\/nl\\\/speakers\\\/mathilde-vilain-xiiii\\\/#primaryimage\"},\"image\":{\"@id\":\"https:\\\/\\\/www.ebp.be\\\/nl\\\/speakers\\\/mathilde-vilain-xiiii\\\/#primaryimage\"},\"thumbnailUrl\":\"https:\\\/\\\/www.ebp.be\\\/wp-content\\\/uploads\\\/2025\\\/02\\\/Mathilde-Vilain-XIIII_2023_round_web.png\",\"datePublished\":\"2025-02-26T09:40:08+00:00\",\"dateModified\":\"2026-04-17T12:09:57+00:00\",\"breadcrumb\":{\"@id\":\"https:\\\/\\\/www.ebp.be\\\/nl\\\/speakers\\\/mathilde-vilain-xiiii\\\/#breadcrumb\"},\"inLanguage\":\"nl-NL\",\"potentialAction\":[{\"@type\":\"ReadAction\",\"target\":[\"https:\\\/\\\/www.ebp.be\\\/nl\\\/speakers\\\/mathilde-vilain-xiiii\\\/\"]}]},{\"@type\":\"ImageObject\",\"inLanguage\":\"nl-NL\",\"@id\":\"https:\\\/\\\/www.ebp.be\\\/nl\\\/speakers\\\/mathilde-vilain-xiiii\\\/#primaryimage\",\"url\":\"https:\\\/\\\/www.ebp.be\\\/wp-content\\\/uploads\\\/2025\\\/02\\\/Mathilde-Vilain-XIIII_2023_round_web.png\",\"contentUrl\":\"https:\\\/\\\/www.ebp.be\\\/wp-content\\\/uploads\\\/2025\\\/02\\\/Mathilde-Vilain-XIIII_2023_round_web.png\",\"width\":1000,\"height\":1000},{\"@type\":\"BreadcrumbList\",\"@id\":\"https:\\\/\\\/www.ebp.be\\\/nl\\\/speakers\\\/mathilde-vilain-xiiii\\\/#breadcrumb\",\"itemListElement\":[{\"@type\":\"ListItem\",\"position\":1,\"name\":\"Home\",\"item\":\"https:\\\/\\\/www.ebp.be\\\/nl\\\/\"},{\"@type\":\"ListItem\",\"position\":2,\"name\":\"Mathilde Vilain XIIII\"}]},{\"@type\":\"WebSite\",\"@id\":\"https:\\\/\\\/www.ebp.be\\\/nl\\\/#website\",\"url\":\"https:\\\/\\\/www.ebp.be\\\/nl\\\/\",\"name\":\"EBP Website\",\"description\":\"\",\"publisher\":{\"@id\":\"https:\\\/\\\/www.ebp.be\\\/nl\\\/#organization\"},\"potentialAction\":[{\"@type\":\"SearchAction\",\"target\":{\"@type\":\"EntryPoint\",\"urlTemplate\":\"https:\\\/\\\/www.ebp.be\\\/nl\\\/?s={search_term_string}\"},\"query-input\":{\"@type\":\"PropertyValueSpecification\",\"valueRequired\":true,\"valueName\":\"search_term_string\"}}],\"inLanguage\":\"nl-NL\"},{\"@type\":\"Organization\",\"@id\":\"https:\\\/\\\/www.ebp.be\\\/nl\\\/#organization\",\"name\":\"EBP Website\",\"url\":\"https:\\\/\\\/www.ebp.be\\\/nl\\\/\",\"logo\":{\"@type\":\"ImageObject\",\"inLanguage\":\"nl-NL\",\"@id\":\"https:\\\/\\\/www.ebp.be\\\/nl\\\/#\\\/schema\\\/logo\\\/image\\\/\",\"url\":\"https:\\\/\\\/www.ebp.be\\\/wp-content\\\/uploads\\\/2025\\\/02\\\/EBP_2024_CMYK_500x500.png\",\"contentUrl\":\"https:\\\/\\\/www.ebp.be\\\/wp-content\\\/uploads\\\/2025\\\/02\\\/EBP_2024_CMYK_500x500.png\",\"width\":500,\"height\":500,\"caption\":\"EBP Website\"},\"image\":{\"@id\":\"https:\\\/\\\/www.ebp.be\\\/nl\\\/#\\\/schema\\\/logo\\\/image\\\/\"}}]}<\/script>\n<!-- \/ Yoast SEO plugin. -->","yoast_head_json":{"title":"Mathilde Vilain XIIII - EBP Website","robots":{"index":"index","follow":"follow","max-snippet":"max-snippet:-1","max-image-preview":"max-image-preview:large","max-video-preview":"max-video-preview:-1"},"canonical":"https:\/\/www.ebp.be\/nl\/speakers\/mathilde-vilain-xiiii\/","og_locale":"nl_NL","og_type":"article","og_title":"Mathilde Vilain XIIII - EBP Website","og_description":"Advocaat, eMotio Law","og_url":"https:\/\/www.ebp.be\/nl\/speakers\/mathilde-vilain-xiiii\/","og_site_name":"EBP Website","article_modified_time":"2026-04-17T12:09:57+00:00","og_image":[{"width":1000,"height":1000,"url":"https:\/\/www.ebp.be\/wp-content\/uploads\/2025\/02\/Mathilde-Vilain-XIIII_2023_round_web.png","type":"image\/png"}],"twitter_card":"summary_large_image","twitter_misc":{"Geschatte leestijd":"1 minuut"},"schema":{"@context":"https:\/\/schema.org","@graph":[{"@type":"WebPage","@id":"https:\/\/www.ebp.be\/nl\/speakers\/mathilde-vilain-xiiii\/","url":"https:\/\/www.ebp.be\/nl\/speakers\/mathilde-vilain-xiiii\/","name":"Mathilde Vilain XIIII - EBP Website","isPartOf":{"@id":"https:\/\/www.ebp.be\/nl\/#website"},"primaryImageOfPage":{"@id":"https:\/\/www.ebp.be\/nl\/speakers\/mathilde-vilain-xiiii\/#primaryimage"},"image":{"@id":"https:\/\/www.ebp.be\/nl\/speakers\/mathilde-vilain-xiiii\/#primaryimage"},"thumbnailUrl":"https:\/\/www.ebp.be\/wp-content\/uploads\/2025\/02\/Mathilde-Vilain-XIIII_2023_round_web.png","datePublished":"2025-02-26T09:40:08+00:00","dateModified":"2026-04-17T12:09:57+00:00","breadcrumb":{"@id":"https:\/\/www.ebp.be\/nl\/speakers\/mathilde-vilain-xiiii\/#breadcrumb"},"inLanguage":"nl-NL","potentialAction":[{"@type":"ReadAction","target":["https:\/\/www.ebp.be\/nl\/speakers\/mathilde-vilain-xiiii\/"]}]},{"@type":"ImageObject","inLanguage":"nl-NL","@id":"https:\/\/www.ebp.be\/nl\/speakers\/mathilde-vilain-xiiii\/#primaryimage","url":"https:\/\/www.ebp.be\/wp-content\/uploads\/2025\/02\/Mathilde-Vilain-XIIII_2023_round_web.png","contentUrl":"https:\/\/www.ebp.be\/wp-content\/uploads\/2025\/02\/Mathilde-Vilain-XIIII_2023_round_web.png","width":1000,"height":1000},{"@type":"BreadcrumbList","@id":"https:\/\/www.ebp.be\/nl\/speakers\/mathilde-vilain-xiiii\/#breadcrumb","itemListElement":[{"@type":"ListItem","position":1,"name":"Home","item":"https:\/\/www.ebp.be\/nl\/"},{"@type":"ListItem","position":2,"name":"Mathilde Vilain XIIII"}]},{"@type":"WebSite","@id":"https:\/\/www.ebp.be\/nl\/#website","url":"https:\/\/www.ebp.be\/nl\/","name":"EBP Website","description":"","publisher":{"@id":"https:\/\/www.ebp.be\/nl\/#organization"},"potentialAction":[{"@type":"SearchAction","target":{"@type":"EntryPoint","urlTemplate":"https:\/\/www.ebp.be\/nl\/?s={search_term_string}"},"query-input":{"@type":"PropertyValueSpecification","valueRequired":true,"valueName":"search_term_string"}}],"inLanguage":"nl-NL"},{"@type":"Organization","@id":"https:\/\/www.ebp.be\/nl\/#organization","name":"EBP Website","url":"https:\/\/www.ebp.be\/nl\/","logo":{"@type":"ImageObject","inLanguage":"nl-NL","@id":"https:\/\/www.ebp.be\/nl\/#\/schema\/logo\/image\/","url":"https:\/\/www.ebp.be\/wp-content\/uploads\/2025\/02\/EBP_2024_CMYK_500x500.png","contentUrl":"https:\/\/www.ebp.be\/wp-content\/uploads\/2025\/02\/EBP_2024_CMYK_500x500.png","width":500,"height":500,"caption":"EBP Website"},"image":{"@id":"https:\/\/www.ebp.be\/nl\/#\/schema\/logo\/image\/"}}]}},"_links":{"self":[{"href":"https:\/\/www.ebp.be\/nl\/wp-json\/wp\/v2\/speakers\/21606","targetHints":{"allow":["GET"]}}],"collection":[{"href":"https:\/\/www.ebp.be\/nl\/wp-json\/wp\/v2\/speakers"}],"about":[{"href":"https:\/\/www.ebp.be\/nl\/wp-json\/wp\/v2\/types\/speakers"}],"version-history":[{"count":3,"href":"https:\/\/www.ebp.be\/nl\/wp-json\/wp\/v2\/speakers\/21606\/revisions"}],"predecessor-version":[{"id":33589,"href":"https:\/\/www.ebp.be\/nl\/wp-json\/wp\/v2\/speakers\/21606\/revisions\/33589"}],"wp:featuredmedia":[{"embeddable":true,"href":"https:\/\/www.ebp.be\/nl\/wp-json\/wp\/v2\/media\/14825"}],"wp:attachment":[{"href":"https:\/\/www.ebp.be\/nl\/wp-json\/wp\/v2\/media?parent=21606"}],"wp:term":[{"taxonomy":"category","embeddable":true,"href":"https:\/\/www.ebp.be\/nl\/wp-json\/wp\/v2\/categories?post=21606"},{"taxonomy":"post_tag","embeddable":true,"href":"https:\/\/www.ebp.be\/nl\/wp-json\/wp\/v2\/tags?post=21606"}],"curies":[{"name":"wp","href":"https:\/\/api.w.org\/{rel}","templated":true}]}}